{"id":507,"date":"2017-12-20T14:37:35","date_gmt":"2017-12-20T19:37:35","guid":{"rendered":"http:\/\/compositemtl.ca\/?post_type=portfolio&#038;p=507"},"modified":"2021-01-13T23:56:03","modified_gmt":"2021-01-14T04:56:03","slug":"composite-10","status":"publish","type":"portfolio","link":"https:\/\/compositemtl.ca\/en\/portfolio\/composite-10\/","title":{"rendered":"COMPOSITE #10"},"content":{"rendered":"<div class=\"vc-row-container container\"><div class=\"vc_row wpb_row vc_row-fluid\"><div class=\"wpb_column vc_column_container vc_col-sm-2\"><div class=\"vc_column-inner\"><div class=\"wpb_wrapper\">\n\t<div  class=\"wpb_single_image wpb_content_element vc_align_left\">\n\t\t\n\t\t<figure class=\"wpb_wrapper vc_figure\">\n\t\t\t<a href=\"http:\/\/www.chromatic.ca\" target=\"_blank\" class=\"vc_single_image-wrapper   vc_box_border_grey\"><img width=\"75\" height=\"75\" src=\"https:\/\/compositemtl.ca\/wp-content\/uploads\/2017\/12\/logo_chromatic-1.png\" class=\"vc_single_image-img attachment-full\" alt=\"\" loading=\"lazy\" title=\"Chromatic\" \/><\/a>\n\t\t<\/figure>\n\t<\/div>\n<\/div><\/div><\/div><div class=\"wpb_column vc_column_container vc_col-sm-10\"><div class=\"vc_column-inner\"><div class=\"wpb_wrapper\">\n\t<div class=\"wpb_text_column wpb_content_element  post-formatting\" >\n\t\t<div class=\"wpb_wrapper\">\n\t\t\t<p><strong>\u00c0 propos de l&rsquo;organisme organisateur :<\/strong> Une exp\u00e9rience orchestr\u00e9e par CHROMATIC, c\u2019est de l\u2019art qui r\u00e9sonne au coeur d\u2019\u00e9v\u00e9nements festifs et f\u00e9d\u00e9rateurs. Cr\u00e9\u00e9 en 2009 par MASSIVart, CHROMATIC est avant tout un g\u00e9n\u00e9rateur d&rsquo;exp\u00e9riences culturelles. Qu\u2019ils soient visuels, sonores, ou digitaux, l&rsquo;organisme c\u00e9l\u00e8bre les arts sous toutes leurs formes en laissant libre court \u00e0 la sensibilit\u00e9 et aux interpr\u00e9tations de chacun. Toute l\u2019ann\u00e9e, l\u2019\u00e9quipe d\u00e9ploie une s\u00e9rie de rendez-vous qui promeuvent les talents cr\u00e9atifs locaux et internationaux afin de faire d\u00e9couvrir ou re-d\u00e9couvrir de nouvelles pratiques artistiques. Chaque printemps, l&rsquo;effervescence atteint son apog\u00e9e au coeur d\u2019un festival multidisciplinaire o\u00f9 plus d\u2019une cinquantaine d\u2019artistes et cr\u00e9ateurs exposent leurs oeuvres destin\u00e9es \u00e0 un large public.<\/p>\n\n\t\t<\/div>\n\t<\/div>\n<\/div><\/div><\/div><\/div><\/div><div class=\"vc-row-container container\"><div class=\"vc_row wpb_row vc_row-fluid\"><div class=\"wpb_column vc_column_container vc_col-sm-2\"><div class=\"vc_column-inner\"><div class=\"wpb_wrapper\">\n\t<div  class=\"wpb_single_image wpb_content_element vc_align_left\">\n\t\t\n\t\t<figure class=\"wpb_wrapper vc_figure\">\n\t\t\t<a href=\"http:\/\/www.infopresse.com\" target=\"_blank\" class=\"vc_single_image-wrapper   vc_box_border_grey\"><img width=\"75\" height=\"75\" src=\"https:\/\/compositemtl.ca\/wp-content\/uploads\/2017\/12\/logo_infopresse.png\" class=\"vc_single_image-img attachment-full\" alt=\"\" loading=\"lazy\" title=\"Infopresse\" \/><\/a>\n\t\t<\/figure>\n\t<\/div>\n<\/div><\/div><\/div><div class=\"wpb_column vc_column_container vc_col-sm-10\"><div class=\"vc_column-inner\"><div class=\"wpb_wrapper\">\n\t<div class=\"wpb_text_column wpb_content_element  post-formatting\" >\n\t\t<div class=\"wpb_wrapper\">\n\t\t\t<p><strong>\u00c0 propos de l&rsquo;organisme h\u00f4te :<\/strong> Le Groupe INFOPRESSE est le premier groupe m\u00e9dia sp\u00e9cialis\u00e9 en communication au Qu\u00e9bec. Parmi ses nombreuses activit\u00e9s, l\u2019entreprise publie le magazine mensuel INFOPRESSE, plusieurs guides annuels et des livres, en plus d\u2019organiser des conf\u00e9rences, formations et concours destin\u00e9s aux professionnels des communications, du design, du marketing et des m\u00e9dias. Le Groupe INFOPRESSE regroupe \u00e9galement de multiples sites web d\u2019information, diffuse des infolettres sp\u00e9cialis\u00e9es et produit des \u00e9missions de t\u00e9l\u00e9vi\u00adsion.<\/p>\n\n\t\t<\/div>\n\t<\/div>\n<\/div><\/div><\/div><\/div><\/div><div class=\"vc-row-container container\"><div class=\"vc_row wpb_row vc_row-fluid\"><div class=\"wpb_column vc_column_container vc_col-sm-12\"><div class=\"vc_column-inner\"><div class=\"wpb_wrapper\"><div class=\"vc_tta-container\" data-vc-action=\"collapse\"><div class=\"vc_general vc_tta vc_tta-accordion vc_tta-color-grey vc_tta-style-theme-styled vc_tta-shape-rounded vc_tta-o-shape-group vc_tta-controls-align-left\"><div class=\"vc_tta-panels-container\"><div class=\"vc_tta-panels\"><div class=\"vc_tta-panel vc_active\" id=\"1513623887590-f973b333-8eff\" data-vc-content=\".vc_tta-panel-body\"><div class=\"vc_tta-panel-heading\"><h4 class=\"vc_tta-panel-title vc_tta-controls-icon-position-left\"><a href=\"#1513623887590-f973b333-8eff\" data-vc-accordion data-vc-container=\".vc_tta-container\"><span class=\"vc_tta-title-text\">GNOG - Samuel Boucher<\/span><i class=\"vc_tta-controls-icon vc_tta-controls-icon-plus\"><\/i><\/a><\/h4><\/div><div class=\"vc_tta-panel-body\">\n\t<div class=\"wpb_text_column wpb_content_element  post-formatting\" >\n\t\t<div class=\"wpb_wrapper\">\n\t\t\t<p>Samuel Boucher est un artiste de Montr\u00e9al cr\u00e9ateur de jeux et fascin\u00e9 par le m\u00e9dium de l&rsquo;interactivit\u00e9 et par les univers virtuels \u00e9tranges.<\/p>\n<p>GNOG est un jeu de puzzle disponible sur Playstation VR et autres plateformes. Dans GNOG, nous explorons un univers de grosse t\u00eates ressemblant \u00e0 des dioramas et o\u00f9 nous devons interagir avec ces t\u00eates pour d\u00e9couvrir des secrets et ainsi r\u00e9soudre des puzzles.<\/p>\n\n\t\t<\/div>\n\t<\/div>\n<div class=\"vc_row wpb_row vc_inner vc_row-fluid\"><div class=\"wpb_column vc_column_container vc_col-sm-4\"><div class=\"vc_column-inner\"><div class=\"wpb_wrapper\">\n\t<div class=\"wpb_text_column wpb_content_element  post-formatting\" >\n\t\t<div class=\"wpb_wrapper\">\n\t\t\t<p><span class=\"vc_icon_element-icon fa fa-facebook-square\"> &#8211; <a href=\"http:\/\/www.facebook.com\/koopmode\/\" target=\"_blank\" rel=\"noopener\">KO_OP<\/a><\/span><\/p>\n\n\t\t<\/div>\n\t<\/div>\n<\/div><\/div><\/div><div class=\"wpb_column vc_column_container vc_col-sm-4\"><div class=\"vc_column-inner\"><div class=\"wpb_wrapper\">\n\t<div class=\"wpb_text_column wpb_content_element  post-formatting\" >\n\t\t<div class=\"wpb_wrapper\">\n\t\t\t<p><span class=\"vc_icon_element-icon fa fa-youtube-play\"> &#8211;<\/span> <a href=\"https:\/\/www.youtube.com\/watch?v=tNyaYZh39z8\" target=\"blank\" rel=\"noopener\">www.youtube.com\/watch?v=tNyaYZh39z8<\/a><\/p>\n\n\t\t<\/div>\n\t<\/div>\n<\/div><\/div><\/div><div class=\"wpb_column vc_column_container vc_col-sm-4\"><div class=\"vc_column-inner\"><div class=\"wpb_wrapper\">\n\t<div class=\"wpb_text_column wpb_content_element  post-formatting\" >\n\t\t<div class=\"wpb_wrapper\">\n\t\t\t<p><span class=\"vc_icon_element-icon fa fa-at\"> &#8211;<\/span> <a href=\"mailto:monsieureureka@gmail.com\">monsieureureka@gmail.com<\/a><\/p>\n\n\t\t<\/div>\n\t<\/div>\n<\/div><\/div><\/div><\/div><\/div><\/div><div class=\"vc_tta-panel\" id=\"1513623887614-32a56e16-aabd\" data-vc-content=\".vc_tta-panel-body\"><div class=\"vc_tta-panel-heading\"><h4 class=\"vc_tta-panel-title vc_tta-controls-icon-position-left\"><a href=\"#1513623887614-32a56e16-aabd\" data-vc-accordion data-vc-container=\".vc_tta-container\"><span class=\"vc_tta-title-text\">MAGN\u00c9TO - Zo\u00e9 Gagnon<\/span><i class=\"vc_tta-controls-icon vc_tta-controls-icon-plus\"><\/i><\/a><\/h4><\/div><div class=\"vc_tta-panel-body\">\n\t<div class=\"wpb_text_column wpb_content_element  post-formatting\" >\n\t\t<div class=\"wpb_wrapper\">\n\t\t\t<p>Magn\u00e9to est un jeune OSBL culturel et d&rsquo;\u00e9conomie sociale, dont la mission est de d\u00e9velopper la cr\u00e9ation en format podcast et de faire rayonner la culture par l&rsquo;audionum\u00e9rique.<\/p>\n<p>Magn\u00e9to a un projet de cr\u00e9ation de po\u00e9sie audionum\u00e9rique avec la Maison de la Po\u00e9sie et une entente avec la Soci\u00e9t\u00e9 de Transport de Montr\u00e9al pour qu&rsquo;ils diffusent les cr\u00e9ations. Exp\u00e9rience ludique et num\u00e9rique de d\u00e9couverte de po\u00e8mes dans l&rsquo;espace public, Po\u00e9sieGO! a vu le jour \u00e0 l&rsquo;automne 2017. Magn\u00e9to a de plus un projet de parcours sonore audio-guid\u00e9 dans C\u00f4te-des-Neiges, et plusieurs autres projets de mini-s\u00e9ries audio en cours ou r\u00e9alis\u00e9s.<\/p>\n<p>Enfin, Magn\u00e9to a re\u00e7u un soutien financier du Conseil des arts du Canada pour Grand Nord, un projet \u00e0 grand d\u00e9ploiement comprenant la cr\u00e9ation d&rsquo;une s\u00e9rie audio qui sera port\u00e9e sur sc\u00e8ne au th\u00e9\u00e2tre et qui invite au dialogue des artistes autochtones du grand nord canadien.<\/p>\n\n\t\t<\/div>\n\t<\/div>\n<div class=\"vc_row wpb_row vc_inner vc_row-fluid\"><div class=\"wpb_column vc_column_container vc_col-sm-6\"><div class=\"vc_column-inner\"><div class=\"wpb_wrapper\">\n\t<div class=\"wpb_text_column wpb_content_element  post-formatting\" >\n\t\t<div class=\"wpb_wrapper\">\n\t\t\t<p><span class=\"vc_icon_element-icon fa fa-desktop\"> &#8211;<\/span> <a href=\"http:\/\/www.magnetobalado.com\/\" target=\"_blank\" rel=\"noopener\">www.magnetobalado.com<\/a><\/p>\n\n\t\t<\/div>\n\t<\/div>\n<\/div><\/div><\/div><div class=\"wpb_column vc_column_container vc_col-sm-6\"><div class=\"vc_column-inner\"><div class=\"wpb_wrapper\">\n\t<div class=\"wpb_text_column wpb_content_element  post-formatting\" >\n\t\t<div class=\"wpb_wrapper\">\n\t\t\t<p><span class=\"vc_icon_element-icon fa fa-facebook-square\"> &#8211;<\/span> <a href=\"http:\/\/www.facebook.com\/magnetobalado\" target=\"_blank\" rel=\"noopener\">www.facebook.com\/magnetobalado<\/a><\/p>\n\n\t\t<\/div>\n\t<\/div>\n<\/div><\/div><\/div><\/div><\/div><\/div><div class=\"vc_tta-panel\" id=\"1513623972814-f6f62667-289a\" data-vc-content=\".vc_tta-panel-body\"><div class=\"vc_tta-panel-heading\"><h4 class=\"vc_tta-panel-title vc_tta-controls-icon-position-left\"><a href=\"#1513623972814-f6f62667-289a\" data-vc-accordion data-vc-container=\".vc_tta-container\"><span class=\"vc_tta-title-text\">LES TROIS GR\u00c2CES - JF Malouin<\/span><i class=\"vc_tta-controls-icon vc_tta-controls-icon-plus\"><\/i><\/a><\/h4><\/div><div class=\"vc_tta-panel-body\">\n\t<div class=\"wpb_text_column wpb_content_element  post-formatting\" >\n\t\t<div class=\"wpb_wrapper\">\n\t\t\t<p><em>Les Trois Gr\u00e2ces<\/em> est une \u0153uvre immersive simulant la pr\u00e9sence et la corporalit\u00e9 en r\u00e9alit\u00e9 virtuelle. Trois femmes hyperr\u00e9alistes nous fixent du regard pendant que nous d\u00e9ambulons autour d\u2019elles, faisant l\u2019exp\u00e9rience de leur pr\u00e9sence. Avan\u00e7ant vers elles, la transgression d\u2019une intimit\u00e9 se ressent \u00e0 chaque pas. Ce trouble atteint son comble alors qu\u2019on touche ces corps et qu\u2019on en saisit les membres pour les faire bouger (jusqu\u2019\u00e0 ce que les Gr\u00e2ces nous retirent tout contr\u00f4le). <em>Les Trois Gr\u00e2ces<\/em> expose le ressenti primal li\u00e9 \u00e0 la territorialit\u00e9 la plus primaire, celle du corps, et les relations de pouvoir qui sous-tendent cette micro-territorialit\u00e9 aux fronti\u00e8res d\u00e9finies, mais sujettes \u00e0 la domination du plus affordant. Cette \u0153uvre provoque en nous des r\u00e9flexions et \u00e9motions \u00ab incorpor\u00e9es \u00bb, inscrites dans notre mani\u00e8re d\u2019\u00eatre, soi-m\u00eame, un corps.<\/p>\n\n\t\t<\/div>\n\t<\/div>\n<div class=\"vc_row wpb_row vc_inner vc_row-fluid\"><div class=\"wpb_column vc_column_container vc_col-sm-4\"><div class=\"vc_column-inner\"><div class=\"wpb_wrapper\">\n\t<div class=\"wpb_text_column wpb_content_element  post-formatting\" >\n\t\t<div class=\"wpb_wrapper\">\n\t\t\t<p><span class=\"vc_icon_element-icon fa fa-desktop\"> &#8211;<\/span> <a href=\"http:\/\/www.momentum-rd.com\/art--recherche-creation.html\" target=\"blank\" rel=\"noopener\">www.momentum-rd.com\/art&#8211;recherche-creation.html<\/a><a href=\"https:\/\/www.facebook.com\/yotiste\" target=\"blank\" rel=\"noopener\"><\/p>\n\n\t\t<\/div>\n\t<\/div>\n<\/div><\/div><\/div><div class=\"wpb_column vc_column_container vc_col-sm-4\"><div class=\"vc_column-inner\"><div class=\"wpb_wrapper\">\n\t<div class=\"wpb_text_column wpb_content_element  post-formatting\" >\n\t\t<div class=\"wpb_wrapper\">\n\t\t\t<p><span class=\"vc_icon_element-icon fa fa-youtube-play\"> &#8211;<\/span> <\/a><a href=\"https:\/\/www.youtube.com\/watch?v=I3yDHpiBbiQ&amp;amp=&amp;feature=youtu.be\" target=\"blank\" rel=\"noopener\">www.youtube.com\/watch?v=I3yDHpiBbiQ&amp;feature=youtu.be<\/a><a href=\"https:\/\/www.facebook.com\/yotiste\" target=\"blank\" rel=\"noopener\"><\/p>\n\n\t\t<\/div>\n\t<\/div>\n<\/div><\/div><\/div><div class=\"wpb_column vc_column_container vc_col-sm-4\"><div class=\"vc_column-inner\"><div class=\"wpb_wrapper\">\n\t<div class=\"wpb_text_column wpb_content_element  post-formatting\" >\n\t\t<div class=\"wpb_wrapper\">\n\t\t\t<p><span class=\"vc_icon_element-icon fa fa-at\"> &#8211;<\/span> <\/a><a href=\"mailto:colas@kngfu.com\">colas@kngfu.com<\/a><a href=\"https:\/\/www.facebook.com\/yotiste\" target=\"blank\" rel=\"noopener\"><\/p>\n\n\t\t<\/div>\n\t<\/div>\n<\/div><\/div><\/div><\/div><\/div><\/div><div class=\"vc_tta-panel\" id=\"1513623981539-48eb07fe-f251\" data-vc-content=\".vc_tta-panel-body\"><div class=\"vc_tta-panel-heading\"><h4 class=\"vc_tta-panel-title vc_tta-controls-icon-position-left\"><a href=\"#1513623981539-48eb07fe-f251\" data-vc-accordion data-vc-container=\".vc_tta-container\"><span class=\"vc_tta-title-text\">Y\u00d6TI, LE PORTRAITISTE ALGORITHMIQUE - Jean-Philippe C\u00f4t\u00e9<\/span><i class=\"vc_tta-controls-icon vc_tta-controls-icon-plus\"><\/i><\/a><\/h4><\/div><div class=\"vc_tta-panel-body\">\n\t<div class=\"wpb_text_column wpb_content_element  post-formatting\" >\n\t\t<div class=\"wpb_wrapper\">\n\t\t\t<p>Jean-Philippe C\u00f4t\u00e9 est un artiste \u00e9mergent, quoiqu\u2019un peu tardif. Ses cr\u00e9ations hybrides, teint\u00e9es de cybern\u00e9tique et souvent \u00e0 saveur prosth\u00e9tique, s\u2019int\u00e9ressent \u00e0 ce lieu o\u00f9 le r\u00f4le de l\u2019humain et celui de la machine se chevauchent.<\/a><\/p>\n<p><em>Y\u00f6ti<\/em> est un portraitiste automatis\u00e9 qui utilise de vieux traceurs \u00e0 plume des ann\u00e9es 80 pour dessiner, sur papier, le portrait des visiteurs. De pr\u00e8s, les portraits ont l&rsquo;air d&rsquo;un assemblage abstrait de lignes zigzaguantes. D&rsquo;un peu plus loin, on reconnait clairement le visage du visiteur.<\/p>\n\n\t\t<\/div>\n\t<\/div>\n<div class=\"vc_row wpb_row vc_inner vc_row-fluid\"><div class=\"wpb_column vc_column_container vc_col-sm-4\"><div class=\"vc_column-inner\"><div class=\"wpb_wrapper\">\n\t<div class=\"wpb_text_column wpb_content_element  post-formatting\" >\n\t\t<div class=\"wpb_wrapper\">\n\t\t\t<p><span class=\"vc_icon_element-icon fa fa-desktop\"> &#8211;<\/span> <a href=\"http:\/\/cote.cc\/art\/yoti\" target=\"blank\" rel=\"noopener\">cote.cc\/art\/yoti<\/a><\/p>\n\n\t\t<\/div>\n\t<\/div>\n<\/div><\/div><\/div><div class=\"wpb_column vc_column_container vc_col-sm-4\"><div class=\"vc_column-inner\"><div class=\"wpb_wrapper\">\n\t<div class=\"wpb_text_column wpb_content_element  post-formatting\" >\n\t\t<div class=\"wpb_wrapper\">\n\t\t\t<p><span class=\"vc_icon_element-icon fa fa-facebook-square\"> &#8211;<\/span> <a href=\"https:\/\/www.facebook.com\/yotiste\" target=\"blank\" rel=\"noopener\">yotiste<\/a><\/p>\n\n\t\t<\/div>\n\t<\/div>\n<\/div><\/div><\/div><div class=\"wpb_column vc_column_container vc_col-sm-4\"><div class=\"vc_column-inner\"><div class=\"wpb_wrapper\">\n\t<div class=\"wpb_text_column wpb_content_element  post-formatting\" >\n\t\t<div class=\"wpb_wrapper\">\n\t\t\t<p><span class=\"vc_icon_element-icon fa fa-at\"> &#8211;<\/span> <a href=\"mailto:jp@cote.cc\">jp@cote.cc<\/a><\/p>\n\n\t\t<\/div>\n\t<\/div>\n<\/div><\/div><\/div><\/div><\/div><\/div><div class=\"vc_tta-panel\" id=\"1513623991937-815df08d-4980\" data-vc-content=\".vc_tta-panel-body\"><div class=\"vc_tta-panel-heading\"><h4 class=\"vc_tta-panel-title vc_tta-controls-icon-position-left\"><a href=\"#1513623991937-815df08d-4980\" data-vc-accordion data-vc-container=\".vc_tta-container\"><span class=\"vc_tta-title-text\">WORKMODE - Andr\u00e9 Vall\u00e9 et Max Kaplun<\/span><i class=\"vc_tta-controls-icon vc_tta-controls-icon-plus\"><\/i><\/a><\/h4><\/div><div class=\"vc_tta-panel-body\">\n\t<div class=\"wpb_text_column wpb_content_element  post-formatting\" >\n\t\t<div class=\"wpb_wrapper\">\n\t\t\t<p>Workmode est une s\u00e9rie de conversations avec des cr\u00e9ateurs sur la mani\u00e8re dont ils r\u00e9alisent leurs projets, pr\u00e9sent\u00e9e par Alex Nemeroff, cofondateur de Dynamo, une agence sp\u00e9cialis\u00e9e dans le num\u00e9rique bas\u00e9e \u00e0 Montr\u00e9al. Explorant la r\u00e9alit\u00e9 du travail cr\u00e9atif, les intervenants et invit\u00e9s discutent de leur d\u00e9but, de leur progr\u00e8s, de ce qui les motive, mais aussi de ce qui les angoisse ou les pr\u00e9occupe. Workmode est produit par Dynamic Collective Ventures, un organisme sans but lucratif qui souhaite promouvoir le partage du savoir dans la communaut\u00e9 num\u00e9rique et cr\u00e9ative, et \u00e9dit\u00e9 par\u00a0Steph Colbourn de Editaud.io.<\/p>\n\n\t\t<\/div>\n\t<\/div>\n<div class=\"vc_row wpb_row vc_inner vc_row-fluid\"><div class=\"wpb_column vc_column_container vc_col-sm-4\"><div class=\"vc_column-inner\"><div class=\"wpb_wrapper\">\n\t<div class=\"wpb_text_column wpb_content_element  post-formatting\" >\n\t\t<div class=\"wpb_wrapper\">\n\t\t\t<p><span class=\"vc_icon_element-icon fa fa-desktop\"> &#8211;<\/span> <a href=\"http:\/\/workmode.show\/\" target=\"blank\" rel=\"noopener\">workmode.show<\/a><\/p>\n\n\t\t<\/div>\n\t<\/div>\n<\/div><\/div><\/div><div class=\"wpb_column vc_column_container vc_col-sm-4\"><div class=\"vc_column-inner\"><div class=\"wpb_wrapper\">\n\t<div class=\"wpb_text_column wpb_content_element  post-formatting\" >\n\t\t<div class=\"wpb_wrapper\">\n\t\t\t<p><span class=\"vc_icon_element-icon fa fa-facebook-square\"> &#8211;<\/span> <a href=\"https:\/\/www.facebook.com\/workmodeshow\/\" target=\"blank\" rel=\"noopener\">workmodeshow<\/a><\/p>\n\n\t\t<\/div>\n\t<\/div>\n<\/div><\/div><\/div><div class=\"wpb_column vc_column_container vc_col-sm-4\"><div class=\"vc_column-inner\"><div class=\"wpb_wrapper\">\n\t<div class=\"wpb_text_column wpb_content_element  post-formatting\" >\n\t\t<div class=\"wpb_wrapper\">\n\t\t\t<p><span class=\"vc_icon_element-icon fa fa-at\"> &#8211;<\/span> <a href=\"mailto:andre@godynamo.com\">andre@godynamo.com<\/a><\/p>\n\n\t\t<\/div>\n\t<\/div>\n<\/div><\/div><\/div><\/div><\/div><\/div><div class=\"vc_tta-panel\" id=\"1513624000454-1d1cc98a-6c3a\" data-vc-content=\".vc_tta-panel-body\"><div class=\"vc_tta-panel-heading\"><h4 class=\"vc_tta-panel-title vc_tta-controls-icon-position-left\"><a href=\"#1513624000454-1d1cc98a-6c3a\" data-vc-accordion data-vc-container=\".vc_tta-container\"><span class=\"vc_tta-title-text\">PUSH2HUE - Se\u0301bastien Pitt<\/span><i class=\"vc_tta-controls-icon vc_tta-controls-icon-plus\"><\/i><\/a><\/h4><\/div><div class=\"vc_tta-panel-body\">\n\t<div class=\"wpb_text_column wpb_content_element  post-formatting\" >\n\t\t<div class=\"wpb_wrapper\">\n\t\t\t<p>Form\u00e9 en arts et en multim\u00e9dia, cr\u00e9ateur d\u2019un SGC pour non-voyants, Sebastien Pitt a collabor\u00e9 \u00e0 la programmation sonore interactive d\u2019installations vid\u00e9o, ainsi qu\u2019aux syst\u00e8mes de lumi\u00e8res DMX pour DJ. Membre du Laboratoire au Eastern Bloc et reconnu par le Conseil des arts du Canada dans le champs de pratique des Arts num\u00e9riques, il a poursuit ses recherches et sa cr\u00e9ation avec un propos plus personnel. Au d\u00e9part sa d\u00e9marche est essentiellement exp\u00e9rimentale. \u00c0 travers des processus exploratoires (programmation algorithmique, traitement de donn\u00e9es, recherche audiovisuelle) d\u00e9coulent des formes qui s\u2019agglom\u00e8rent, s\u2019attirent entre elles, d\u00e9finissant peu \u00e0 peu le territoire de son intention.<\/p>\n<p><em>Push2Hue<\/em> est un plugiciel int\u00e9grant Live d\u2019Ableton, un logiciel de composition musicale et de performance sonore. Normalement, les \u00abMax for Live Devices\u00bb servent \u00e0 cr\u00e9er des filtres sonores; celui-ci sert \u00e0 contr\u00f4ler un parc de lumi\u00e8res multicolores domestiques \u00abPhilips Hue\u00bb par WiFi. Compatible avec le contr\u00f4leur midi \u00abPush2\u00bb, Push2Hue permet de synchroniser les apparitions lumineuses avec les battements par minute de la trame audio.<\/p>\n\n\t\t<\/div>\n\t<\/div>\n<div class=\"vc_row wpb_row vc_inner vc_row-fluid\"><div class=\"wpb_column vc_column_container vc_col-sm-6\"><div class=\"vc_column-inner\"><div class=\"wpb_wrapper\">\n\t<div class=\"wpb_text_column wpb_content_element  post-formatting\" >\n\t\t<div class=\"wpb_wrapper\">\n\t\t\t<p><span class=\"vc_icon_element-icon fa fa-desktop\"> &#8211;<\/span> <a href=\"http:\/\/sebastienpitt.com\/\" target=\"blank\" rel=\"noopener\">sebastienpitt.com<\/a><\/p>\n\n\t\t<\/div>\n\t<\/div>\n<\/div><\/div><\/div><div class=\"wpb_column vc_column_container vc_col-sm-6\"><div class=\"vc_column-inner\"><div class=\"wpb_wrapper\">\n\t<div class=\"wpb_text_column wpb_content_element  post-formatting\" >\n\t\t<div class=\"wpb_wrapper\">\n\t\t\t<p><span class=\"vc_icon_element-icon fa fa-at\"> &#8211;<\/span> <a href=\"mailto:sebastien.pitt@me.com\">sebastien.pitt@me.com<\/a><\/p>\n\n\t\t<\/div>\n\t<\/div>\n<\/div><\/div><\/div><\/div><\/div><\/div><\/div><\/div><\/div><\/div><\/div><\/div><\/div><\/div><\/div><div class=\"vc-row-container container\"><div class=\"vc_row wpb_row vc_row-fluid\"><div class=\"wpb_column vc_column_container vc_col-sm-12\"><div class=\"vc_column-inner\"><div class=\"wpb_wrapper\">\n\t<div class=\"wpb_text_column wpb_content_element  post-formatting\" >\n\t\t<div class=\"wpb_wrapper\">\n\t\t\t<p><em>Cr\u00e9dits photos : F\u00e9lix Bernier<\/em><\/p>\n\n\t\t<\/div>\n\t<\/div>\n<\/div><\/div><\/div><\/div><\/div>","protected":false},"excerpt":{"rendered":"\u00c0 propos de l'organisme organisateur : Une exp\u00e9rience orchestr\u00e9e par CHROMATIC, c\u2019est de l\u2019art qui r\u00e9sonne au coeur d\u2019\u00e9v\u00e9nements festifs et f\u00e9d\u00e9rateurs. Cr\u00e9\u00e9 en 2009 par MASSIVart, CHROMATIC est avant tout un g\u00e9n\u00e9rateur d'exp\u00e9riences culturelles. Qu\u2019ils soient visuels, sonores, ou digitaux, l'organisme c\u00e9l\u00e8bre les arts sous toutes leurs formes en laissant libre court \u00e0 la&hellip;","protected":false},"author":1,"featured_media":1078,"comment_status":"closed","ping_status":"closed","template":"","meta":[],"portfolio_category":[8],"portfolio_tag":[],"acf":[],"_links":{"self":[{"href":"https:\/\/compositemtl.ca\/en\/wp-json\/wp\/v2\/portfolio\/507"}],"collection":[{"href":"https:\/\/compositemtl.ca\/en\/wp-json\/wp\/v2\/portfolio"}],"about":[{"href":"https:\/\/compositemtl.ca\/en\/wp-json\/wp\/v2\/types\/portfolio"}],"author":[{"embeddable":true,"href":"https:\/\/compositemtl.ca\/en\/wp-json\/wp\/v2\/users\/1"}],"replies":[{"embeddable":true,"href":"https:\/\/compositemtl.ca\/en\/wp-json\/wp\/v2\/comments?post=507"}],"version-history":[{"count":31,"href":"https:\/\/compositemtl.ca\/en\/wp-json\/wp\/v2\/portfolio\/507\/revisions"}],"predecessor-version":[{"id":2224,"href":"https:\/\/compositemtl.ca\/en\/wp-json\/wp\/v2\/portfolio\/507\/revisions\/2224"}],"wp:featuredmedia":[{"embeddable":true,"href":"https:\/\/compositemtl.ca\/en\/wp-json\/wp\/v2\/media\/1078"}],"wp:attachment":[{"href":"https:\/\/compositemtl.ca\/en\/wp-json\/wp\/v2\/media?parent=507"}],"wp:term":[{"taxonomy":"portfolio_category","embeddable":true,"href":"https:\/\/compositemtl.ca\/en\/wp-json\/wp\/v2\/portfolio_category?post=507"},{"taxonomy":"portfolio_tag","embeddable":true,"href":"https:\/\/compositemtl.ca\/en\/wp-json\/wp\/v2\/portfolio_tag?post=507"}],"curies":[{"name":"wp","href":"https:\/\/api.w.org\/{rel}","templated":true}]}}