{"id":372,"date":"2017-12-18T10:09:01","date_gmt":"2017-12-18T15:09:01","guid":{"rendered":"http:\/\/compositemtl.ca\/?post_type=portfolio&#038;p=372"},"modified":"2021-01-13T23:52:49","modified_gmt":"2021-01-14T04:52:49","slug":"composite-1","status":"publish","type":"portfolio","link":"https:\/\/compositemtl.ca\/en\/portfolio\/composite-1\/","title":{"rendered":"COMPOSITE #1"},"content":{"rendered":"<div class=\"vc-row-container container\"><div class=\"vc_row wpb_row vc_row-fluid\"><div class=\"wpb_column vc_column_container vc_col-sm-2\"><div class=\"vc_column-inner\"><div class=\"wpb_wrapper\">\n\t<div  class=\"wpb_single_image wpb_content_element vc_align_left\">\n\t\t\n\t\t<figure class=\"wpb_wrapper vc_figure\">\n\t\t\t<div class=\"vc_single_image-wrapper   vc_box_border_grey\"><img width=\"75\" height=\"75\" src=\"https:\/\/compositemtl.ca\/wp-content\/uploads\/2017\/12\/logo_mutek.png\" class=\"vc_single_image-img attachment-thumbnail\" alt=\"\" loading=\"lazy\" title=\"Mutek\" \/><\/div>\n\t\t<\/figure>\n\t<\/div>\n<\/div><\/div><\/div><div class=\"wpb_column vc_column_container vc_col-sm-10\"><div class=\"vc_column-inner\"><div class=\"wpb_wrapper\">\n\t<div class=\"wpb_text_column wpb_content_element  post-formatting\" >\n\t\t<div class=\"wpb_wrapper\">\n\t\t\t<p><strong>\u00c0 propos de l&rsquo;organisme organisateur :<\/strong> MUTEK est un organisme sans but lucratif, d\u00e9di\u00e9 \u00e0 la diffusion et au d\u00e9veloppement des formes \u00e9mergentes de la cr\u00e9ation num\u00e9rique sonore, musicale, visuelle. Son mandat : offrir aux artistes les plus originaux et visionnaires du domaine, un tremplin visant \u00e0 les faire conna\u00eetre et les propulser le plus loin possible dans leur concept de cr\u00e9ation, et ce, dans une dynamique d\u2019initiation, de sensibilisation et de d\u00e9veloppement de nouveaux publics.<\/p>\n\n\t\t<\/div>\n\t<\/div>\n<\/div><\/div><\/div><\/div><\/div><div class=\"vc-row-container container\"><div class=\"vc_row wpb_row vc_row-fluid\"><div class=\"wpb_column vc_column_container vc_col-sm-2\"><div class=\"vc_column-inner\"><div class=\"wpb_wrapper\">\n\t<div  class=\"wpb_single_image wpb_content_element vc_align_left\">\n\t\t\n\t\t<figure class=\"wpb_wrapper vc_figure\">\n\t\t\t<a href=\"https:\/\/phi-centre.com\/\" target=\"_blank\" class=\"vc_single_image-wrapper   vc_box_border_grey\"><img width=\"75\" height=\"75\" src=\"https:\/\/compositemtl.ca\/wp-content\/uploads\/2017\/12\/logo_phi.png\" class=\"vc_single_image-img attachment-full\" alt=\"\" loading=\"lazy\" title=\"Centre Phi\" \/><\/a>\n\t\t<\/figure>\n\t<\/div>\n<\/div><\/div><\/div><div class=\"wpb_column vc_column_container vc_col-sm-10\"><div class=\"vc_column-inner\"><div class=\"wpb_wrapper\">\n\t<div class=\"wpb_text_column wpb_content_element  post-formatting\" >\n\t\t<div class=\"wpb_wrapper\">\n\t\t\t<p><strong>\u00c0 propos de l&rsquo;organisme h\u00f4te :<\/strong> PHI est un p\u00f4le culturel et artistique multidisciplinaire qui cultive tous les aspects de la cr\u00e9ation, de l\u2019\u00e9laboration, de la production et de la diffusion. Au carrefour de l\u2019art, du cin\u00e9ma, de la musique, du design et de la technologie, PHI provoque des rencontres inattendues entre les artistes et les publics gr\u00e2ce \u00e0 une programmation \u00e9clectique et \u00e0 la cr\u00e9ation de contenus originaux.<\/p>\n\n\t\t<\/div>\n\t<\/div>\n<\/div><\/div><\/div><\/div><\/div><div class=\"vc-row-container container\"><div class=\"vc_row wpb_row vc_row-fluid\"><div class=\"wpb_column vc_column_container vc_col-sm-12\"><div class=\"vc_column-inner\"><div class=\"wpb_wrapper\"><div class=\"vc_tta-container\" data-vc-action=\"collapse\"><div class=\"vc_general vc_tta vc_tta-accordion vc_tta-color-grey vc_tta-style-theme-styled vc_tta-shape-rounded vc_tta-o-shape-group vc_tta-controls-align-left\"><div class=\"vc_tta-panels-container\"><div class=\"vc_tta-panels\"><div class=\"vc_tta-panel vc_active\" id=\"1513623887590-f973b333-8eff\" data-vc-content=\".vc_tta-panel-body\"><div class=\"vc_tta-panel-heading\"><h4 class=\"vc_tta-panel-title vc_tta-controls-icon-position-left\"><a href=\"#1513623887590-f973b333-8eff\" data-vc-accordion data-vc-container=\".vc_tta-container\"><span class=\"vc_tta-title-text\">LA MER SOURIT AU LOIN - Ila Firouzabadi et Payam Mofidi<\/span><i class=\"vc_tta-controls-icon vc_tta-controls-icon-plus\"><\/i><\/a><\/h4><\/div><div class=\"vc_tta-panel-body\">\n\t<div class=\"wpb_text_column wpb_content_element  post-formatting\" >\n\t\t<div class=\"wpb_wrapper\">\n\t\t\t<p><em>La mer sourit au loin<\/em> est une installation interactive &laquo; invisible &raquo;. Ila Firouzabadi et Payam Mofidi sont deux artistes d\u2019origine iranienne, tous les deux dipl\u00f4m\u00e9s des Arts d\u00e9coratifs de Strasbourg et install\u00e9s \u00e0 Montr\u00e9al. Le duo Firouzabadi-Mofidi a expos\u00e9 en Am\u00e9rique du Nord, en France et en Iran notamment \u00e0 la Mohsen Gallery \u00e0 T\u00e9h\u00e9ran.<\/p>\n\n\t\t<\/div>\n\t<\/div>\n<div class=\"vc_row wpb_row vc_inner vc_row-fluid\"><div class=\"wpb_column vc_column_container vc_col-sm-12\"><div class=\"vc_column-inner\"><div class=\"wpb_wrapper\"><\/div><\/div><\/div><\/div><\/div><\/div><div class=\"vc_tta-panel\" id=\"1513623887614-32a56e16-aabd\" data-vc-content=\".vc_tta-panel-body\"><div class=\"vc_tta-panel-heading\"><h4 class=\"vc_tta-panel-title vc_tta-controls-icon-position-left\"><a href=\"#1513623887614-32a56e16-aabd\" data-vc-accordion data-vc-container=\".vc_tta-container\"><span class=\"vc_tta-title-text\">HIVE+DIVE - Charles-St\u00e9phane Roy<\/span><i class=\"vc_tta-controls-icon vc_tta-controls-icon-plus\"><\/i><\/a><\/h4><\/div><div class=\"vc_tta-panel-body\">\n\t<div class=\"wpb_text_column wpb_content_element  post-formatting\" >\n\t\t<div class=\"wpb_wrapper\">\n\t\t\t<p>Hive+Dive MTL est un circuit de curation et d&rsquo;accompagnement d&rsquo;innovations num\u00e9riques en culture.<\/p>\n\n\t\t<\/div>\n\t<\/div>\n<div class=\"vc_row wpb_row vc_inner vc_row-fluid\"><div class=\"wpb_column vc_column_container vc_col-sm-12\"><div class=\"vc_column-inner\"><div class=\"wpb_wrapper\">\n\t<div class=\"wpb_text_column wpb_content_element  post-formatting\" >\n\t\t<div class=\"wpb_wrapper\">\n\t\t\t<p><span class=\"vc_icon_element-icon fa fa-at\"> &#8211;<\/span> <a href=\"mailto:charles@lamaisondeprod.com\">charles@lamaisondeprod.com<\/a><\/p>\n\n\t\t<\/div>\n\t<\/div>\n<\/div><\/div><\/div><\/div><\/div><\/div><div class=\"vc_tta-panel\" id=\"1513623972814-f6f62667-289a\" data-vc-content=\".vc_tta-panel-body\"><div class=\"vc_tta-panel-heading\"><h4 class=\"vc_tta-panel-title vc_tta-controls-icon-position-left\"><a href=\"#1513623972814-f6f62667-289a\" data-vc-accordion data-vc-container=\".vc_tta-container\"><span class=\"vc_tta-title-text\">E-180 : BRAIN DATES, OU L'ART INTUITIF DU MICRO-COACHING - Christine Renaud<\/span><i class=\"vc_tta-controls-icon vc_tta-controls-icon-plus\"><\/i><\/a><\/h4><\/div><div class=\"vc_tta-panel-body\">\n\t<div class=\"wpb_text_column wpb_content_element  post-formatting\" >\n\t\t<div class=\"wpb_wrapper\">\n\t\t\t<p>Christine est une entrepreneure sociale passionn\u00e9e par le d\u00e9veloppement du potentiel des individus et des communaut\u00e9s. Elle est Pr\u00e9sidente directrice g\u00e9n\u00e9rale de E-180, entreprise sociale montr\u00e9alaise qui se sp\u00e9cialise dans la cr\u00e9ation d\u2019outils web et mobile de jumelage, connectant des gens aux int\u00e9r\u00eats similaires int\u00e9ress\u00e9s \u00e0 apprendre les uns des autres, en personne et un-\u00e0-un, par ce que nous appelons &laquo; brain dates &raquo;. Avant de fonder E-180, Christine a compl\u00e9t\u00e9 sa ma\u00eetrise en \u00e9ducation comme Knox Fellow \u00e0 la Harvard Graduate School of Education et a travaill\u00e9 comme r\u00e9alisatrice de podcasts sur l\u2019\u00e9ducation pour Learning Matters \u00e0 New York. Christine est une mentor reconnue pour son accompagnement de startups et entreprises sociales \u00e9mergentes, notamment pour le Harvard i-Lab, le D\u00e9fi Technovation et le Founder.<\/p>\n\n\t\t<\/div>\n\t<\/div>\n<div class=\"vc_row wpb_row vc_inner vc_row-fluid\"><div class=\"wpb_column vc_column_container vc_col-sm-4\"><div class=\"vc_column-inner\"><div class=\"wpb_wrapper\">\n\t<div class=\"wpb_text_column wpb_content_element  post-formatting\" >\n\t\t<div class=\"wpb_wrapper\">\n\t\t\t<p><span class=\"vc_icon_element-icon fa fa-desktop\"> &#8211;<\/span> <a href=\"https:\/\/e180.co\/\" target=\"blank\" rel=\"noopener\">e180.co<\/a><\/p>\n\n\t\t<\/div>\n\t<\/div>\n<\/div><\/div><\/div><div class=\"wpb_column vc_column_container vc_col-sm-4\"><div class=\"vc_column-inner\"><div class=\"wpb_wrapper\">\n\t<div class=\"wpb_text_column wpb_content_element  post-formatting\" >\n\t\t<div class=\"wpb_wrapper\">\n\t\t\t<p><span class=\"vc_icon_element-icon fa fa-facebook-square\"> &#8211;<\/span> <a href=\"https:\/\/www.facebook.com\/education180\/\" target=\"blank\" rel=\"noopener\">education180<\/a><\/p>\n\n\t\t<\/div>\n\t<\/div>\n<\/div><\/div><\/div><div class=\"wpb_column vc_column_container vc_col-sm-4\"><div class=\"vc_column-inner\"><div class=\"wpb_wrapper\">\n\t<div class=\"wpb_text_column wpb_content_element  post-formatting\" >\n\t\t<div class=\"wpb_wrapper\">\n\t\t\t<p><span class=\"vc_icon_element-icon fa fa-at\"> &#8211;<\/span> <a href=\"mailto:christine@e-180.com\">christine@e-180.com<\/a><\/p>\n\n\t\t<\/div>\n\t<\/div>\n<\/div><\/div><\/div><\/div><\/div><\/div><div class=\"vc_tta-panel\" id=\"1513623981539-48eb07fe-f251\" data-vc-content=\".vc_tta-panel-body\"><div class=\"vc_tta-panel-heading\"><h4 class=\"vc_tta-panel-title vc_tta-controls-icon-position-left\"><a href=\"#1513623981539-48eb07fe-f251\" data-vc-accordion data-vc-container=\".vc_tta-container\"><span class=\"vc_tta-title-text\">EV MINI ET EX MINI, PROJETS CENTRE D'INT\u00c9GRATION SCOLAIRE ET NEUROTECHX DE MONTR\u00c9AL - \u00c9velyne Drouin (DJ Mini)<\/span><i class=\"vc_tta-controls-icon vc_tta-controls-icon-plus\"><\/i><\/a><\/h4><\/div><div class=\"vc_tta-panel-body\">\n\t<div class=\"wpb_text_column wpb_content_element  post-formatting\" >\n\t\t<div class=\"wpb_wrapper\">\n\t\t\t<p>\u00c9velyne Drouin est une id\u00e9atrice et facilitatrice d&rsquo;\u00e9quipes multidisciplinaires. Elle a produit plusieurs projets innovants sous le pseudonyme DJ Mini : musique \u00e9lectronique, performances multidisciplinaires, sur plusieurs continents. Elle collabore maintenant avec la communaut\u00e9 artistique, acad\u00e9mique, scientifique, \u00e9ducative et technologique dans le but de cr\u00e9er des projets en innovation sociale. Sa d\u00e9marche a pour but de remodeler les m\u00e9thodes m\u00e9ta\u00e9ducatives gr\u00e2ce au traitement de donn\u00e9es BIG DATA, provenant d&rsquo;\u00e9tudes en neurosciences. Elle catalyse l&rsquo;exp\u00e9rience gr\u00e2ce aux nouvelles technologies dans des lieux hybrides; tant dans l&rsquo;espace virtuel que l&rsquo;espace physique. Le jeu, l&rsquo;immersion, l&rsquo;interpr\u00e9tation, l&rsquo;\u00e9change et le partage, se concr\u00e9tisent par le design exp\u00e9rientiel collaboratif.<\/p>\n\n\t\t<\/div>\n\t<\/div>\n<div class=\"vc_row wpb_row vc_inner vc_row-fluid\"><div class=\"wpb_column vc_column_container vc_col-sm-6\"><div class=\"vc_column-inner\"><div class=\"wpb_wrapper\">\n\t<div class=\"wpb_text_column wpb_content_element  post-formatting\" >\n\t\t<div class=\"wpb_wrapper\">\n\t\t\t<p><span class=\"vc_icon_element-icon fa fa-desktop\"> &#8211;<\/span> <a href=\"https:\/\/www.djmini.com\/\" target=\"blank\" rel=\"noopener\">www.djmini.com<\/a><\/p>\n\n\t\t<\/div>\n\t<\/div>\n<\/div><\/div><\/div><div class=\"wpb_column vc_column_container vc_col-sm-6\"><div class=\"vc_column-inner\"><div class=\"wpb_wrapper\">\n\t<div class=\"wpb_text_column wpb_content_element  post-formatting\" >\n\t\t<div class=\"wpb_wrapper\">\n\t\t\t<p><span class=\"vc_icon_element-icon fa fa-at\"> &#8211;<\/span> <a href=\"mailto:djmini@djmini.com\">djmini@djmini.com<\/a><\/p>\n\n\t\t<\/div>\n\t<\/div>\n<\/div><\/div><\/div><\/div><\/div><\/div><div class=\"vc_tta-panel\" id=\"1513623991937-815df08d-4980\" data-vc-content=\".vc_tta-panel-body\"><div class=\"vc_tta-panel-heading\"><h4 class=\"vc_tta-panel-title vc_tta-controls-icon-position-left\"><a href=\"#1513623991937-815df08d-4980\" data-vc-accordion data-vc-container=\".vc_tta-container\"><span class=\"vc_tta-title-text\">URBANIMALS - Hilary O'shaugnessy<\/span><i class=\"vc_tta-controls-icon vc_tta-controls-icon-plus\"><\/i><\/a><\/h4><\/div><div class=\"vc_tta-panel-body\">\n\t<div class=\"wpb_text_column wpb_content_element  post-formatting\" >\n\t\t<div class=\"wpb_wrapper\">\n\t\t\t<p>Hilary O\u2019Shaughnessy est productrice pour Playable City at the Pervasive Media Studio at Watershed \u00e0 Bristol. Le prix international Playable City invite les artistes toutes disciplines confondues \u00e0 r\u00e9fl\u00e9chir au concept de ville comme lieu agr\u00e9able, ludique et social pouvant \u00eatre reconfigur\u00e9 et r\u00e9imagin\u00e9 par ses citoyens. De plus, Playable City poss\u00e8de un r\u00e9seau international croissant de Tokyo \u00e0 Austin, de Recige \u00e0 Lagos.<\/p>\n\n\t\t<\/div>\n\t<\/div>\n<div class=\"vc_row wpb_row vc_inner vc_row-fluid\"><div class=\"wpb_column vc_column_container vc_col-sm-12\"><div class=\"vc_column-inner\"><div class=\"wpb_wrapper\">\n\t<div class=\"wpb_text_column wpb_content_element  post-formatting\" >\n\t\t<div class=\"wpb_wrapper\">\n\t\t\t<p><span class=\"vc_icon_element-icon fa fa-desktop\"> &#8211;<\/span> <a href=\"https:\/\/www.playablecity.com\/\" target=\"blank\" rel=\"noopener\">www.playablecity.com<\/a><\/p>\n\n\t\t<\/div>\n\t<\/div>\n<\/div><\/div><\/div><\/div><\/div><\/div><div class=\"vc_tta-panel\" id=\"1513624000454-1d1cc98a-6c3a\" data-vc-content=\".vc_tta-panel-body\"><div class=\"vc_tta-panel-heading\"><h4 class=\"vc_tta-panel-title vc_tta-controls-icon-position-left\"><a href=\"#1513624000454-1d1cc98a-6c3a\" data-vc-accordion data-vc-container=\".vc_tta-container\"><span class=\"vc_tta-title-text\">IoTHEATRE : LES ENVIRONNEMENTS PROGRAMMABLES POUR TOUS - Jonathan B\u00e9lisle (Saga)<\/span><i class=\"vc_tta-controls-icon vc_tta-controls-icon-plus\"><\/i><\/a><\/h4><\/div><div class=\"vc_tta-panel-body\">\n\t<div class=\"wpb_text_column wpb_content_element  post-formatting\" >\n\t\t<div class=\"wpb_wrapper\">\n\t\t\t<p>Depuis une vingtaine d\u2019ann\u00e9es, Jonathan B\u00e9lisle participe \u00e0 l\u2019essor du web qu\u00e9b\u00e9cois. Po\u00e8te d\u2019interactions, il utilise la pens\u00e9e visuelle, la sc\u00e9narisation et le design de services pour penser l\u2019architecture et r\u00e9aliser des extensions exp\u00e9rientielles de r\u00e9cits impliquants applications mobiles, interactions tangibles et environnements programmables. Chercheur affili\u00e9 pour le Annenberg Innovation Lab du University of Southern California, professeur \u00e0 l\u2019INIS, fondateur de Hello, Architekt et Chief Design Officer chez SAGA, il y cr\u00e9e actuellement wuxia.ca et la plateforme iotheatre.co.<\/p>\n\n\t\t<\/div>\n\t<\/div>\n<div class=\"vc_row wpb_row vc_inner vc_row-fluid\"><div class=\"wpb_column vc_column_container vc_col-sm-4\"><div class=\"vc_column-inner\"><div class=\"wpb_wrapper\">\n\t<div class=\"wpb_text_column wpb_content_element  post-formatting\" >\n\t\t<div class=\"wpb_wrapper\">\n\t\t\t<p><span class=\"vc_icon_element-icon fa fa-desktop\"> &#8211;<\/span> <a href=\"https:\/\/helloarchitekt.com\/\" target=\"blank\" rel=\"noopener\">www.helloarchitekt.com<\/a><\/p>\n\n\t\t<\/div>\n\t<\/div>\n<\/div><\/div><\/div><div class=\"wpb_column vc_column_container vc_col-sm-4\"><div class=\"vc_column-inner\"><div class=\"wpb_wrapper\">\n\t<div class=\"wpb_text_column wpb_content_element  post-formatting\" >\n\t\t<div class=\"wpb_wrapper\">\n\t\t\t<p><span class=\"vc_icon_element-icon fa fa-desktop\"> &#8211;<\/span> <a href=\"http:\/\/www.wuxia.ca\/fr\/\" target=\"blank\" rel=\"noopener\">www.wuxia.ca\/fr\/<\/a><\/p>\n\n\t\t<\/div>\n\t<\/div>\n<\/div><\/div><\/div><div class=\"wpb_column vc_column_container vc_col-sm-4\"><div class=\"vc_column-inner\"><div class=\"wpb_wrapper\">\n\t<div class=\"wpb_text_column wpb_content_element  post-formatting\" >\n\t\t<div class=\"wpb_wrapper\">\n\t\t\t<p><span class=\"vc_icon_element-icon fa fa-at\"> &#8211;<\/span> <a href=\"mailto:jonathan@sagaworld.ca\">jonathan@sagaworld.ca<\/a><\/p>\n\n\t\t<\/div>\n\t<\/div>\n<\/div><\/div><\/div><\/div><\/div><\/div><div class=\"vc_tta-panel\" id=\"1513624012790-52381d52-1c31\" data-vc-content=\".vc_tta-panel-body\"><div class=\"vc_tta-panel-heading\"><h4 class=\"vc_tta-panel-title vc_tta-controls-icon-position-left\"><a href=\"#1513624012790-52381d52-1c31\" data-vc-accordion data-vc-container=\".vc_tta-container\"><span class=\"vc_tta-title-text\">KAREN PROJECT - Ju Row Farr (Blast Theory)<\/span><i class=\"vc_tta-controls-icon vc_tta-controls-icon-plus\"><\/i><\/a><\/h4><\/div><div class=\"vc_tta-panel-body\">\n\t<div class=\"wpb_text_column wpb_content_element  post-formatting\" >\n\t\t<div class=\"wpb_wrapper\">\n\t\t\t<p>Ju Row Farr a \u00e9tudi\u00e9 les textiles et les beaux arts \u00e0 l\u2019universit\u00e9 Goldsmiths et poss\u00e8de une formation en danse. Elle est l&rsquo;un des membres fondateurs du collectif Blast Theory, qui a d\u00e9but\u00e9 en 1991, connu pour ses oeuvres d\u2019art interactives explorant les aspects sociaux et politiques de la technologie. \u00c0 l\u2019aide de nouvelles formes artistiques interactives, les cr\u00e9ations de Blast Theory rassemblent diff\u00e9rents publics d\u2019internautes, performances et diffusion num\u00e9rique. Le collectif a pr\u00e9sent\u00e9 ses oeuvres \u00e0 la Biennale de Venise, au festival de films de Sundance et \u00e0 la Tate Britain. Le collectif a produit des oeuvres entre autres pour la BBC et la Royal Opera House. Mis en nomination pour 4 BAFTA, il a aussi remport\u00e9 le Golden Nica du Prix Ars Electronica.<\/p>\n\n\t\t<\/div>\n\t<\/div>\n\n\t<div class=\"wpb_text_column wpb_content_element  post-formatting\" >\n\t\t<div class=\"wpb_wrapper\">\n\t\t\t<p><span class=\"vc_icon_element-icon fa fa-desktop\"> &#8211;<\/span> <a href=\"https:\/\/www.blasttheory.co.uk\/projects\/karen\/\" target=\"blank\" rel=\"noopener\">www.blasttheory.co.uk\/projects\/karen\/<\/a><\/p>\n\n\t\t<\/div>\n\t<\/div>\n<\/div><\/div><div class=\"vc_tta-panel\" id=\"1513624021660-65f671cd-827c\" data-vc-content=\".vc_tta-panel-body\"><div class=\"vc_tta-panel-heading\"><h4 class=\"vc_tta-panel-title vc_tta-controls-icon-position-left\"><a href=\"#1513624021660-65f671cd-827c\" data-vc-accordion data-vc-container=\".vc_tta-container\"><span class=\"vc_tta-title-text\">TECHNO CULTURE CLUB - Justine G. Chapleau<\/span><i class=\"vc_tta-controls-icon vc_tta-controls-icon-plus\"><\/i><\/a><\/h4><\/div><div class=\"vc_tta-panel-body\">\n\t<div class=\"wpb_text_column wpb_content_element  post-formatting\" >\n\t\t<div class=\"wpb_wrapper\">\n\t\t\t<p>Inventer les pratiques culturelles du XXIe si\u00e8cle : Justine est mus\u00e9ologue passionn\u00e9e de hacking culturel et de nouvelles technologies. Elle a cr\u00e9\u00e9 des expositions participatives crowdsourc\u00e9es. Elle revitalise les mus\u00e9es en inventant et imaginant les pratiques culturelles de demain et en questionnant l\u2019engagement des publics. Elle a cofond\u00e9 Techno Culture Club qui porte le projet MuseomixMTL.<\/p>\n\n\t\t<\/div>\n\t<\/div>\n<div class=\"vc_row wpb_row vc_inner vc_row-fluid\"><div class=\"wpb_column vc_column_container vc_col-sm-6\"><div class=\"vc_column-inner\"><div class=\"wpb_wrapper\">\n\t<div class=\"wpb_text_column wpb_content_element  post-formatting\" >\n\t\t<div class=\"wpb_wrapper\">\n\t\t\t<p><span class=\"vc_icon_element-icon fa fa-desktop\"> &#8211;<\/span> <a href=\"http:\/\/www.technoculture.club\/\" target=\"blank\" rel=\"noopener\">www.technoculture.club<\/a><\/p>\n\n\t\t<\/div>\n\t<\/div>\n<\/div><\/div><\/div><div class=\"wpb_column vc_column_container vc_col-sm-6\"><div class=\"vc_column-inner\"><div class=\"wpb_wrapper\">\n\t<div class=\"wpb_text_column wpb_content_element  post-formatting\" >\n\t\t<div class=\"wpb_wrapper\">\n\t\t\t<p><span class=\"vc_icon_element-icon fa fa-at\"> &#8211;<\/span> <a href=\"mailto:justine@technoculture.club\">justine@technoculture.club<\/a><\/p>\n\n\t\t<\/div>\n\t<\/div>\n<\/div><\/div><\/div><\/div><\/div><\/div><div class=\"vc_tta-panel\" id=\"1513624030240-464085f8-ada9\" data-vc-content=\".vc_tta-panel-body\"><div class=\"vc_tta-panel-heading\"><h4 class=\"vc_tta-panel-title vc_tta-controls-icon-position-left\"><a href=\"#1513624030240-464085f8-ada9\" data-vc-accordion data-vc-container=\".vc_tta-container\"><span class=\"vc_tta-title-text\">R\u00caVES, WEB ET ART G\u00c9N\u00c9RATIF - Philippe Lambert (Office National du Film)<\/span><i class=\"vc_tta-controls-icon vc_tta-controls-icon-plus\"><\/i><\/a><\/h4><\/div><div class=\"vc_tta-panel-body\">\n\t<div class=\"wpb_text_column wpb_content_element  post-formatting\" >\n\t\t<div class=\"wpb_wrapper\">\n\t\t\t<p>N\u00e9 \u00e0 Montr\u00e9al, Philippe Lambert est un vocaliste exp\u00e9rimental, compositeur de musique \u00e9lectronique et cr\u00e9ateur en art interactif. Les enregistrements de ses oeuvres ont \u00e9t\u00e9 publi\u00e9s sur les \u00e9tiquettes Alien8Recordings, Robosapien Records et Los Discos Enfantasmes. Il a particip\u00e9 \u00e0 la cr\u00e9ation de trois projets interactifs pour l\u2019Office National du Film: BLABLA (2011), Journal d\u2019une Insomnie Collective (2013) et Jusqu\u2019ici (2014). Ces projets ont \u00e9t\u00e9 pr\u00e9sents sous forme d\u2019installations interactives ou performances musicales au Sundance Film Festival (Park City), La Ga\u00eet\u00e9 lyrique (Paris), Mutek (Montr\u00e9al), IDFA (Amsterdam) et au Tribeca Film Festival (New York).<\/p>\n\n\t\t<\/div>\n\t<\/div>\n\n\t<div class=\"wpb_text_column wpb_content_element  post-formatting\" >\n\t\t<div class=\"wpb_wrapper\">\n\t\t\t<p><span class=\"vc_icon_element-icon fa fa-desktop\"> &#8211;<\/span> <a href=\"http:\/\/bit.ly\/2AZVbO3\" target=\"blank\" rel=\"noopener\">bit.ly\/2AZVbO3<\/a><\/p>\n\n\t\t<\/div>\n\t<\/div>\n<\/div><\/div><div class=\"vc_tta-panel\" id=\"1513624037552-3a83284d-6775\" data-vc-content=\".vc_tta-panel-body\"><div class=\"vc_tta-panel-heading\"><h4 class=\"vc_tta-panel-title vc_tta-controls-icon-position-left\"><a href=\"#1513624037552-3a83284d-6775\" data-vc-accordion data-vc-container=\".vc_tta-container\"><span class=\"vc_tta-title-text\">MUTANT MALGR\u00c9 MOI - Ren\u00e9 Barsalo (Sc\u00e9nario B)<\/span><i class=\"vc_tta-controls-icon vc_tta-controls-icon-plus\"><\/i><\/a><\/h4><\/div><div class=\"vc_tta-panel-body\">\n\t<div class=\"wpb_text_column wpb_content_element  post-formatting\" >\n\t\t<div class=\"wpb_wrapper\">\n\t\t\t<p>Designer multidisciplinaire depuis plus de 30 ans, Ren\u00e9 Barsalo est, comme nous tous, en mutation continuelle depuis l\u2019arriv\u00e9e du num\u00e9rique dans sa vie en 1984. Durant ces ann\u00e9es, il a fond\u00e9 et dirig\u00e9 plusieurs entreprises et organisations li\u00e9es aux secteurs du design et des communications, passant du &laquo; tout papier &raquo; au &laquo; tout Internet &raquo;. De 2004 \u00e0 2011, il contribua au d\u00e9veloppement de la Soci\u00e9t\u00e9 des arts technologiques (SAT) en tant que Directeur, Recherche et strat\u00e9gies, int\u00e9ress\u00e9 surtout par l&rsquo;impact \u00e0 venir des r\u00e9seaux \u00e0 tr\u00e8s haute vitesse, de la t\u00e9l\u00e9pr\u00e9sence et de l\u2019immersion. D\u00e9sormais designer d&rsquo;exp\u00e9riences num\u00e9riques, strat\u00e8ge et conseiller aupr\u00e8s d&rsquo;entreprises construisant l&rsquo;environnement de demain, il fut r\u00e9cemment r\u00e9-invit\u00e9 par la SAT pour d\u00e9ployer les 20 premi\u00e8res stations Scenic dans autant de salles de spectacles du Qu\u00e9bec et ainsi, former le premier r\u00e9seau mondial de salles de spectacles reli\u00e9s par t\u00e9l\u00e9pr\u00e9sence, dans le cadre du projet Sc\u00e8nes Ouvertes, soutenu par le minist\u00e8re de la culture du Qu\u00e9bec et Patrimoine Canada.<\/p>\n\n\t\t<\/div>\n\t<\/div>\n\n\t<div class=\"wpb_text_column wpb_content_element  post-formatting\" >\n\t\t<div class=\"wpb_wrapper\">\n\t\t\t<p><span class=\"vc_icon_element-icon fa fa-at\"> &#8211;<\/span> <a href=\"mailto:rbarsalo@gmail.com\">rbarsalo@gmail.com<\/a><\/p>\n\n\t\t<\/div>\n\t<\/div>\n<\/div><\/div><div class=\"vc_tta-panel\" id=\"1513624050007-6c9a0786-6af8\" data-vc-content=\".vc_tta-panel-body\"><div class=\"vc_tta-panel-heading\"><h4 class=\"vc_tta-panel-title vc_tta-controls-icon-position-left\"><a href=\"#1513624050007-6c9a0786-6af8\" data-vc-accordion data-vc-container=\".vc_tta-container\"><span class=\"vc_tta-title-text\">SANS TITRE - S\u00e9bastien \u00c9bacher (Ubisoft)<\/span><i class=\"vc_tta-controls-icon vc_tta-controls-icon-plus\"><\/i><\/a><\/h4><\/div><div class=\"vc_tta-panel-body\">\n\t<div class=\"wpb_text_column wpb_content_element  post-formatting\" >\n\t\t<div class=\"wpb_wrapper\">\n\t\t\t<p>S\u00e9bastien d\u00e9tient une Ma\u00eetrise en Sciences \u00c9conomiques de l\u2019Universit\u00e9 de Montr\u00e9al, avec une sp\u00e9cialisation en \u00e9conomie de l\u2019information. Il est pr\u00e9sentement producteur pour Ubisoft Montr\u00e9al et travaille sur des productions de jeux vid\u00e9o AAA tel Splinter Cell ou Rainbow Six. Au cours des quartorze derni\u00e8res ann\u00e9es, il a \u00e9t\u00e9 actif \u00e0 plusieurs niveaux au sein de l\u2019industrie du jeu, d\u2019abord comme analyste de l\u2019industrie pour le Minist\u00e8re de l\u2019Industrie et du Commerce. En 2004, il a aussi \u00e9t\u00e9 le directeur g\u00e9n\u00e9ral des Studios Artmedia, un studio de design web et de d\u00e9veloppement de jeu. Avant de se joindre \u00e0 l\u2019industrie, S\u00e9bastien a travaill\u00e9 pour Industrie Canada \u00e0 la division du Spectre, des Technologies de l\u2019information et des T\u00e9l\u00e9communications.<\/p>\n\n\t\t<\/div>\n\t<\/div>\n<div class=\"vc_row wpb_row vc_inner vc_row-fluid\"><div class=\"wpb_column vc_column_container vc_col-sm-6\"><div class=\"vc_column-inner\"><div class=\"wpb_wrapper\">\n\t<div class=\"wpb_text_column wpb_content_element  post-formatting\" >\n\t\t<div class=\"wpb_wrapper\">\n\t\t\t<p><span class=\"vc_icon_element-icon fa fa-desktop\"> &#8211;<\/span> <a href=\"https:\/\/www.ubisoft.com\/fr-CA\/\" target=\"blank\" rel=\"noopener\">www.ubisoft.com\/fr-CA\/<\/a><\/p>\n\n\t\t<\/div>\n\t<\/div>\n<\/div><\/div><\/div><div class=\"wpb_column vc_column_container vc_col-sm-6\"><div class=\"vc_column-inner\"><div class=\"wpb_wrapper\">\n\t<div class=\"wpb_text_column wpb_content_element  post-formatting\" >\n\t\t<div class=\"wpb_wrapper\">\n\t\t\t<p><span class=\"vc_icon_element-icon fa fa-at\"> &#8211;<\/span> <a href=\"mailto:sebastien.ebacher@gmail.com\">sebastien.ebacher@gmail.com<\/a><\/p>\n\n\t\t<\/div>\n\t<\/div>\n<\/div><\/div><\/div><\/div><\/div><\/div><\/div><\/div><\/div><\/div><\/div><\/div><\/div><\/div><\/div><div class=\"vc-row-container container\"><div class=\"vc_row wpb_row vc_row-fluid\"><div class=\"wpb_column vc_column_container vc_col-sm-12\"><div class=\"vc_column-inner\"><div class=\"wpb_wrapper\">\n\t<div class=\"wpb_text_column wpb_content_element  post-formatting\" >\n\t\t<div class=\"wpb_wrapper\">\n\t\t\t<p><em>Cr\u00e9dits photos : MUTEK<\/em><\/p>\n\n\t\t<\/div>\n\t<\/div>\n<\/div><\/div><\/div><\/div><\/div>","protected":false},"excerpt":{"rendered":"\u00c0 propos de l'organisme organisateur : MUTEK est un organisme sans but lucratif, d\u00e9di\u00e9 \u00e0 la diffusion et au d\u00e9veloppement des formes \u00e9mergentes de la cr\u00e9ation num\u00e9rique sonore, musicale, visuelle. Son mandat : offrir aux artistes les plus originaux et visionnaires du domaine, un tremplin visant \u00e0 les faire conna\u00eetre et les propulser le plus&hellip;","protected":false},"author":1,"featured_media":376,"comment_status":"closed","ping_status":"closed","template":"","meta":[],"portfolio_category":[6],"portfolio_tag":[],"acf":[],"_links":{"self":[{"href":"https:\/\/compositemtl.ca\/en\/wp-json\/wp\/v2\/portfolio\/372"}],"collection":[{"href":"https:\/\/compositemtl.ca\/en\/wp-json\/wp\/v2\/portfolio"}],"about":[{"href":"https:\/\/compositemtl.ca\/en\/wp-json\/wp\/v2\/types\/portfolio"}],"author":[{"embeddable":true,"href":"https:\/\/compositemtl.ca\/en\/wp-json\/wp\/v2\/users\/1"}],"replies":[{"embeddable":true,"href":"https:\/\/compositemtl.ca\/en\/wp-json\/wp\/v2\/comments?post=372"}],"version-history":[{"count":38,"href":"https:\/\/compositemtl.ca\/en\/wp-json\/wp\/v2\/portfolio\/372\/revisions"}],"predecessor-version":[{"id":2215,"href":"https:\/\/compositemtl.ca\/en\/wp-json\/wp\/v2\/portfolio\/372\/revisions\/2215"}],"wp:featuredmedia":[{"embeddable":true,"href":"https:\/\/compositemtl.ca\/en\/wp-json\/wp\/v2\/media\/376"}],"wp:attachment":[{"href":"https:\/\/compositemtl.ca\/en\/wp-json\/wp\/v2\/media?parent=372"}],"wp:term":[{"taxonomy":"portfolio_category","embeddable":true,"href":"https:\/\/compositemtl.ca\/en\/wp-json\/wp\/v2\/portfolio_category?post=372"},{"taxonomy":"portfolio_tag","embeddable":true,"href":"https:\/\/compositemtl.ca\/en\/wp-json\/wp\/v2\/portfolio_tag?post=372"}],"curies":[{"name":"wp","href":"https:\/\/api.w.org\/{rel}","templated":true}]}}