{"id":3124,"date":"2023-10-10T11:10:25","date_gmt":"2023-10-10T15:10:25","guid":{"rendered":"http:\/\/compositemtl.ca\/?post_type=portfolio&#038;p=3124"},"modified":"2024-10-16T19:32:52","modified_gmt":"2024-10-16T23:32:52","slug":"composite-36","status":"publish","type":"portfolio","link":"https:\/\/compositemtl.ca\/en\/portfolio\/composite-36\/","title":{"rendered":"COMPOSITE #36"},"content":{"rendered":"<div class=\"vc-row-container container\"><div class=\"vc_row wpb_row vc_row-fluid\"><div class=\"wpb_column vc_column_container vc_col-sm-12\"><div class=\"vc_column-inner\"><div class=\"wpb_wrapper\">\n\t<div  class=\"wpb_single_image wpb_content_element vc_align_left\">\n\t\t\n\t\t<figure class=\"wpb_wrapper vc_figure\">\n\t\t\t<div class=\"vc_single_image-wrapper   vc_box_border_grey\"><img width=\"945\" height=\"495\" src=\"https:\/\/compositemtl.ca\/wp-content\/uploads\/2023\/08\/Composite36_cover_FB_event_1200x628px-1024x536.jpg\" class=\"vc_single_image-img attachment-large\" alt=\"\" loading=\"lazy\" title=\"Composite36_cover_FB_event_1200x628px\" srcset=\"https:\/\/compositemtl.ca\/wp-content\/uploads\/2023\/08\/Composite36_cover_FB_event_1200x628px-1024x536.jpg 1024w, https:\/\/compositemtl.ca\/wp-content\/uploads\/2023\/08\/Composite36_cover_FB_event_1200x628px-300x157.jpg 300w, https:\/\/compositemtl.ca\/wp-content\/uploads\/2023\/08\/Composite36_cover_FB_event_1200x628px-768x402.jpg 768w, https:\/\/compositemtl.ca\/wp-content\/uploads\/2023\/08\/Composite36_cover_FB_event_1200x628px-1536x804.jpg 1536w, https:\/\/compositemtl.ca\/wp-content\/uploads\/2023\/08\/Composite36_cover_FB_event_1200x628px-2048x1072.jpg 2048w, https:\/\/compositemtl.ca\/wp-content\/uploads\/2023\/08\/Composite36_cover_FB_event_1200x628px-18x9.jpg 18w, https:\/\/compositemtl.ca\/wp-content\/uploads\/2023\/08\/Composite36_cover_FB_event_1200x628px-1612x844.jpg 1612w, https:\/\/compositemtl.ca\/wp-content\/uploads\/2023\/08\/Composite36_cover_FB_event_1200x628px-1116x584.jpg 1116w, https:\/\/compositemtl.ca\/wp-content\/uploads\/2023\/08\/Composite36_cover_FB_event_1200x628px-806x422.jpg 806w, https:\/\/compositemtl.ca\/wp-content\/uploads\/2023\/08\/Composite36_cover_FB_event_1200x628px-558x292.jpg 558w, https:\/\/compositemtl.ca\/wp-content\/uploads\/2023\/08\/Composite36_cover_FB_event_1200x628px-655x343.jpg 655w, https:\/\/compositemtl.ca\/wp-content\/uploads\/2023\/08\/Composite36_cover_FB_event_1200x628px-24x13.jpg 24w, https:\/\/compositemtl.ca\/wp-content\/uploads\/2023\/08\/Composite36_cover_FB_event_1200x628px-36x19.jpg 36w, https:\/\/compositemtl.ca\/wp-content\/uploads\/2023\/08\/Composite36_cover_FB_event_1200x628px-48x25.jpg 48w\" sizes=\"(max-width: 945px) 100vw, 945px\" \/><\/div>\n\t\t<\/figure>\n\t<\/div>\n<\/div><\/div><\/div><\/div><\/div><div class=\"vc-row-container container\"><div class=\"vc_row wpb_row vc_row-fluid\"><div class=\"wpb_column vc_column_container vc_col-sm-12\"><div class=\"vc_column-inner\"><div class=\"wpb_wrapper\"><div class=\"vc_row wpb_row vc_inner vc_row-fluid vc_row-o-equal-height vc_row-flex\"><div class=\"wpb_column vc_column_container vc_col-sm-2\"><div class=\"vc_column-inner\"><div class=\"wpb_wrapper\">\n\t<div  class=\"wpb_single_image wpb_content_element vc_align_left\">\n\t\t\n\t\t<figure class=\"wpb_wrapper vc_figure\">\n\t\t\t<div class=\"vc_single_image-wrapper   vc_box_border_grey\"><img width=\"150\" height=\"150\" src=\"https:\/\/compositemtl.ca\/wp-content\/uploads\/2020\/11\/MAPP_LOGO__square_1-150x150.png\" class=\"vc_single_image-img attachment-thumbnail\" alt=\"\" loading=\"lazy\" title=\"MAPP_LOGO__square_1\" srcset=\"https:\/\/compositemtl.ca\/wp-content\/uploads\/2020\/11\/MAPP_LOGO__square_1-150x150.png 150w, https:\/\/compositemtl.ca\/wp-content\/uploads\/2020\/11\/MAPP_LOGO__square_1-300x300.png 300w, https:\/\/compositemtl.ca\/wp-content\/uploads\/2020\/11\/MAPP_LOGO__square_1-1024x1024.png 1024w, https:\/\/compositemtl.ca\/wp-content\/uploads\/2020\/11\/MAPP_LOGO__square_1-768x768.png 768w, https:\/\/compositemtl.ca\/wp-content\/uploads\/2020\/11\/MAPP_LOGO__square_1-1536x1536.png 1536w, https:\/\/compositemtl.ca\/wp-content\/uploads\/2020\/11\/MAPP_LOGO__square_1-12x12.png 12w, https:\/\/compositemtl.ca\/wp-content\/uploads\/2020\/11\/MAPP_LOGO__square_1-468x468.png 468w, https:\/\/compositemtl.ca\/wp-content\/uploads\/2020\/11\/MAPP_LOGO__square_1-1612x1612.png 1612w, https:\/\/compositemtl.ca\/wp-content\/uploads\/2020\/11\/MAPP_LOGO__square_1-1116x1116.png 1116w, https:\/\/compositemtl.ca\/wp-content\/uploads\/2020\/11\/MAPP_LOGO__square_1-806x806.png 806w, https:\/\/compositemtl.ca\/wp-content\/uploads\/2020\/11\/MAPP_LOGO__square_1-558x558.png 558w, https:\/\/compositemtl.ca\/wp-content\/uploads\/2020\/11\/MAPP_LOGO__square_1-655x655.png 655w, https:\/\/compositemtl.ca\/wp-content\/uploads\/2020\/11\/MAPP_LOGO__square_1-e1606511471795.png 160w\" sizes=\"(max-width: 150px) 100vw, 150px\" \/><\/div>\n\t\t<\/figure>\n\t<\/div>\n<\/div><\/div><\/div><div class=\"wpb_column vc_column_container vc_col-sm-10\"><div class=\"vc_column-inner\"><div class=\"wpb_wrapper\">\n\t<div class=\"wpb_text_column wpb_content_element  post-formatting\" >\n\t\t<div class=\"wpb_wrapper\">\n\t\t\t<div class=\"o9v6fnle cxmmr5t8 oygrvhab hcukyx3x c1et5uql\"><span style=\"color: #000000;\"><strong>ABOUT MAPP_MTL<\/strong><\/span><br \/>\n<span style=\"color: #000000;\"><a style=\"color: #000000;\" href=\"https:\/\/www.mappmtl.com\/\">https:\/\/www.mappmtl.com\/<\/a><\/span><br \/>\n<span style=\"color: #000000;\">MAPP_MTL is a non-profit organization whose main mission is to foster the development of projection mapping while providing a showcase for local and international talent. MAPP transforms public spaces into a creative playground!<\/span><\/div>\n\n\t\t<\/div>\n\t<\/div>\n<\/div><\/div><\/div><\/div><div class=\"vc_row wpb_row vc_inner vc_row-fluid vc_row-o-equal-height vc_row-flex\"><div class=\"wpb_column vc_column_container vc_col-sm-2\"><div class=\"vc_column-inner vc_custom_1636285911119\"><div class=\"wpb_wrapper\">\n\t<div  class=\"wpb_single_image wpb_content_element vc_align_left\">\n\t\t\n\t\t<figure class=\"wpb_wrapper vc_figure\">\n\t\t\t<div class=\"vc_single_image-wrapper   vc_box_border_grey\"><img width=\"300\" height=\"300\" src=\"https:\/\/compositemtl.ca\/wp-content\/uploads\/2023\/07\/Frame-MAPP-300x300.png\" class=\"vc_single_image-img attachment-medium\" alt=\"\" loading=\"lazy\" title=\"Frame MAPP\" srcset=\"https:\/\/compositemtl.ca\/wp-content\/uploads\/2023\/07\/Frame-MAPP-300x300.png 300w, https:\/\/compositemtl.ca\/wp-content\/uploads\/2023\/07\/Frame-MAPP-1024x1024.png 1024w, https:\/\/compositemtl.ca\/wp-content\/uploads\/2023\/07\/Frame-MAPP-150x150.png 150w, https:\/\/compositemtl.ca\/wp-content\/uploads\/2023\/07\/Frame-MAPP-768x768.png 768w, https:\/\/compositemtl.ca\/wp-content\/uploads\/2023\/07\/Frame-MAPP-12x12.png 12w, https:\/\/compositemtl.ca\/wp-content\/uploads\/2023\/07\/Frame-MAPP-468x468.png 468w, https:\/\/compositemtl.ca\/wp-content\/uploads\/2023\/07\/Frame-MAPP-806x806.png 806w, https:\/\/compositemtl.ca\/wp-content\/uploads\/2023\/07\/Frame-MAPP-558x558.png 558w, https:\/\/compositemtl.ca\/wp-content\/uploads\/2023\/07\/Frame-MAPP-655x655.png 655w, https:\/\/compositemtl.ca\/wp-content\/uploads\/2023\/07\/Frame-MAPP-24x24.png 24w, https:\/\/compositemtl.ca\/wp-content\/uploads\/2023\/07\/Frame-MAPP-36x36.png 36w, https:\/\/compositemtl.ca\/wp-content\/uploads\/2023\/07\/Frame-MAPP-48x48.png 48w, https:\/\/compositemtl.ca\/wp-content\/uploads\/2023\/07\/Frame-MAPP.png 1080w\" sizes=\"(max-width: 300px) 100vw, 300px\" \/><\/div>\n\t\t<\/figure>\n\t<\/div>\n<\/div><\/div><\/div><div class=\"wpb_column vc_column_container vc_col-sm-10\"><div class=\"vc_column-inner\"><div class=\"wpb_wrapper\">\n\t<div class=\"wpb_text_column wpb_content_element  post-formatting\" >\n\t\t<div class=\"wpb_wrapper\">\n\t\t\t<div class=\"o9v6fnle cxmmr5t8 oygrvhab hcukyx3x c1et5uql\"><span style=\"color: #000000;\"><strong>\u00c0 PROPOS DU CO-PR\u00c9SENTATEUR MILA<\/strong><\/span><br \/>\n<span style=\"color: #000000;\"><a style=\"color: #000000;\" href=\"https:\/\/mila.quebec\/\">https:\/\/mila.quebec\/<\/a><\/span><br \/>\n<span style=\"color: #000000;\">Situ\u00e9 au c\u0153ur de l\u2019\u00e9cosyst\u00e8me qu\u00e9b\u00e9cois en IA, Mila est une communaut\u00e9 de plus de 1000 chercheur\u00b7e\u00b7s sp\u00e9cialis\u00e9\u00b7e\u00b7s en apprentissage automatique et d\u00e9di\u00e9\u00b7e\u00b7s \u00e0 l\u2019excellence scientifique et l\u2019innovation. La communaut\u00e9 de Mila comprend aujourd\u2019hui la plus grande concentration de chercheur\u00b7e\u00b7s universitaires en apprentissage profond (deep learning) au monde. L\u2019institut se distingue par son expertise et ses innovations en langage de mod\u00e9lisation, en traduction automatique, en reconnaissance d\u2019objets et en mod\u00e8les g\u00e9n\u00e9ratifs.<\/span><\/div>\n\n\t\t<\/div>\n\t<\/div>\n<\/div><\/div><\/div><\/div><div class=\"vc_tta-container\" data-vc-action=\"collapse\"><div class=\"vc_general vc_tta vc_tta-accordion vc_tta-color-grey vc_tta-style-theme-styled vc_tta-shape-rounded vc_tta-o-shape-group vc_tta-controls-align-left\"><div class=\"vc_tta-panels-container\"><div class=\"vc_tta-panels\"><div class=\"vc_tta-panel vc_active\" id=\"1615266694506-469bc50c-30bc\" data-vc-content=\".vc_tta-panel-body\"><div class=\"vc_tta-panel-heading\"><h4 class=\"vc_tta-panel-title vc_tta-controls-icon-position-left\"><a href=\"#1615266694506-469bc50c-30bc\" data-vc-accordion data-vc-container=\".vc_tta-container\"><span class=\"vc_tta-title-text\">PearAI.Art, art algorithmique ou pas pour contrer les biais de genre en IA de Valentine Goddard<\/span><i class=\"vc_tta-controls-icon vc_tta-controls-icon-plus\"><\/i><\/a><\/h4><\/div><div class=\"vc_tta-panel-body\"><div class=\"vc_row wpb_row vc_inner vc_row-fluid vc_row-o-equal-height vc_row-flex\"><div class=\"wpb_column vc_column_container vc_col-sm-7\"><div class=\"vc_column-inner\"><div class=\"wpb_wrapper\">\n\t<div class=\"wpb_text_column wpb_content_element  post-formatting\" >\n\t\t<div class=\"wpb_wrapper\">\n\t\t\t<div class=\"x11i5rnm xat24cr x1mh8g0r x1vvkbs xtlvy1s x126k92a\">\n<div dir=\"auto\"><span style=\"color: #000000;\">PearAI.Art utilise l\u2019art algorithmique, cr\u00e9\u00e9 avec des donn\u00e9es fournies par des femmes\/womxn de plus de 40 pays, pour engager le public dans une exp\u00e9rience interactive et immersive de litt\u00e9ratie algorithmique ludique. Tant le mode de collecte de donn\u00e9es que la cr\u00e9ation des estampes num\u00e9riques font partie d&rsquo;une volont\u00e9 de r\u00e9appropriation f\u00e9ministe et intersectionnelle des syst\u00e8mes de g\u00e9n\u00e9ration d\u2019images. Bref, PearAI.Art, une exposition en ligne innovante. L\u2019objectif des oeuvres cr\u00e9es par Valentine Goddard est de contrer les biais (genre, culturels, \u00e2ge et raciaux) en art g\u00e9n\u00e9ratifs tout en favorisant une plus grand compr\u00e9hension des risques et potentiels de cette technologie \u00e9mergente pour les artistes en arts visuels. <\/span><\/div>\n<div dir=\"auto\"><\/div>\n<\/div>\n<div dir=\"auto\"><span style=\"color: #000000;\"><a style=\"color: #000000;\" href=\"https:\/\/pearai.art\/home.html\">More info<\/a><\/span><\/div>\n\n\t\t<\/div>\n\t<\/div>\n<\/div><\/div><\/div><div class=\"wpb_column vc_column_container vc_col-sm-5\"><div class=\"vc_column-inner\"><div class=\"wpb_wrapper\">\n\t<div  class=\"wpb_single_image wpb_content_element vc_align_left\">\n\t\t\n\t\t<figure class=\"wpb_wrapper vc_figure\">\n\t\t\t<div class=\"vc_single_image-wrapper   vc_box_border_grey\"><img width=\"921\" height=\"921\" src=\"https:\/\/compositemtl.ca\/wp-content\/uploads\/2023\/10\/380252239_664436792449948_7440697776279130056_n.jpg\" class=\"vc_single_image-img attachment-large\" alt=\"\" loading=\"lazy\" title=\"380252239_664436792449948_7440697776279130056_n\" srcset=\"https:\/\/compositemtl.ca\/wp-content\/uploads\/2023\/10\/380252239_664436792449948_7440697776279130056_n.jpg 921w, https:\/\/compositemtl.ca\/wp-content\/uploads\/2023\/10\/380252239_664436792449948_7440697776279130056_n-300x300.jpg 300w, https:\/\/compositemtl.ca\/wp-content\/uploads\/2023\/10\/380252239_664436792449948_7440697776279130056_n-150x150.jpg 150w, https:\/\/compositemtl.ca\/wp-content\/uploads\/2023\/10\/380252239_664436792449948_7440697776279130056_n-768x768.jpg 768w, https:\/\/compositemtl.ca\/wp-content\/uploads\/2023\/10\/380252239_664436792449948_7440697776279130056_n-12x12.jpg 12w, https:\/\/compositemtl.ca\/wp-content\/uploads\/2023\/10\/380252239_664436792449948_7440697776279130056_n-468x468.jpg 468w, https:\/\/compositemtl.ca\/wp-content\/uploads\/2023\/10\/380252239_664436792449948_7440697776279130056_n-806x806.jpg 806w, https:\/\/compositemtl.ca\/wp-content\/uploads\/2023\/10\/380252239_664436792449948_7440697776279130056_n-558x558.jpg 558w, https:\/\/compositemtl.ca\/wp-content\/uploads\/2023\/10\/380252239_664436792449948_7440697776279130056_n-655x655.jpg 655w, https:\/\/compositemtl.ca\/wp-content\/uploads\/2023\/10\/380252239_664436792449948_7440697776279130056_n-24x24.jpg 24w, https:\/\/compositemtl.ca\/wp-content\/uploads\/2023\/10\/380252239_664436792449948_7440697776279130056_n-36x36.jpg 36w, https:\/\/compositemtl.ca\/wp-content\/uploads\/2023\/10\/380252239_664436792449948_7440697776279130056_n-48x48.jpg 48w\" sizes=\"(max-width: 921px) 100vw, 921px\" \/><\/div>\n\t\t<\/figure>\n\t<\/div>\n<\/div><\/div><\/div><\/div><\/div><\/div><div class=\"vc_tta-panel\" id=\"1615266693209-289dee62-9df4\" data-vc-content=\".vc_tta-panel-body\"><div class=\"vc_tta-panel-heading\"><h4 class=\"vc_tta-panel-title vc_tta-controls-icon-position-left\"><a href=\"#1615266693209-289dee62-9df4\" data-vc-accordion data-vc-container=\".vc_tta-container\"><span class=\"vc_tta-title-text\">PROJEXION - M\u00c9LISSA NADEAU<\/span><i class=\"vc_tta-controls-icon vc_tta-controls-icon-plus\"><\/i><\/a><\/h4><\/div><div class=\"vc_tta-panel-body\"><div class=\"vc_row wpb_row vc_inner vc_row-fluid vc_row-o-equal-height vc_row-flex\"><div class=\"wpb_column vc_column_container vc_col-sm-5\"><div class=\"vc_column-inner\"><div class=\"wpb_wrapper\">\n\t<div  class=\"wpb_single_image wpb_content_element vc_align_left\">\n\t\t\n\t\t<figure class=\"wpb_wrapper vc_figure\">\n\t\t\t<div class=\"vc_single_image-wrapper   vc_box_border_grey\"><img width=\"945\" height=\"630\" src=\"https:\/\/compositemtl.ca\/wp-content\/uploads\/2023\/07\/357355416_619790236914604_4985478804091201567_n-1024x683.jpg\" class=\"vc_single_image-img attachment-large\" alt=\"\" loading=\"lazy\" title=\"357355416_619790236914604_4985478804091201567_n\" srcset=\"https:\/\/compositemtl.ca\/wp-content\/uploads\/2023\/07\/357355416_619790236914604_4985478804091201567_n-1024x683.jpg 1024w, https:\/\/compositemtl.ca\/wp-content\/uploads\/2023\/07\/357355416_619790236914604_4985478804091201567_n-300x200.jpg 300w, https:\/\/compositemtl.ca\/wp-content\/uploads\/2023\/07\/357355416_619790236914604_4985478804091201567_n-768x512.jpg 768w, https:\/\/compositemtl.ca\/wp-content\/uploads\/2023\/07\/357355416_619790236914604_4985478804091201567_n-18x12.jpg 18w, https:\/\/compositemtl.ca\/wp-content\/uploads\/2023\/07\/357355416_619790236914604_4985478804091201567_n-1116x744.jpg 1116w, https:\/\/compositemtl.ca\/wp-content\/uploads\/2023\/07\/357355416_619790236914604_4985478804091201567_n-806x537.jpg 806w, https:\/\/compositemtl.ca\/wp-content\/uploads\/2023\/07\/357355416_619790236914604_4985478804091201567_n-558x372.jpg 558w, https:\/\/compositemtl.ca\/wp-content\/uploads\/2023\/07\/357355416_619790236914604_4985478804091201567_n-655x437.jpg 655w, https:\/\/compositemtl.ca\/wp-content\/uploads\/2023\/07\/357355416_619790236914604_4985478804091201567_n-24x16.jpg 24w, https:\/\/compositemtl.ca\/wp-content\/uploads\/2023\/07\/357355416_619790236914604_4985478804091201567_n-36x24.jpg 36w, https:\/\/compositemtl.ca\/wp-content\/uploads\/2023\/07\/357355416_619790236914604_4985478804091201567_n-48x32.jpg 48w, https:\/\/compositemtl.ca\/wp-content\/uploads\/2023\/07\/357355416_619790236914604_4985478804091201567_n.jpg 1536w\" sizes=\"(max-width: 945px) 100vw, 945px\" \/><\/div>\n\t\t<\/figure>\n\t<\/div>\n<\/div><\/div><\/div><div class=\"wpb_column vc_column_container vc_col-sm-7\"><div class=\"vc_column-inner\"><div class=\"wpb_wrapper\">\n\t<div class=\"wpb_text_column wpb_content_element  post-formatting\" >\n\t\t<div class=\"wpb_wrapper\">\n\t\t\t<div class=\"x11i5rnm xat24cr x1mh8g0r x1vvkbs xtlvy1s x126k92a\">\n<div dir=\"auto\">\n<div class=\"x11i5rnm xat24cr x1mh8g0r x1vvkbs xtlvy1s x126k92a\">\n<div dir=\"auto\"><span style=\"color: #000000;\">Au d\u00e9part, PROJEXION est une galerie de cr\u00e9ations personnelles de jeunes de partout dans le monde \u00e2g\u00e9s entre 11 et 18 ans. Par sa port\u00e9e internationale, il a permis aux voix d&rsquo;\u00e9l\u00e8ves d&rsquo;une \u00e9cole secondaire de Laval de s&rsquo;unir \u00e0 celles de milliers de jeunes du m\u00eame \u00e2ge, \u00e0 travers une vingtaine de pays et une quarantaine d\u2019\u00e9coles, afin qu&rsquo;ensemble, ils puissent partager au monde entier leur vision d&rsquo;un avenir meilleur. Par le mouvement tr\u00e8s avant-gardiste Solarpunk, il a invit\u00e9 les jeunes \u00e0 r\u00e9fl\u00e9chir et \u00e0 cr\u00e9er autrement.<\/span><\/div>\n<div dir=\"auto\"><\/div>\n<\/div>\n<div class=\"x11i5rnm xat24cr x1mh8g0r x1vvkbs xtlvy1s x126k92a\">\n<div dir=\"auto\"><span style=\"color: #000000;\">De plus, PROJEXION a \u00e9t\u00e9 un projet \u00e0 plusieurs volets. L&rsquo;id\u00e9e \u00e9tait d&rsquo;offrir une visibilit\u00e9 la plus grande possible au projet en le sortant de l\u2019ordinateur afin d&rsquo;en cr\u00e9er un montage num\u00e9rique qui rassemble toutes les \u0153uvres pour en faire vivre une exp\u00e9rience unique \u00e0 l\u2019aide de partenaires dans l\u2019univers de l&rsquo;immersion. \u00c0 l\u2019heure o\u00f9 la dystopie semble mener autant la fiction que la r\u00e9alit\u00e9, pourquoi ne pas s\u2019engager dans la construction d\u2019utopies positives par le biais des arts visuels?<\/span><\/div>\n<div dir=\"auto\"><\/div>\n<\/div>\n<div dir=\"auto\"><span style=\"color: #000000;\"><a style=\"color: #000000;\" href=\"https:\/\/www.projexion.me\/\">More info<\/a><\/span><\/div>\n<\/div>\n<\/div>\n\n\t\t<\/div>\n\t<\/div>\n<\/div><\/div><\/div><\/div><\/div><\/div><div class=\"vc_tta-panel\" id=\"1615266720284-c57b8713-8298\" data-vc-content=\".vc_tta-panel-body\"><div class=\"vc_tta-panel-heading\"><h4 class=\"vc_tta-panel-title vc_tta-controls-icon-position-left\"><a href=\"#1615266720284-c57b8713-8298\" data-vc-accordion data-vc-container=\".vc_tta-container\"><span class=\"vc_tta-title-text\">1 Drop 1000 years de 14 lieux<\/span><i class=\"vc_tta-controls-icon vc_tta-controls-icon-plus\"><\/i><\/a><\/h4><\/div><div class=\"vc_tta-panel-body\"><div class=\"vc_row wpb_row vc_inner vc_row-fluid vc_row-o-equal-height vc_row-flex\"><div class=\"wpb_column vc_column_container vc_col-sm-7\"><div class=\"vc_column-inner\"><div class=\"wpb_wrapper\">\n\t<div class=\"wpb_text_column wpb_content_element  post-formatting\" >\n\t\t<div class=\"wpb_wrapper\">\n\t\t\t<div class=\"x11i5rnm xat24cr x1mh8g0r x1vvkbs xtlvy1s x126k92a\">\n<div dir=\"auto\"><span style=\"color: #000000;\">1 DROP 1000 YEARS<\/span><\/div>\n<div dir=\"auto\"><\/div>\n<div dir=\"auto\"><span style=\"color: #000000;\">L&rsquo;hom\u00e9ostasie est un processus fondamental pour l\u2019\u00e9quilibre du vivant. En permettant \u00e0 un organisme de conserver une temp\u00e9rature adapt\u00e9e \u00e0 son environnement, c\u2019est un symbole de p\u00e9rennit\u00e9. En 2022, le curateur Jaehoon Bang propose \u00e0 Martin Messier d&rsquo;entamer une r\u00e9flexion sur ce ph\u00e9nom\u00e8ne via la cr\u00e9ation d\u2019une performance.<\/span><\/div>\n<div dir=\"auto\"><\/div>\n<\/div>\n<div class=\"x11i5rnm xat24cr x1mh8g0r x1vvkbs xtlvy1s x126k92a\">\n<div dir=\"auto\"><span style=\"color: #000000;\">La Global Conveyor Belt est un immense courant de circulation oc\u00e9anique que l\u2019on nomme boucle thermohaline, il brasse les eaux des cinq oc\u00e9ans et convoie la chaleur \u00e0 l&rsquo;\u00e9chelle du monde. Port\u00e9e par les flots de cette circulation profonde, une goutte d\u2019eau traverse le monde en moins de mille ans et, avec elle, voyagent nutriments, chaleurs et animaux, r\u00e9gulant ainsi l\u2019ensemble du climat et des \u00e9cosyst\u00e8mes de notre plan\u00e8te. Nous savons aujourd\u2019hui que ce courant ralentit de mani\u00e8re anormale depuis plus de 200 ans \u00e0 cause de l\u2019activit\u00e9 de l\u2019homme. Un trop grand d\u00e9r\u00e8glement de ce dernier pourrait mener \u00e0 un effondrement du vivant par le d\u00e9r\u00e8glement climatique : l\u2019eau est la mati\u00e8re du vivant.<\/span><\/div>\n<div dir=\"auto\"><\/div>\n<\/div>\n<div class=\"x11i5rnm xat24cr x1mh8g0r x1vvkbs xtlvy1s x126k92a\">\n<div dir=\"auto\"><span style=\"color: #000000;\">Cherchant \u00e0 mettre en lumi\u00e8re la finesse de notre syst\u00e8me hom\u00e9ostatique et la fragilit\u00e9 de son \u00e9quilibre, l\u2019artiste propose une r\u00e9flexion autour de ces courants essentiels \u00e0 la survie de notre esp\u00e8ce et de son environnement. Programm\u00e9e pour une premi\u00e8re au Canada \u00e0 l\u2019usine C en ao\u00fbt 2023, la performance sera ensuite diffus\u00e9e en Cor\u00e9e du Sud en septembre dans le cadre de la deuxi\u00e8me saison du festival international Inscape.<\/span><\/div>\n<\/div>\n<p><span style=\"color: #000000;\"><a style=\"color: #000000;\" href=\"https:\/\/martinmessier.art\/\">More info<\/a><\/span><\/p>\n\n\t\t<\/div>\n\t<\/div>\n<\/div><\/div><\/div><div class=\"wpb_column vc_column_container vc_col-sm-5\"><div class=\"vc_column-inner\"><div class=\"wpb_wrapper\">\n\t<div  class=\"wpb_single_image wpb_content_element vc_align_left\">\n\t\t\n\t\t<figure class=\"wpb_wrapper vc_figure\">\n\t\t\t<div class=\"vc_single_image-wrapper   vc_box_border_grey\"><img width=\"945\" height=\"530\" src=\"https:\/\/compositemtl.ca\/wp-content\/uploads\/2023\/10\/378199305_662497525977208_262934797862242184_n-1024x574.jpg\" class=\"vc_single_image-img attachment-large\" alt=\"\" loading=\"lazy\" title=\"378199305_662497525977208_262934797862242184_n\" srcset=\"https:\/\/compositemtl.ca\/wp-content\/uploads\/2023\/10\/378199305_662497525977208_262934797862242184_n-1024x574.jpg 1024w, https:\/\/compositemtl.ca\/wp-content\/uploads\/2023\/10\/378199305_662497525977208_262934797862242184_n-300x168.jpg 300w, https:\/\/compositemtl.ca\/wp-content\/uploads\/2023\/10\/378199305_662497525977208_262934797862242184_n-768x430.jpg 768w, https:\/\/compositemtl.ca\/wp-content\/uploads\/2023\/10\/378199305_662497525977208_262934797862242184_n-1536x860.jpg 1536w, https:\/\/compositemtl.ca\/wp-content\/uploads\/2023\/10\/378199305_662497525977208_262934797862242184_n-18x10.jpg 18w, https:\/\/compositemtl.ca\/wp-content\/uploads\/2023\/10\/378199305_662497525977208_262934797862242184_n-1612x903.jpg 1612w, https:\/\/compositemtl.ca\/wp-content\/uploads\/2023\/10\/378199305_662497525977208_262934797862242184_n-1116x625.jpg 1116w, https:\/\/compositemtl.ca\/wp-content\/uploads\/2023\/10\/378199305_662497525977208_262934797862242184_n-806x451.jpg 806w, https:\/\/compositemtl.ca\/wp-content\/uploads\/2023\/10\/378199305_662497525977208_262934797862242184_n-558x313.jpg 558w, https:\/\/compositemtl.ca\/wp-content\/uploads\/2023\/10\/378199305_662497525977208_262934797862242184_n-655x367.jpg 655w, https:\/\/compositemtl.ca\/wp-content\/uploads\/2023\/10\/378199305_662497525977208_262934797862242184_n-24x13.jpg 24w, https:\/\/compositemtl.ca\/wp-content\/uploads\/2023\/10\/378199305_662497525977208_262934797862242184_n-36x20.jpg 36w, https:\/\/compositemtl.ca\/wp-content\/uploads\/2023\/10\/378199305_662497525977208_262934797862242184_n-48x27.jpg 48w, https:\/\/compositemtl.ca\/wp-content\/uploads\/2023\/10\/378199305_662497525977208_262934797862242184_n.jpg 2048w\" sizes=\"(max-width: 945px) 100vw, 945px\" \/><\/div>\n\t\t<\/figure>\n\t<\/div>\n<\/div><\/div><\/div><\/div><\/div><\/div><div class=\"vc_tta-panel\" id=\"1615266723677-cc25432c-0b4b\" data-vc-content=\".vc_tta-panel-body\"><div class=\"vc_tta-panel-heading\"><h4 class=\"vc_tta-panel-title vc_tta-controls-icon-position-left\"><a href=\"#1615266723677-cc25432c-0b4b\" data-vc-accordion data-vc-container=\".vc_tta-container\"><span class=\"vc_tta-title-text\">Chom5ky vs Chomsky de l\u2019ONF studio interactif<\/span><i class=\"vc_tta-controls-icon vc_tta-controls-icon-plus\"><\/i><\/a><\/h4><\/div><div class=\"vc_tta-panel-body\"><div class=\"vc_row wpb_row vc_inner vc_row-fluid vc_row-o-equal-height vc_row-flex\"><div class=\"wpb_column vc_column_container vc_col-sm-5\"><div class=\"vc_column-inner\"><div class=\"wpb_wrapper\">\n\t<div  class=\"wpb_single_image wpb_content_element vc_align_left\">\n\t\t\n\t\t<figure class=\"wpb_wrapper vc_figure\">\n\t\t\t<div class=\"vc_single_image-wrapper   vc_box_border_grey\"><img width=\"324\" height=\"324\" src=\"https:\/\/compositemtl.ca\/wp-content\/uploads\/2023\/10\/379903246_661921822701445_8714633599347590723_n.jpg\" class=\"vc_single_image-img attachment-large\" alt=\"\" loading=\"lazy\" title=\"379903246_661921822701445_8714633599347590723_n\" srcset=\"https:\/\/compositemtl.ca\/wp-content\/uploads\/2023\/10\/379903246_661921822701445_8714633599347590723_n.jpg 324w, https:\/\/compositemtl.ca\/wp-content\/uploads\/2023\/10\/379903246_661921822701445_8714633599347590723_n-300x300.jpg 300w, https:\/\/compositemtl.ca\/wp-content\/uploads\/2023\/10\/379903246_661921822701445_8714633599347590723_n-150x150.jpg 150w, https:\/\/compositemtl.ca\/wp-content\/uploads\/2023\/10\/379903246_661921822701445_8714633599347590723_n-12x12.jpg 12w, https:\/\/compositemtl.ca\/wp-content\/uploads\/2023\/10\/379903246_661921822701445_8714633599347590723_n-24x24.jpg 24w, https:\/\/compositemtl.ca\/wp-content\/uploads\/2023\/10\/379903246_661921822701445_8714633599347590723_n-36x36.jpg 36w, https:\/\/compositemtl.ca\/wp-content\/uploads\/2023\/10\/379903246_661921822701445_8714633599347590723_n-48x48.jpg 48w\" sizes=\"(max-width: 324px) 100vw, 324px\" \/><\/div>\n\t\t<\/figure>\n\t<\/div>\n<\/div><\/div><\/div><div class=\"wpb_column vc_column_container vc_col-sm-7\"><div class=\"vc_column-inner\"><div class=\"wpb_wrapper\">\n\t<div class=\"wpb_text_column wpb_content_element  post-formatting\" >\n\t\t<div class=\"wpb_wrapper\">\n\t\t\t<div class=\"x11i5rnm xat24cr x1mh8g0r x1vvkbs xtlvy1s x126k92a\">\n<div dir=\"auto\"><span style=\"color: #000000;\">CHOM5KY vs CHOMSKY : une curieuse conversation sur l\u2019intelligence artificielle est une exp\u00e9rience de r\u00e9alit\u00e9 virtuelle collaborative qui nous invite \u00e0 contempler le potentiel de l\u2019IA en apprenant \u00e0 mieux conna\u00eetre son fonctionnement, \u00e0 d\u00e9celer ses limites et ainsi \u00e0 mieux concevoir ensemble ses possibles applications. Si notre avenir passe n\u00e9cessairement par l\u2019IA, nous devons tous et toutes pouvoir faire partie de la conversation. Quel genre de pratiques souhaitons-nous reproduire ? Comment int\u00e9grer l\u2019IA dans un itin\u00e9raire qui respecte notre libre arbitre ? Et que sommes-nous pr\u00eats \u00e0 mettre de c\u00f4t\u00e9 pour parvenir \u00e0 destination ?<\/span><\/div>\n<div dir=\"auto\"><\/div>\n<\/div>\n<div dir=\"auto\"><span style=\"color: #000000;\"><a style=\"color: #000000;\" href=\"https:\/\/www.onf.ca\/interactif\/chomsky\/\">More info<\/a><\/span><\/div>\n\n\t\t<\/div>\n\t<\/div>\n<\/div><\/div><\/div><\/div><\/div><\/div><div class=\"vc_tta-panel\" id=\"1615266702621-64526199-fdba\" data-vc-content=\".vc_tta-panel-body\"><div class=\"vc_tta-panel-heading\"><h4 class=\"vc_tta-panel-title vc_tta-controls-icon-position-left\"><a href=\"#1615266702621-64526199-fdba\" data-vc-accordion data-vc-container=\".vc_tta-container\"><span class=\"vc_tta-title-text\">Montr\u00e9al en devenir. Duncan, peintre du 19e X Cartographies mentales du Mus\u00e9e McCord Stewart \/ Catherine K. Laflamme et St\u00e9phanie Poisson<\/span><i class=\"vc_tta-controls-icon vc_tta-controls-icon-plus\"><\/i><\/a><\/h4><\/div><div class=\"vc_tta-panel-body\"><div class=\"vc_row wpb_row vc_inner vc_row-fluid vc_row-o-equal-height vc_row-flex\"><div class=\"wpb_column vc_column_container vc_col-sm-7\"><div class=\"vc_column-inner\"><div class=\"wpb_wrapper\">\n\t<div class=\"wpb_text_column wpb_content_element  post-formatting\" >\n\t\t<div class=\"wpb_wrapper\">\n\t\t\t<div class=\"x11i5rnm xat24cr x1mh8g0r x1vvkbs xtlvy1s x126k92a\">\n<div dir=\"auto\"><span style=\"color: #000000;\">L\u2019\u0153uvre Cartographies mentales du studio d\u2019art num\u00e9rique Iregular s\u2019inscrit dans l\u2019exposition Montr\u00e9al en devenir \u2013 Duncan, peintre du 19e si\u00e8cle. V\u00e9ritable chroniqueur de son temps, Duncan documente l\u2019\u00e9volution de Montr\u00e9al au cours des cinq d\u00e9cennies o\u00f9 il y est actif, de 1830 \u00e0 1880. R\u00e9unies pour la premi\u00e8re fois, une centaine de ses \u0153uvres offrent une plong\u00e9e unique dans la ville du 19e si\u00e8cle. En guise d\u2019\u00e9pilogue \u00e0 cette exposition l\u2019\u0153uvre num\u00e9rique d\u2019Iregular r\u00e9interpr\u00e8te les \u0153uvres de Duncan, sous la forme d\u2019images de synth\u00e8se issues de l\u2019intelligence artificielle, proposant un univers recompos\u00e9 et des paysages r\u00eav\u00e9s d\u2019un Montr\u00e9al qui n\u2019est plus.<\/span><\/div>\n<\/div>\n<div class=\"x11i5rnm xat24cr x1mh8g0r x1vvkbs xtlvy1s x126k92a\">\n<div dir=\"auto\"><\/div>\n<div dir=\"auto\"><span style=\"color: #000000;\"><a style=\"color: #000000;\" href=\"https:\/\/www.musee-mccord-stewart.ca\/fr\/audio-video\/cartographies-mentales-iregular-daniel-iregui\/\">More info<\/a><\/span><\/div>\n<\/div>\n<div class=\"x11i5rnm xat24cr x1mh8g0r x1vvkbs xtlvy1s x126k92a\"><\/div>\n\n\t\t<\/div>\n\t<\/div>\n<\/div><\/div><\/div><div class=\"wpb_column vc_column_container vc_col-sm-5\"><div class=\"vc_column-inner\"><div class=\"wpb_wrapper\">\n\t<div  class=\"wpb_single_image wpb_content_element vc_align_left\">\n\t\t\n\t\t<figure class=\"wpb_wrapper vc_figure\">\n\t\t\t<div class=\"vc_single_image-wrapper   vc_box_border_grey\"><img width=\"945\" height=\"635\" src=\"https:\/\/compositemtl.ca\/wp-content\/uploads\/2023\/10\/379860442_663074509252843_3187191418764167822_n-1024x688.jpg\" class=\"vc_single_image-img attachment-large\" alt=\"\" loading=\"lazy\" title=\"379860442_663074509252843_3187191418764167822_n\" srcset=\"https:\/\/compositemtl.ca\/wp-content\/uploads\/2023\/10\/379860442_663074509252843_3187191418764167822_n-1024x688.jpg 1024w, https:\/\/compositemtl.ca\/wp-content\/uploads\/2023\/10\/379860442_663074509252843_3187191418764167822_n-300x202.jpg 300w, https:\/\/compositemtl.ca\/wp-content\/uploads\/2023\/10\/379860442_663074509252843_3187191418764167822_n-768x516.jpg 768w, https:\/\/compositemtl.ca\/wp-content\/uploads\/2023\/10\/379860442_663074509252843_3187191418764167822_n-18x12.jpg 18w, https:\/\/compositemtl.ca\/wp-content\/uploads\/2023\/10\/379860442_663074509252843_3187191418764167822_n-1116x750.jpg 1116w, https:\/\/compositemtl.ca\/wp-content\/uploads\/2023\/10\/379860442_663074509252843_3187191418764167822_n-806x541.jpg 806w, https:\/\/compositemtl.ca\/wp-content\/uploads\/2023\/10\/379860442_663074509252843_3187191418764167822_n-558x375.jpg 558w, https:\/\/compositemtl.ca\/wp-content\/uploads\/2023\/10\/379860442_663074509252843_3187191418764167822_n-655x440.jpg 655w, https:\/\/compositemtl.ca\/wp-content\/uploads\/2023\/10\/379860442_663074509252843_3187191418764167822_n-24x16.jpg 24w, https:\/\/compositemtl.ca\/wp-content\/uploads\/2023\/10\/379860442_663074509252843_3187191418764167822_n-36x24.jpg 36w, https:\/\/compositemtl.ca\/wp-content\/uploads\/2023\/10\/379860442_663074509252843_3187191418764167822_n-48x32.jpg 48w, https:\/\/compositemtl.ca\/wp-content\/uploads\/2023\/10\/379860442_663074509252843_3187191418764167822_n.jpg 1200w\" sizes=\"(max-width: 945px) 100vw, 945px\" \/><\/div>\n\t\t<\/figure>\n\t<\/div>\n<\/div><\/div><\/div><\/div><\/div><\/div><div class=\"vc_tta-panel\" id=\"1696951647609-1f11383b-5b07\" data-vc-content=\".vc_tta-panel-body\"><div class=\"vc_tta-panel-heading\"><h4 class=\"vc_tta-panel-title vc_tta-controls-icon-position-left\"><a href=\"#1696951647609-1f11383b-5b07\" data-vc-accordion data-vc-container=\".vc_tta-container\"><span class=\"vc_tta-title-text\">Revisiter La cancha de SPHERE(S) Lab \/ Colas Wohlfahrt<\/span><i class=\"vc_tta-controls-icon vc_tta-controls-icon-plus\"><\/i><\/a><\/h4><\/div><div class=\"vc_tta-panel-body\"><div class=\"vc_row wpb_row vc_inner vc_row-fluid vc_row-o-equal-height vc_row-flex\"><div class=\"wpb_column vc_column_container vc_col-sm-7\"><div class=\"vc_column-inner\"><div class=\"wpb_wrapper\">\n\t<div class=\"wpb_text_column wpb_content_element  post-formatting\" >\n\t\t<div class=\"wpb_wrapper\">\n\t\t\t<div class=\"x11i5rnm xat24cr x1mh8g0r x1vvkbs xtlvy1s x126k92a\">\n<div dir=\"auto\">\n<div class=\"x11i5rnm xat24cr x1mh8g0r x1vvkbs xtlvy1s x126k92a\">\n<div dir=\"auto\"><span style=\"color: #000000;\">Dans le cadre du SPHERE(S) Lab, lanc\u00e9 en vue de la cr\u00e9ation d&rsquo;un \u00e9v\u00e9nement international majeur bas\u00e9 dans le Grand Montr\u00e9al, La Cancha se d\u00e9veloppe sous forme de r\u00e9alit\u00e9 augment\u00e9e (RA) et sera bient\u00f4t accessible avec une app t\u00e9l\u00e9charg\u00e9e sur votre cellulaire. SPHERE(S) vise \u00e0 examiner \u00e0 travers des projets contemporains les traces de l&rsquo;imaginaire collectif et individuel des communaut\u00e9s immigrantes sur le territoire. Ce projet est important, car il constitue un tournant dans la fa\u00e7on d\u2019investir le territoire sur le plan artistique et culturel. Le projet La Cancha, initi\u00e9 par le Lab en 2023, est port\u00e9 par Romeo Gongora, Colas Wohlfahrt, Jon Yu et Chantal Pontbriand. Il innove en donnant une voix \u00e0 ce pan de notre histoire commune tout en explorant la fine pointe des technologies multim\u00e9dia actuelles.<\/span><\/div>\n<\/div>\n<div class=\"x11i5rnm xat24cr x1mh8g0r x1vvkbs xtlvy1s x126k92a\">\n<div dir=\"auto\"><span style=\"color: #000000;\">C\u2019\u00e9tait \u00e0 la cancha (terrain de soccer, en espagnol) que se concluait chaque ann\u00e9e la parade anim\u00e9e par les Guat\u00e9malt\u00e8ques, organis\u00e9e par leur club social, El Club Tikal Guatemala, situ\u00e9 rue Rachel \u00e0 Montr\u00e9al dans les ann\u00e9es 1970. Revisitez en r\u00e9alit\u00e9 augment\u00e9e les principaux lieux anim\u00e9s par la parade en suivant le parcours initial de l&rsquo;\u00e9v\u00e9nement dans le quartier adjacent au Parc Jeanne-Mance.<\/span><\/div>\n<\/div>\n<\/div>\n<\/div>\n<div class=\"x11i5rnm xat24cr x1mh8g0r x1vvkbs xtlvy1s x126k92a\">\n<div dir=\"auto\"><\/div>\n<div dir=\"auto\"><span style=\"color: #000000;\"><a style=\"color: #000000;\" href=\"https:\/\/actualites.uqam.ca\/2023\/sur-les-traces-dune-communaute-immigrante\/\">More info<\/a><\/span><\/div>\n<\/div>\n<div class=\"x11i5rnm xat24cr x1mh8g0r x1vvkbs xtlvy1s x126k92a\"><\/div>\n\n\t\t<\/div>\n\t<\/div>\n<\/div><\/div><\/div><div class=\"wpb_column vc_column_container vc_col-sm-5\"><div class=\"vc_column-inner\"><div class=\"wpb_wrapper\">\n\t<div  class=\"wpb_single_image wpb_content_element vc_align_left\">\n\t\t\n\t\t<figure class=\"wpb_wrapper vc_figure\">\n\t\t\t<div class=\"vc_single_image-wrapper   vc_box_border_grey\"><img width=\"945\" height=\"945\" src=\"https:\/\/compositemtl.ca\/wp-content\/uploads\/2023\/10\/379610065_662500112643616_712849101435262082_n-1024x1024.jpg\" class=\"vc_single_image-img attachment-large\" alt=\"\" loading=\"lazy\" title=\"379610065_662500112643616_712849101435262082_n\" srcset=\"https:\/\/compositemtl.ca\/wp-content\/uploads\/2023\/10\/379610065_662500112643616_712849101435262082_n-1024x1024.jpg 1024w, https:\/\/compositemtl.ca\/wp-content\/uploads\/2023\/10\/379610065_662500112643616_712849101435262082_n-300x300.jpg 300w, https:\/\/compositemtl.ca\/wp-content\/uploads\/2023\/10\/379610065_662500112643616_712849101435262082_n-150x150.jpg 150w, https:\/\/compositemtl.ca\/wp-content\/uploads\/2023\/10\/379610065_662500112643616_712849101435262082_n-768x768.jpg 768w, https:\/\/compositemtl.ca\/wp-content\/uploads\/2023\/10\/379610065_662500112643616_712849101435262082_n-12x12.jpg 12w, https:\/\/compositemtl.ca\/wp-content\/uploads\/2023\/10\/379610065_662500112643616_712849101435262082_n-468x468.jpg 468w, https:\/\/compositemtl.ca\/wp-content\/uploads\/2023\/10\/379610065_662500112643616_712849101435262082_n-1116x1116.jpg 1116w, https:\/\/compositemtl.ca\/wp-content\/uploads\/2023\/10\/379610065_662500112643616_712849101435262082_n-806x806.jpg 806w, https:\/\/compositemtl.ca\/wp-content\/uploads\/2023\/10\/379610065_662500112643616_712849101435262082_n-558x558.jpg 558w, https:\/\/compositemtl.ca\/wp-content\/uploads\/2023\/10\/379610065_662500112643616_712849101435262082_n-655x655.jpg 655w, https:\/\/compositemtl.ca\/wp-content\/uploads\/2023\/10\/379610065_662500112643616_712849101435262082_n-24x24.jpg 24w, https:\/\/compositemtl.ca\/wp-content\/uploads\/2023\/10\/379610065_662500112643616_712849101435262082_n-36x36.jpg 36w, https:\/\/compositemtl.ca\/wp-content\/uploads\/2023\/10\/379610065_662500112643616_712849101435262082_n-48x48.jpg 48w, https:\/\/compositemtl.ca\/wp-content\/uploads\/2023\/10\/379610065_662500112643616_712849101435262082_n.jpg 1433w\" sizes=\"(max-width: 945px) 100vw, 945px\" \/><\/div>\n\t\t<\/figure>\n\t<\/div>\n<\/div><\/div><\/div><\/div><\/div><\/div><\/div><\/div><\/div><\/div><\/div><\/div><\/div><\/div><\/div><div class=\"vc-row-container container\"><div class=\"vc_row wpb_row vc_row-fluid\"><div class=\"wpb_column vc_column_container vc_col-sm-12\"><div class=\"vc_column-inner\"><div class=\"wpb_wrapper\">\n\t<div class=\"wpb_text_column wpb_content_element  post-formatting\" >\n\t\t<div class=\"wpb_wrapper\">\n\t\t\t<div class=\"\" data-block=\"true\" data-editor=\"15a76\" data-offset-key=\"3ab8q-0-0\">\n<h3 class=\"_1mf _1mj\" data-offset-key=\"3ab8q-0-0\"><span style=\"color: #000000;\"><strong>Minute announce and inspiration:<\/strong><\/span><\/h3>\n<p>&nbsp;<\/p>\n<\/div>\n<ul>\n<li class=\"_1mf _1mj\" data-offset-key=\"3enjd-0-0\"><span style=\"color: #000000;\">Hypnagogia de Jean-Philippe Jullin<\/span><\/li>\n<li class=\"_1mf _1mj\" data-offset-key=\"3enjd-0-0\"><span style=\"color: #000000;\">Webbed Feet de Ciaran Dougherty &amp; Rafa Aslan<\/span><\/li>\n<li class=\"_1mf _1mj\" data-offset-key=\"3enjd-0-0\"><span style=\"color: #000000;\">Aberdeen 5055 de Jonah Hach\u00e9<\/span><\/li>\n<li class=\"_1mf _1mj\" data-offset-key=\"3enjd-0-0\"><span style=\"color: #000000;\">Enhancing Clustering Techniques with Interpretability, Deep Learning, and<\/span><\/li>\n<li class=\"_1mf _1mj\" data-offset-key=\"3enjd-0-0\"><span style=\"color: #000000;\">User Interaction de Kiruthika Subramani<\/span><\/li>\n<li class=\"_1mf _1mj\" data-offset-key=\"3enjd-0-0\"><span style=\"color: #000000;\">Results du Studio PHI \/ \u00c9douard Lanct\u00f4t<\/span><\/li>\n<\/ul>\n\n\t\t<\/div>\n\t<\/div>\n<\/div><\/div><\/div><\/div><\/div>","protected":false},"excerpt":{"rendered":"<p>27 septembre 2023 &#8211; pr\u00e9sent\u00e9 par MAPP_MTL, en collaboration avec le Mila<\/p>","protected":false},"author":3,"featured_media":3126,"comment_status":"open","ping_status":"closed","template":"","meta":[],"portfolio_category":[23],"portfolio_tag":[],"acf":[],"_links":{"self":[{"href":"https:\/\/compositemtl.ca\/en\/wp-json\/wp\/v2\/portfolio\/3124"}],"collection":[{"href":"https:\/\/compositemtl.ca\/en\/wp-json\/wp\/v2\/portfolio"}],"about":[{"href":"https:\/\/compositemtl.ca\/en\/wp-json\/wp\/v2\/types\/portfolio"}],"author":[{"embeddable":true,"href":"https:\/\/compositemtl.ca\/en\/wp-json\/wp\/v2\/users\/3"}],"replies":[{"embeddable":true,"href":"https:\/\/compositemtl.ca\/en\/wp-json\/wp\/v2\/comments?post=3124"}],"version-history":[{"count":9,"href":"https:\/\/compositemtl.ca\/en\/wp-json\/wp\/v2\/portfolio\/3124\/revisions"}],"predecessor-version":[{"id":3161,"href":"https:\/\/compositemtl.ca\/en\/wp-json\/wp\/v2\/portfolio\/3124\/revisions\/3161"}],"wp:featuredmedia":[{"embeddable":true,"href":"https:\/\/compositemtl.ca\/en\/wp-json\/wp\/v2\/media\/3126"}],"wp:attachment":[{"href":"https:\/\/compositemtl.ca\/en\/wp-json\/wp\/v2\/media?parent=3124"}],"wp:term":[{"taxonomy":"portfolio_category","embeddable":true,"href":"https:\/\/compositemtl.ca\/en\/wp-json\/wp\/v2\/portfolio_category?post=3124"},{"taxonomy":"portfolio_tag","embeddable":true,"href":"https:\/\/compositemtl.ca\/en\/wp-json\/wp\/v2\/portfolio_tag?post=3124"}],"curies":[{"name":"wp","href":"https:\/\/api.w.org\/{rel}","templated":true}]}}