{"id":1787,"date":"2020-11-30T16:45:52","date_gmt":"2020-11-30T21:45:52","guid":{"rendered":"http:\/\/compositemtl.ca\/?post_type=portfolio&#038;p=1787"},"modified":"2021-03-09T12:56:05","modified_gmt":"2021-03-09T17:56:05","slug":"composite-25","status":"publish","type":"portfolio","link":"https:\/\/compositemtl.ca\/en\/portfolio\/composite-25\/","title":{"rendered":"COMPOSITE #25"},"content":{"rendered":"<div class=\"vc-row-container container\"><section class=\"vc_section\"><div class=\"vc-row-container container\"><div class=\"vc_row wpb_row vc_row-fluid\"><div class=\"wpb_column vc_column_container vc_col-sm-12\"><div class=\"vc_column-inner\"><div class=\"wpb_wrapper\"><div class=\"vc_row wpb_row vc_inner vc_row-fluid\"><div class=\"wpb_column vc_column_container vc_col-sm-2\"><div class=\"vc_column-inner\"><div class=\"wpb_wrapper\">\n\t<div  class=\"wpb_single_image wpb_content_element vc_align_left\">\n\t\t\n\t\t<figure class=\"wpb_wrapper vc_figure\">\n\t\t\t<div class=\"vc_single_image-wrapper   vc_box_border_grey\"><img width=\"150\" height=\"150\" src=\"https:\/\/compositemtl.ca\/wp-content\/uploads\/2020\/11\/MAPP_LOGO__square_1-150x150.png\" class=\"vc_single_image-img attachment-thumbnail\" alt=\"\" loading=\"lazy\" title=\"MAPP_LOGO__square_1\" srcset=\"https:\/\/compositemtl.ca\/wp-content\/uploads\/2020\/11\/MAPP_LOGO__square_1-150x150.png 150w, https:\/\/compositemtl.ca\/wp-content\/uploads\/2020\/11\/MAPP_LOGO__square_1-300x300.png 300w, https:\/\/compositemtl.ca\/wp-content\/uploads\/2020\/11\/MAPP_LOGO__square_1-1024x1024.png 1024w, https:\/\/compositemtl.ca\/wp-content\/uploads\/2020\/11\/MAPP_LOGO__square_1-768x768.png 768w, https:\/\/compositemtl.ca\/wp-content\/uploads\/2020\/11\/MAPP_LOGO__square_1-1536x1536.png 1536w, https:\/\/compositemtl.ca\/wp-content\/uploads\/2020\/11\/MAPP_LOGO__square_1-12x12.png 12w, https:\/\/compositemtl.ca\/wp-content\/uploads\/2020\/11\/MAPP_LOGO__square_1-468x468.png 468w, https:\/\/compositemtl.ca\/wp-content\/uploads\/2020\/11\/MAPP_LOGO__square_1-1612x1612.png 1612w, https:\/\/compositemtl.ca\/wp-content\/uploads\/2020\/11\/MAPP_LOGO__square_1-1116x1116.png 1116w, https:\/\/compositemtl.ca\/wp-content\/uploads\/2020\/11\/MAPP_LOGO__square_1-806x806.png 806w, https:\/\/compositemtl.ca\/wp-content\/uploads\/2020\/11\/MAPP_LOGO__square_1-558x558.png 558w, https:\/\/compositemtl.ca\/wp-content\/uploads\/2020\/11\/MAPP_LOGO__square_1-655x655.png 655w, https:\/\/compositemtl.ca\/wp-content\/uploads\/2020\/11\/MAPP_LOGO__square_1-e1606511471795.png 160w\" sizes=\"(max-width: 150px) 100vw, 150px\" \/><\/div>\n\t\t<\/figure>\n\t<\/div>\n<\/div><\/div><\/div><div class=\"wpb_column vc_column_container vc_col-sm-8\"><div class=\"vc_column-inner\"><div class=\"wpb_wrapper\">\n\t<div class=\"wpb_text_column wpb_content_element  post-formatting\" >\n\t\t<div class=\"wpb_wrapper\">\n\t\t\t<p><a href=\"https:\/\/www.mappmtl.org\/\"><span style=\"font-weight: 400;\">MAPP_MTL<\/span><\/a><span style=\"font-weight: 400;\"> is a non-profit organization whose mission is to develop and promote the potential of projection mapping. Active year-round with collaborations in Montreal and around the world, MAPP_MTL holds a major annual event in October on the outskirts of Mile End and Mile Ex, and since 2018 in the Quartier des spectacles.<\/span><\/p>\n\n\t\t<\/div>\n\t<\/div>\n<\/div><\/div><\/div><\/div><div class=\"vc_row wpb_row vc_inner vc_row-fluid\"><div class=\"wpb_column vc_column_container vc_col-sm-2\"><div class=\"vc_column-inner\"><div class=\"wpb_wrapper\">\n\t<div  class=\"wpb_single_image wpb_content_element vc_align_left\">\n\t\t\n\t\t<figure class=\"wpb_wrapper vc_figure\">\n\t\t\t<div class=\"vc_single_image-wrapper   vc_box_border_grey\"><img width=\"150\" height=\"150\" src=\"https:\/\/compositemtl.ca\/wp-content\/uploads\/2020\/11\/LogoISEA-150x150.png\" class=\"vc_single_image-img attachment-thumbnail\" alt=\"\" loading=\"lazy\" title=\"LogoISEA\" srcset=\"https:\/\/compositemtl.ca\/wp-content\/uploads\/2020\/11\/LogoISEA-150x150.png 150w, https:\/\/compositemtl.ca\/wp-content\/uploads\/2020\/11\/LogoISEA-12x12.png 12w, https:\/\/compositemtl.ca\/wp-content\/uploads\/2020\/11\/LogoISEA.png 180w\" sizes=\"(max-width: 150px) 100vw, 150px\" \/><\/div>\n\t\t<\/figure>\n\t<\/div>\n<\/div><\/div><\/div><div class=\"wpb_column vc_column_container vc_col-sm-8\"><div class=\"vc_column-inner\"><div class=\"wpb_wrapper\">\n\t<div class=\"wpb_text_column wpb_content_element  post-formatting\" >\n\t\t<div class=\"wpb_wrapper\">\n\t\t\t<p><span style=\"font-weight: 400;\">Fond\u00e9e aux Pays-Bas en 1990, <\/span><a href=\"http:\/\/www.isea-web.org\"><span style=\"font-weight: 400;\">ISEA International<\/span><\/a> <span style=\"font-weight: 400;\">(anciennement Inter-Society for the Electronic Arts) est une organisation internationale \u00e0 but non lucratif qui encourage le discours acad\u00e9mique interdisciplinaire et les \u00e9changes entre des organisations et des individus de diverses cultures travaillant dans les domaines des arts, des sciences et des technologies.<\/span><\/p>\n\n\t\t<\/div>\n\t<\/div>\n<\/div><\/div><\/div><\/div><div class=\"vc_row wpb_row vc_inner vc_row-fluid\"><div class=\"wpb_column vc_column_container vc_col-sm-2\"><div class=\"vc_column-inner\"><div class=\"wpb_wrapper\">\n\t<div  class=\"wpb_single_image wpb_content_element vc_align_left\">\n\t\t\n\t\t<figure class=\"wpb_wrapper vc_figure\">\n\t\t\t<div class=\"vc_single_image-wrapper   vc_box_border_grey\"><img width=\"150\" height=\"146\" src=\"https:\/\/compositemtl.ca\/wp-content\/uploads\/2020\/11\/logo_smc_printemps_numerique_noir-150x146.png\" class=\"vc_single_image-img attachment-thumbnail\" alt=\"\" loading=\"lazy\" title=\"logo_smc_printemps_numerique_noir\" \/><\/div>\n\t\t<\/figure>\n\t<\/div>\n<\/div><\/div><\/div><div class=\"wpb_column vc_column_container vc_col-sm-8\"><div class=\"vc_column-inner\"><div class=\"wpb_wrapper\">\n\t<div class=\"wpb_text_column wpb_content_element  post-formatting\" >\n\t\t<div class=\"wpb_wrapper\">\n\t\t\t<p><span style=\"font-weight: 400;\">The<\/span><a href=\"https:\/\/www.printempsnumerique.ca\/\"> <span style=\"font-weight: 400;\">Printemps num\u00e9rique<\/span><\/a><span style=\"font-weight: 400;\"> est un organisme \u00e0 but non lucratif dont la mission premi\u00e8re est de d\u00e9mocratiser et d\u2019accompagner la transformation num\u00e9rique, \u00e0 travers diverses activit\u00e9s de production d\u2019\u00e9v\u00e9nements, de communication, de maillage, de consultation et de m\u00e9diation, comprenant un volet grand public, un volet professionnel et un volet jeunesse.<\/span><\/p>\n\n\t\t<\/div>\n\t<\/div>\n<\/div><\/div><\/div><\/div><div class=\"vc_tta-container\" data-vc-action=\"collapse\"><div class=\"vc_general vc_tta vc_tta-accordion vc_tta-color-grey vc_tta-style-theme-styled vc_tta-shape-rounded vc_tta-o-shape-group vc_tta-controls-align-left\"><div class=\"vc_tta-panels-container\"><div class=\"vc_tta-panels\"><div class=\"vc_tta-panel vc_active\" id=\"1606847051996-90720852-ef41\" data-vc-content=\".vc_tta-panel-body\"><div class=\"vc_tta-panel-heading\"><h4 class=\"vc_tta-panel-title vc_tta-controls-icon-position-left\"><a href=\"#1606847051996-90720852-ef41\" data-vc-accordion data-vc-container=\".vc_tta-container\"><span class=\"vc_tta-title-text\">97 SUBSCRIBERS KATIMAJUIT de Maziar Ghaderi<\/span><i class=\"vc_tta-controls-icon vc_tta-controls-icon-plus\"><\/i><\/a><\/h4><\/div><div class=\"vc_tta-panel-body\"><div class=\"vc_row wpb_row vc_inner vc_row-fluid vc_custom_1606848785269\"><div class=\"wpb_column vc_column_container vc_col-sm-7\"><div class=\"vc_column-inner vc_custom_1606849472047\"><div class=\"wpb_wrapper\">\n\t<div class=\"wpb_text_column wpb_content_element  post-formatting\" >\n\t\t<div class=\"wpb_wrapper\">\n\t\t\t<p><span style=\"font-weight: 400;\">L&rsquo;artiste des nouveaux m\u00e9dias Maziar Ghaderi s&rsquo;associe aux chanteurs de gorge inuits, The Sila Singers, pour vous offrir une exp\u00e9rience unique en son genre qui met en vedette la g\u00e9n\u00e9ration en direct de visualisations sonores hyperr\u00e9ales qui r\u00e9agissent \u00e0 la voix humaine.<\/span><\/p>\n<p><span data-sheets-value=\"{&quot;1&quot;:2,&quot;2&quot;:&quot;Maziar Ghaderi est un artiste multim\u00e9dia, un \u00e9ducateur, un \u00e9crivain et un r\u00e9alisateur torontois qui travaille avec le cin\u00e9ma, le multim\u00e9dia et la technologie interactive. Avec une formation en production m\u00e9diatique, Maziar s'efforce d'articuler son commentaire social \u00e0 travers des m\u00e9taphores, des \u00e9piphanies et des critiques.\\n&quot;}\" data-sheets-userformat=\"{&quot;2&quot;:769,&quot;3&quot;:{&quot;1&quot;:0},&quot;11&quot;:0,&quot;12&quot;:0}\">Maziar Ghaderi est un artiste multim\u00e9dia, un \u00e9ducateur, un \u00e9crivain et un r\u00e9alisateur torontois qui travaille avec le cin\u00e9ma, le multim\u00e9dia et la technologie interactive. Avec une formation en production m\u00e9diatique, Maziar s&rsquo;efforce d&rsquo;articuler son commentaire social \u00e0 travers des m\u00e9taphores, des \u00e9piphanies et des critiques.<br \/>\n<\/span><\/p>\n\n\t\t<\/div>\n\t<\/div>\n\n\t<div class=\"wpb_text_column wpb_content_element  post-formatting\" >\n\t\t<div class=\"wpb_wrapper\">\n\t\t\t<table>\n<tbody>\n<tr>\n<td><span class=\"vc_icon_element-icon fa fa-desktop\"> &#8211;<\/span> <a href=\"https:\/\/www.maziart.ca\">https:\/\/www.maziart.ca<\/a><\/td>\n<td style=\"padding-left: 80px;\"><\/td>\n<td><span class=\"vc_icon_element-icon fa fa-at\"> &#8211;<\/span> <a href=\"mailto:mghaderi61@gmail.com\" target=\"_blank\" rel=\"noopener noreferrer\">mghaderi61@gmail.com<\/a><\/td>\n<\/tr>\n<\/tbody>\n<\/table>\n\n\t\t<\/div>\n\t<\/div>\n<\/div><\/div><\/div><div class=\"wpb_column vc_column_container vc_col-sm-5\"><div class=\"vc_column-inner vc_custom_1606849716589\"><div class=\"wpb_wrapper\">\n\t<div  class=\"wpb_single_image wpb_content_element vc_align_left\">\n\t\t\n\t\t<figure class=\"wpb_wrapper vc_figure\">\n\t\t\t<div class=\"vc_single_image-wrapper   vc_box_border_grey\"><img width=\"729\" height=\"408\" src=\"https:\/\/compositemtl.ca\/wp-content\/uploads\/2020\/11\/97-subscribers-Katimajuit-4.png\" class=\"vc_single_image-img attachment-full\" alt=\"\" loading=\"lazy\" title=\"97 subscribers Katimajuit 4\" srcset=\"https:\/\/compositemtl.ca\/wp-content\/uploads\/2020\/11\/97-subscribers-Katimajuit-4.png 729w, https:\/\/compositemtl.ca\/wp-content\/uploads\/2020\/11\/97-subscribers-Katimajuit-4-300x168.png 300w, https:\/\/compositemtl.ca\/wp-content\/uploads\/2020\/11\/97-subscribers-Katimajuit-4-16x9.png 16w, https:\/\/compositemtl.ca\/wp-content\/uploads\/2020\/11\/97-subscribers-Katimajuit-4-558x312.png 558w, https:\/\/compositemtl.ca\/wp-content\/uploads\/2020\/11\/97-subscribers-Katimajuit-4-655x367.png 655w\" sizes=\"(max-width: 729px) 100vw, 729px\" \/><\/div>\n\t\t<\/figure>\n\t<\/div>\n<\/div><\/div><\/div><\/div><\/div><\/div><div class=\"vc_tta-panel\" id=\"1606849875312-e251e01a-93d7\" data-vc-content=\".vc_tta-panel-body\"><div class=\"vc_tta-panel-heading\"><h4 class=\"vc_tta-panel-title vc_tta-controls-icon-position-left\"><a href=\"#1606849875312-e251e01a-93d7\" data-vc-accordion data-vc-container=\".vc_tta-container\"><span class=\"vc_tta-title-text\">TIME LEAVES AND TIME ROOTS de Nicolas Lachance-Brais et Nicole A. Lee<\/span><i class=\"vc_tta-controls-icon vc_tta-controls-icon-plus\"><\/i><\/a><\/h4><\/div><div class=\"vc_tta-panel-body\"><div class=\"vc_row wpb_row vc_inner vc_row-fluid vc_custom_1606850379606\"><div class=\"wpb_column vc_column_container vc_col-sm-5\"><div class=\"vc_column-inner vc_custom_1606849716589\"><div class=\"wpb_wrapper\">\n\t<div  class=\"wpb_single_image wpb_content_element vc_align_left\">\n\t\t\n\t\t<figure class=\"wpb_wrapper vc_figure\">\n\t\t\t<div class=\"vc_single_image-wrapper   vc_box_border_grey\"><img width=\"732\" height=\"415\" src=\"https:\/\/compositemtl.ca\/wp-content\/uploads\/2020\/11\/Time-Leaves-and-Time-Roots-Nicolas-Lachance-1.png\" class=\"vc_single_image-img attachment-full\" alt=\"\" loading=\"lazy\" title=\"Time Leaves and Time Roots, Nicolas Lachance 1\" srcset=\"https:\/\/compositemtl.ca\/wp-content\/uploads\/2020\/11\/Time-Leaves-and-Time-Roots-Nicolas-Lachance-1.png 732w, https:\/\/compositemtl.ca\/wp-content\/uploads\/2020\/11\/Time-Leaves-and-Time-Roots-Nicolas-Lachance-1-300x170.png 300w, https:\/\/compositemtl.ca\/wp-content\/uploads\/2020\/11\/Time-Leaves-and-Time-Roots-Nicolas-Lachance-1-16x9.png 16w, https:\/\/compositemtl.ca\/wp-content\/uploads\/2020\/11\/Time-Leaves-and-Time-Roots-Nicolas-Lachance-1-558x316.png 558w, https:\/\/compositemtl.ca\/wp-content\/uploads\/2020\/11\/Time-Leaves-and-Time-Roots-Nicolas-Lachance-1-655x371.png 655w\" sizes=\"(max-width: 732px) 100vw, 732px\" \/><\/div>\n\t\t<\/figure>\n\t<\/div>\n\n\t<div class=\"wpb_text_column wpb_content_element  post-formatting\" >\n\t\t<div class=\"wpb_wrapper\">\n\t\t\t<p>&nbsp;<\/p>\n<table>\n<tbody>\n<tr>\n<td><span class=\"vc_icon_element-icon fa fa-desktop\"> &#8211;<\/span> <a href=\"https:\/\/www.instagram.com\/artnlbrais\/?hl=fr-ca\">https:\/\/www.instagram.com\/artnlbrais\/?hl=fr-ca<\/a><\/td>\n<td style=\"padding-left: 80px;\"><\/td>\n<\/tr>\n<tr>\n<td style=\"padding-left: 240px;\">&nbsp;<\/p>\n<p>&nbsp;<\/td>\n<\/tr>\n<tr>\n<td><span class=\"vc_icon_element-icon fa fa-at\"> &#8211;<\/span> <a href=\"mailto:nicolaslachance-brais@outlook.com\" target=\"_blank\" rel=\"noopener noreferrer\">nicolaslachance-brais@outlook.com<\/a><\/td>\n<\/tr>\n<\/tbody>\n<\/table>\n\n\t\t<\/div>\n\t<\/div>\n<\/div><\/div><\/div><div class=\"wpb_column vc_column_container vc_col-sm-7\"><div class=\"vc_column-inner vc_custom_1606850521524\"><div class=\"wpb_wrapper\">\n\t<div class=\"wpb_text_column wpb_content_element  post-formatting\" >\n\t\t<div class=\"wpb_wrapper\">\n\t\t\t<p><span data-sheets-value=\"{&quot;1&quot;:2,&quot;2&quot;:&quot;Le project se compose de trois tableaux \u00e0 360 degr\u00e9s successifs au format vid\u00e9o, visualisables avec n'importe quel t\u00e9l\u00e9phone portable ou casque VR (comme une photographie \u00e0 360 \u00b0) reli\u00e9s entre eux par un r\u00e9cit oral autour de l'id\u00e9e du cycle de la vie vu \u00e0 travers les &#96;&#96; yeux '' d'arbres. Le contexte est que, dans un monde fantastique o\u00f9 les humains n'ont jamais exist\u00e9 (ou n'ont pas encore exist\u00e9), les arbres errants, comme les Ents dans LOTR: les deux tours, parcourent le monde et partagent des informations aux arbres Titan et \u00e0 leur prog\u00e9niture. Inspir\u00e9s par la for\u00eat de Pendo aux \u00c9tats-Unis, un seul organisme li\u00e9 par un syst\u00e8me racinaire complexe de la taille d'une for\u00eat mature, nous voulons explorer la perception du temps, de la vie et de la mort, la croissance et la renaissance des organismes les plus anciens de notre plan\u00e8te. Les derni\u00e8res recherches sur les plantes ont \u00e9galement permis de d\u00e9couvrir un syst\u00e8me de communication complexe bas\u00e9 sur les senteurs et les rejets chimiques qui peut aider les arbres et les plantes \u00e0 alerter leurs voisins des pr\u00e9dateurs, des menaces environnementales et, dans certains exemples, m\u00eame \u00e0 partager les ressources d'un individu \u00e0 l'autre. Les trois sc\u00e8nes repr\u00e9senteraient le dernier voyage de notre personnage Ent et son Enracinement, une transition du mobile vers le statique, ne faisant plus qu'un avec la for\u00eat o\u00f9 se termine son chemin. L'heure de la journ\u00e9e dans chaque sc\u00e8ne refl\u00e9tera \u00e9galement la progression du temps, de l'aube \u00e0 midi et le soir.&quot;}\" data-sheets-userformat=\"{&quot;2&quot;:769,&quot;3&quot;:{&quot;1&quot;:0},&quot;11&quot;:0,&quot;12&quot;:0}\">Le project se compose de trois tableaux \u00e0 360 degr\u00e9s successifs au format vid\u00e9o, visualisables avec n&rsquo;importe quel t\u00e9l\u00e9phone portable ou casque VR (comme une photographie \u00e0 360 \u00b0) reli\u00e9s entre eux par un r\u00e9cit oral autour de l&rsquo;id\u00e9e du cycle de la vie vu \u00e0 travers les &laquo;  yeux  &raquo; d&rsquo;arbres. Le contexte est que, dans un monde fantastique o\u00f9 les humains n&rsquo;ont jamais exist\u00e9 (ou n&rsquo;ont pas encore exist\u00e9), les arbres errants, comme les Ents dans LOTR: les deux tours, parcourent le monde et partagent des informations aux arbres Titan et \u00e0 leur prog\u00e9niture. <\/span><\/p>\n<p><span data-sheets-value=\"{&quot;1&quot;:2,&quot;2&quot;:&quot;Le project se compose de trois tableaux \u00e0 360 degr\u00e9s successifs au format vid\u00e9o, visualisables avec n'importe quel t\u00e9l\u00e9phone portable ou casque VR (comme une photographie \u00e0 360 \u00b0) reli\u00e9s entre eux par un r\u00e9cit oral autour de l'id\u00e9e du cycle de la vie vu \u00e0 travers les &#96;&#96; yeux '' d'arbres. Le contexte est que, dans un monde fantastique o\u00f9 les humains n'ont jamais exist\u00e9 (ou n'ont pas encore exist\u00e9), les arbres errants, comme les Ents dans LOTR: les deux tours, parcourent le monde et partagent des informations aux arbres Titan et \u00e0 leur prog\u00e9niture. Inspir\u00e9s par la for\u00eat de Pendo aux \u00c9tats-Unis, un seul organisme li\u00e9 par un syst\u00e8me racinaire complexe de la taille d'une for\u00eat mature, nous voulons explorer la perception du temps, de la vie et de la mort, la croissance et la renaissance des organismes les plus anciens de notre plan\u00e8te. Les derni\u00e8res recherches sur les plantes ont \u00e9galement permis de d\u00e9couvrir un syst\u00e8me de communication complexe bas\u00e9 sur les senteurs et les rejets chimiques qui peut aider les arbres et les plantes \u00e0 alerter leurs voisins des pr\u00e9dateurs, des menaces environnementales et, dans certains exemples, m\u00eame \u00e0 partager les ressources d'un individu \u00e0 l'autre. Les trois sc\u00e8nes repr\u00e9senteraient le dernier voyage de notre personnage Ent et son Enracinement, une transition du mobile vers le statique, ne faisant plus qu'un avec la for\u00eat o\u00f9 se termine son chemin. L'heure de la journ\u00e9e dans chaque sc\u00e8ne refl\u00e9tera \u00e9galement la progression du temps, de l'aube \u00e0 midi et le soir.&quot;}\" data-sheets-userformat=\"{&quot;2&quot;:769,&quot;3&quot;:{&quot;1&quot;:0},&quot;11&quot;:0,&quot;12&quot;:0}\">Inspir\u00e9s par la for\u00eat de Pendo aux \u00c9tats-Unis, un seul organisme li\u00e9 par un syst\u00e8me racinaire complexe de la taille d&rsquo;une for\u00eat mature, nous voulons explorer la perception du temps, de la vie et de la mort, la croissance et la renaissance des organismes les plus anciens de notre plan\u00e8te. Les derni\u00e8res recherches sur les plantes ont \u00e9galement permis de d\u00e9couvrir un syst\u00e8me de communication complexe bas\u00e9 sur les senteurs et les rejets chimiques qui peut aider les arbres et les plantes \u00e0 alerter leurs voisins des pr\u00e9dateurs, des menaces environnementales et, dans certains exemples, m\u00eame \u00e0 partager les ressources d&rsquo;un individu \u00e0 l&rsquo;autre. Les trois sc\u00e8nes repr\u00e9senteraient le dernier voyage de notre personnage Ent et son Enracinement, une transition du mobile vers le statique, ne faisant plus qu&rsquo;un avec la for\u00eat o\u00f9 se termine son chemin. L&rsquo;heure de la journ\u00e9e dans chaque sc\u00e8ne refl\u00e9tera \u00e9galement la progression du temps, de l&rsquo;aube \u00e0 midi et le soir.<\/span><\/p>\n\n\t\t<\/div>\n\t<\/div>\n<\/div><\/div><\/div><\/div><\/div><\/div><div class=\"vc_tta-panel\" id=\"1606850727745-6b508a1e-c3b5\" data-vc-content=\".vc_tta-panel-body\"><div class=\"vc_tta-panel-heading\"><h4 class=\"vc_tta-panel-title vc_tta-controls-icon-position-left\"><a href=\"#1606850727745-6b508a1e-c3b5\" data-vc-accordion data-vc-container=\".vc_tta-container\"><span class=\"vc_tta-title-text\">AMBIANCES AUDIONUM\u00c9RIQUES de Paysages<\/span><i class=\"vc_tta-controls-icon vc_tta-controls-icon-plus\"><\/i><\/a><\/h4><\/div><div class=\"vc_tta-panel-body\"><div class=\"vc_row wpb_row vc_inner vc_row-fluid vc_custom_1606848785269\"><div class=\"wpb_column vc_column_container vc_col-sm-7\"><div class=\"vc_column-inner vc_custom_1606851121507\"><div class=\"wpb_wrapper\">\n\t<div class=\"wpb_text_column wpb_content_element  post-formatting\" >\n\t\t<div class=\"wpb_wrapper\">\n\t\t\t<p><span data-sheets-value=\"{&quot;1&quot;:2,&quot;2&quot;:&quot;L'\u00e9quipe de Paysages cherche \u00e0 d\u00e9velopper un prototype de syst\u00e8me d'intelligence artificielle permettant d'harmoniser la diffusion de contenu audiovisuel d'ambiance avec les dynamiques subtiles et intrins\u00e8ques d'un lieu.\\n\\nDans le but de rehausser les traits idiosyncrasiques d\u2019un espace - qu\u2019ils soient sensoriels, culturels ou m\u00eame existentiels -, les installations de Paysages diffusent du contenu audionum\u00e9rique qui vont les mettre en valeur de fa\u00e7on non-invasive, c\u2019est-\u00e0-dire qu\u2019elles ne camouflent ni s\u2019imposent, mais cherchent \u00e0 exposer les d\u00e9licates richesses souvent ignor\u00e9es d\u2019un milieu.\\n\\nL\u2019intelligence artificielle peut permettre de suivre ou d\u2019imiter des mouvements auxquels nos sens sont moins aiguis\u00e9s, d\u2019exposer des forces qui affectent les vivants, de r\u00e9v\u00e9ler des r\u00e9alit\u00e9s qui nous \u00e9chappent au quotidien. Tout cela, en temps r\u00e9el.\\nLa mission de Paysages est d\u2019offrir des moments et des espaces de contemplation qui nous permettent de mieux saisir nos territoires sur une base sensorielle et d\u2019ainsi mieux connecter avec les r\u00e9seaux d\u2019affects entre les activit\u00e9s humaines, nos milieux naturels et notre inconscient collectif. \\n&quot;}\" data-sheets-userformat=\"{&quot;2&quot;:769,&quot;3&quot;:{&quot;1&quot;:0},&quot;11&quot;:0,&quot;12&quot;:0}\">L&rsquo;\u00e9quipe de Paysages cherche \u00e0 d\u00e9velopper un prototype de syst\u00e8me d&rsquo;intelligence artificielle permettant d&rsquo;harmoniser la diffusion de contenu audiovisuel d&rsquo;ambiance avec les dynamiques subtiles et intrins\u00e8ques d&rsquo;un lieu.<\/span><\/p>\n<p>Dans le but de rehausser les traits idiosyncrasiques d\u2019un espace &#8211; qu\u2019ils soient sensoriels, culturels ou m\u00eame existentiels -, les installations de Paysages diffusent du contenu audionum\u00e9rique qui vont les mettre en valeur de fa\u00e7on non-invasive, c\u2019est-\u00e0-dire qu\u2019elles ne camouflent ni s\u2019imposent, mais cherchent \u00e0 exposer les d\u00e9licates richesses souvent ignor\u00e9es d\u2019un milieu.<\/p>\n<p>L\u2019intelligence artificielle peut permettre de suivre ou d\u2019imiter des mouvements auxquels nos sens sont moins aiguis\u00e9s, d\u2019exposer des forces qui affectent les vivants, de r\u00e9v\u00e9ler des r\u00e9alit\u00e9s qui nous \u00e9chappent au quotidien. Tout cela, en temps r\u00e9el.<\/p>\n<p><span data-sheets-value=\"{&quot;1&quot;:2,&quot;2&quot;:&quot;L'\u00e9quipe de Paysages cherche \u00e0 d\u00e9velopper un prototype de syst\u00e8me d'intelligence artificielle permettant d'harmoniser la diffusion de contenu audiovisuel d'ambiance avec les dynamiques subtiles et intrins\u00e8ques d'un lieu.\\n\\nDans le but de rehausser les traits idiosyncrasiques d\u2019un espace - qu\u2019ils soient sensoriels, culturels ou m\u00eame existentiels -, les installations de Paysages diffusent du contenu audionum\u00e9rique qui vont les mettre en valeur de fa\u00e7on non-invasive, c\u2019est-\u00e0-dire qu\u2019elles ne camouflent ni s\u2019imposent, mais cherchent \u00e0 exposer les d\u00e9licates richesses souvent ignor\u00e9es d\u2019un milieu.\\n\\nL\u2019intelligence artificielle peut permettre de suivre ou d\u2019imiter des mouvements auxquels nos sens sont moins aiguis\u00e9s, d\u2019exposer des forces qui affectent les vivants, de r\u00e9v\u00e9ler des r\u00e9alit\u00e9s qui nous \u00e9chappent au quotidien. Tout cela, en temps r\u00e9el.\\nLa mission de Paysages est d\u2019offrir des moments et des espaces de contemplation qui nous permettent de mieux saisir nos territoires sur une base sensorielle et d\u2019ainsi mieux connecter avec les r\u00e9seaux d\u2019affects entre les activit\u00e9s humaines, nos milieux naturels et notre inconscient collectif. \\n&quot;}\" data-sheets-userformat=\"{&quot;2&quot;:769,&quot;3&quot;:{&quot;1&quot;:0},&quot;11&quot;:0,&quot;12&quot;:0}\"><br \/>\nLa mission de Paysages est d\u2019offrir des moments et des espaces de contemplation qui nous permettent de mieux saisir nos territoires sur une base sensorielle et d\u2019ainsi mieux connecter avec les r\u00e9seaux d\u2019affects entre les activit\u00e9s humaines, nos milieux naturels et notre inconscient collectif.<br \/>\n<\/span><\/p>\n\n\t\t<\/div>\n\t<\/div>\n<\/div><\/div><\/div><div class=\"wpb_column vc_column_container vc_col-sm-5\"><div class=\"vc_column-inner vc_custom_1606849716589\"><div class=\"wpb_wrapper\">\n\t<div  class=\"wpb_single_image wpb_content_element vc_align_left\">\n\t\t\n\t\t<figure class=\"wpb_wrapper vc_figure\">\n\t\t\t<div class=\"vc_single_image-wrapper   vc_box_border_grey\"><img width=\"730\" height=\"411\" src=\"https:\/\/compositemtl.ca\/wp-content\/uploads\/2020\/11\/Ambiances-audionumCriques-Paysages-3.png\" class=\"vc_single_image-img attachment-full\" alt=\"\" loading=\"lazy\" title=\"Ambiances audionum\u00c7riques, Paysages 3\" srcset=\"https:\/\/compositemtl.ca\/wp-content\/uploads\/2020\/11\/Ambiances-audionumCriques-Paysages-3.png 730w, https:\/\/compositemtl.ca\/wp-content\/uploads\/2020\/11\/Ambiances-audionumCriques-Paysages-3-300x169.png 300w, https:\/\/compositemtl.ca\/wp-content\/uploads\/2020\/11\/Ambiances-audionumCriques-Paysages-3-16x9.png 16w, https:\/\/compositemtl.ca\/wp-content\/uploads\/2020\/11\/Ambiances-audionumCriques-Paysages-3-558x314.png 558w, https:\/\/compositemtl.ca\/wp-content\/uploads\/2020\/11\/Ambiances-audionumCriques-Paysages-3-655x369.png 655w\" sizes=\"(max-width: 730px) 100vw, 730px\" \/><\/div>\n\t\t<\/figure>\n\t<\/div>\n\n\t<div class=\"wpb_text_column wpb_content_element  post-formatting\" >\n\t\t<div class=\"wpb_wrapper\">\n\t\t\t<table>\n<tbody>\n<tr>\n<td><span class=\"vc_icon_element-icon fa fa-desktop\"> &#8211;<\/span> <a href=\"http:\/\/ambiancespaysages.ca\">http:\/\/ambiancespaysages.ca<\/a><\/td>\n<td style=\"padding-left: 80px;\"><\/td>\n<\/tr>\n<tr>\n<td style=\"padding-left: 240px;\">&nbsp;<\/p>\n<p>&nbsp;<\/td>\n<\/tr>\n<tr>\n<td><span class=\"vc_icon_element-icon fa fa-at\"> &#8211;<\/span> <a href=\"mailto:charles@ambiancespaysages.ca\" target=\"_blank\" rel=\"noopener noreferrer\">charles@ambiancespaysages.ca<\/a><\/td>\n<\/tr>\n<\/tbody>\n<\/table>\n\n\t\t<\/div>\n\t<\/div>\n<\/div><\/div><\/div><\/div><\/div><\/div><div class=\"vc_tta-panel\" id=\"1606851149764-d698db99-fa3e\" data-vc-content=\".vc_tta-panel-body\"><div class=\"vc_tta-panel-heading\"><h4 class=\"vc_tta-panel-title vc_tta-controls-icon-position-left\"><a href=\"#1606851149764-d698db99-fa3e\" data-vc-accordion data-vc-container=\".vc_tta-container\"><span class=\"vc_tta-title-text\">GLOBAL URBAN WILDS de Dr. Jill Didur <\/span><i class=\"vc_tta-controls-icon vc_tta-controls-icon-plus\"><\/i><\/a><\/h4><\/div><div class=\"vc_tta-panel-body\"><div class=\"vc_row wpb_row vc_inner vc_row-fluid vc_custom_1606850379606\"><div class=\"wpb_column vc_column_container vc_col-sm-5\"><div class=\"vc_column-inner vc_custom_1606851397140\"><div class=\"wpb_wrapper\">\n\t<div  class=\"wpb_single_image wpb_content_element vc_align_left  vc_custom_1606851561067\">\n\t\t\n\t\t<figure class=\"wpb_wrapper vc_figure\">\n\t\t\t<div class=\"vc_single_image-wrapper   vc_box_border_grey\"><img width=\"731\" height=\"412\" src=\"https:\/\/compositemtl.ca\/wp-content\/uploads\/2020\/11\/Global-Urban-Wild-Dr-Jill-Didur-2.png\" class=\"vc_single_image-img attachment-full\" alt=\"\" loading=\"lazy\" title=\"Global Urban Wild, Dr Jill Didur 2\" srcset=\"https:\/\/compositemtl.ca\/wp-content\/uploads\/2020\/11\/Global-Urban-Wild-Dr-Jill-Didur-2.png 731w, https:\/\/compositemtl.ca\/wp-content\/uploads\/2020\/11\/Global-Urban-Wild-Dr-Jill-Didur-2-300x169.png 300w, https:\/\/compositemtl.ca\/wp-content\/uploads\/2020\/11\/Global-Urban-Wild-Dr-Jill-Didur-2-16x9.png 16w, https:\/\/compositemtl.ca\/wp-content\/uploads\/2020\/11\/Global-Urban-Wild-Dr-Jill-Didur-2-558x314.png 558w, https:\/\/compositemtl.ca\/wp-content\/uploads\/2020\/11\/Global-Urban-Wild-Dr-Jill-Didur-2-655x369.png 655w\" sizes=\"(max-width: 731px) 100vw, 731px\" \/><\/div>\n\t\t<\/figure>\n\t<\/div>\n\n\t<div class=\"wpb_text_column wpb_content_element  post-formatting\" >\n\t\t<div class=\"wpb_wrapper\">\n\t\t\t<p>&nbsp;<\/p>\n<table>\n<tbody>\n<tr>\n<td><span class=\"vc_icon_element-icon fa fa-desktop\"> &#8211;<\/span> <a href=\"https:\/\/greeningnarrative.wordpress.com\/\">https:\/\/greeningnarrative.wordpress.com\/<\/a><\/td>\n<td style=\"padding-left: 80px;\"><\/td>\n<\/tr>\n<tr>\n<td style=\"padding-left: 240px;\"><\/td>\n<\/tr>\n<tr>\n<td><span class=\"vc_icon_element-icon fa fa-at\"> &#8211;<\/span> <a href=\"mailto:jdidur@concordia.ca\" target=\"_blank\" rel=\"noopener noreferrer\">jdidur@concordia.ca<\/a><\/td>\n<\/tr>\n<\/tbody>\n<\/table>\n\n\t\t<\/div>\n\t<\/div>\n<\/div><\/div><\/div><div class=\"wpb_column vc_column_container vc_col-sm-7\"><div class=\"vc_column-inner vc_custom_1606850521524\"><div class=\"wpb_wrapper\">\n\t<div class=\"wpb_text_column wpb_content_element  post-formatting\" >\n\t\t<div class=\"wpb_wrapper\">\n\t\t\t<p>Comment les communaut\u00e9s urbaines peuvent-elles explorer des approches de la durabilit\u00e9 et de la biodiversit\u00e9 dans les espaces urbains qui sont autrement consid\u00e9r\u00e9s comme des \u00abpaysages de d\u00e9chets\u00bb, fragment\u00e9s, industriels et toxiques? Cette pr\u00e9sentation explore comment les plates-formes GPS offrent aux utilisateurs des exp\u00e9riences de \u00absavoir incarn\u00e9\u00bb &#8211; apprentissage par la rencontre, la prise de conscience, la physicalit\u00e9 &#8211; dans des zones sauvages urbaines qui repr\u00e9sentent des espaces informels bruns \/ verts \u00e0 la limite du d\u00e9veloppement urbain.<\/p>\n<p>La plate-forme mobile de localisation que j&rsquo;ai d\u00e9velopp\u00e9e, Global Urban Wilds, organise des paysages rud\u00e9raux qui survivent dans les espaces urbains et invite l&rsquo;utilisateur \u00e0 explorer l&rsquo;enchev\u00eatrement de la biodiversit\u00e9 urbaine, la r\u00e9habilitation des sites et la culture coloniale dans des contextes tels que le Champ des Possibles du Mile End. Global Urban Wilds m\u00e9diatise l&rsquo;exp\u00e9rience des utilisateurs du Champ en tant qu&rsquo;h\u00e9t\u00e9rotopie &#8211; un lieu avec plus de couches de signification et de relations avec d&rsquo;autres lieux qu&rsquo;il n&rsquo;y para\u00eet imm\u00e9diatement &#8211; et favorise une n\u00e9gociation critique et une prise de conscience des \u00e9cosyst\u00e8mes urbains par rapport au \u00abintelligent\u00bb d&rsquo;aujourd&rsquo;hui ville.<\/p>\n\n\t\t<\/div>\n\t<\/div>\n<\/div><\/div><\/div><\/div><\/div><\/div><div class=\"vc_tta-panel\" id=\"1606851662288-307c03f0-f610\" data-vc-content=\".vc_tta-panel-body\"><div class=\"vc_tta-panel-heading\"><h4 class=\"vc_tta-panel-title vc_tta-controls-icon-position-left\"><a href=\"#1606851662288-307c03f0-f610\" data-vc-accordion data-vc-container=\".vc_tta-container\"><span class=\"vc_tta-title-text\">VIRTUAL ZONE de Pixsenses<\/span><i class=\"vc_tta-controls-icon vc_tta-controls-icon-plus\"><\/i><\/a><\/h4><\/div><div class=\"vc_tta-panel-body\"><div class=\"vc_row wpb_row vc_inner vc_row-fluid vc_custom_1606848785269\"><div class=\"wpb_column vc_column_container vc_col-sm-7\"><div class=\"vc_column-inner vc_custom_1606851121507\"><div class=\"wpb_wrapper\">\n\t<div class=\"wpb_text_column wpb_content_element  post-formatting\" >\n\t\t<div class=\"wpb_wrapper\">\n\t\t\t<p>La Virtual Zone est une plateforme de r\u00e9seautage virtuelle sous la forme d\u2019un environnement immersif, interactif et novateur. Cette plateforme permet d\u2019h\u00e9berger diff\u00e9rents rassemblements num\u00e9riques, promettant des exp\u00e9riences enrichissantes \u00e0 tous les participants. Ceux-ci retrouvent l\u2019occasion de se divertir dans le cadre d\u2019\u00e9v\u00e9nements th\u00e9matiques et de partager entre eux.<\/p>\n<p>Le projet s\u2019adresse \u00e0 un public habituellement compos\u00e9 d\u2019adolescent et d\u2019adulte, entre 13 et 55 ans. Au c\u0153ur de la premi\u00e8re it\u00e9ration du projet se trouve un centre de conf\u00e9rences virtuel permettant de r\u00e9unir un large public. R\u00e9parties sur trois \u00e9tages, les nombreuses pi\u00e8ces du pavillon viennent r\u00e9unir sous un m\u00eame toit diff\u00e9rentes pr\u00e9sentations, expositions et spectacles selon la programmation de chaque \u00e9v\u00e9nement. Plusieurs espaces priv\u00e9s sont \u00e9galement offerts pour satisfaire les diff\u00e9rents besoins de notre client\u00e8le d\u2019affaires, facilitant les \u00e9changes confidentiels entre coll\u00e8gues ou partenaires. L\u2019am\u00e9nagement complet peut \u00e9galement \u00eatre modifi\u00e9, ajust\u00e9 et personnalis\u00e9 selon les besoins de chaque organisation.<\/p>\n\n\t\t<\/div>\n\t<\/div>\n<\/div><\/div><\/div><div class=\"wpb_column vc_column_container vc_col-sm-5\"><div class=\"vc_column-inner vc_custom_1606849716589\"><div class=\"wpb_wrapper\">\n\t<div  class=\"wpb_single_image wpb_content_element vc_align_left  vc_custom_1606852051123\">\n\t\t\n\t\t<figure class=\"wpb_wrapper vc_figure\">\n\t\t\t<div class=\"vc_single_image-wrapper   vc_box_border_grey\"><img width=\"728\" height=\"411\" src=\"https:\/\/compositemtl.ca\/wp-content\/uploads\/2020\/11\/Virtual-Zone-Pixsenses-1.png\" class=\"vc_single_image-img attachment-full\" alt=\"\" loading=\"lazy\" title=\"Virtual Zone, Pixsenses 1\" srcset=\"https:\/\/compositemtl.ca\/wp-content\/uploads\/2020\/11\/Virtual-Zone-Pixsenses-1.png 728w, https:\/\/compositemtl.ca\/wp-content\/uploads\/2020\/11\/Virtual-Zone-Pixsenses-1-300x169.png 300w, https:\/\/compositemtl.ca\/wp-content\/uploads\/2020\/11\/Virtual-Zone-Pixsenses-1-16x9.png 16w, https:\/\/compositemtl.ca\/wp-content\/uploads\/2020\/11\/Virtual-Zone-Pixsenses-1-558x315.png 558w, https:\/\/compositemtl.ca\/wp-content\/uploads\/2020\/11\/Virtual-Zone-Pixsenses-1-655x370.png 655w\" sizes=\"(max-width: 728px) 100vw, 728px\" \/><\/div>\n\t\t<\/figure>\n\t<\/div>\n\n\t<div class=\"wpb_text_column wpb_content_element  post-formatting\" >\n\t\t<div class=\"wpb_wrapper\">\n\t\t\t<table>\n<tbody>\n<tr>\n<td><span class=\"vc_icon_element-icon fa fa-desktop\"> &#8211;<\/span> <a href=\"https:\/\/www.pixsenses.com\/\">https:\/\/www.pixsenses.com\/<\/a><\/td>\n<td style=\"padding-left: 80px;\"><\/td>\n<\/tr>\n<tr>\n<td style=\"padding-left: 240px;\"><\/td>\n<\/tr>\n<tr>\n<td><span class=\"vc_icon_element-icon fa fa-at\"> &#8211;<\/span> <a href=\"mailto:info@pixsenses.com\" target=\"_blank\" rel=\"noopener noreferrer\">info@pixsenses.com<\/a><\/td>\n<\/tr>\n<\/tbody>\n<\/table>\n\n\t\t<\/div>\n\t<\/div>\n<\/div><\/div><\/div><\/div><\/div><\/div><div class=\"vc_tta-panel\" id=\"1606852077016-1ab2ac1d-7981\" data-vc-content=\".vc_tta-panel-body\"><div class=\"vc_tta-panel-heading\"><h4 class=\"vc_tta-panel-title vc_tta-controls-icon-position-left\"><a href=\"#1606852077016-1ab2ac1d-7981\" data-vc-accordion data-vc-container=\".vc_tta-container\"><span class=\"vc_tta-title-text\">SPH\u00c8RESS d'Arnaud Laffond<\/span><i class=\"vc_tta-controls-icon vc_tta-controls-icon-plus\"><\/i><\/a><\/h4><\/div><div class=\"vc_tta-panel-body\"><div class=\"vc_row wpb_row vc_inner vc_row-fluid vc_custom_1606850379606\"><div class=\"wpb_column vc_column_container vc_col-sm-5\"><div class=\"vc_column-inner vc_custom_1606851397140\"><div class=\"wpb_wrapper\">\n\t<div  class=\"wpb_single_image wpb_content_element vc_align_left  vc_custom_1606852365854\">\n\t\t\n\t\t<figure class=\"wpb_wrapper vc_figure\">\n\t\t\t<div class=\"vc_single_image-wrapper   vc_box_border_grey\"><img width=\"729\" height=\"410\" src=\"https:\/\/compositemtl.ca\/wp-content\/uploads\/2020\/11\/Sphares-Arnaud-Laffond-4.png\" class=\"vc_single_image-img attachment-full\" alt=\"\" loading=\"lazy\" title=\"Sph\u00e4res, Arnaud Laffond 4\" srcset=\"https:\/\/compositemtl.ca\/wp-content\/uploads\/2020\/11\/Sphares-Arnaud-Laffond-4.png 729w, https:\/\/compositemtl.ca\/wp-content\/uploads\/2020\/11\/Sphares-Arnaud-Laffond-4-300x169.png 300w, https:\/\/compositemtl.ca\/wp-content\/uploads\/2020\/11\/Sphares-Arnaud-Laffond-4-16x9.png 16w, https:\/\/compositemtl.ca\/wp-content\/uploads\/2020\/11\/Sphares-Arnaud-Laffond-4-558x314.png 558w, https:\/\/compositemtl.ca\/wp-content\/uploads\/2020\/11\/Sphares-Arnaud-Laffond-4-655x368.png 655w\" sizes=\"(max-width: 729px) 100vw, 729px\" \/><\/div>\n\t\t<\/figure>\n\t<\/div>\n\n\t<div class=\"wpb_text_column wpb_content_element  post-formatting\" >\n\t\t<div class=\"wpb_wrapper\">\n\t\t\t<p>&nbsp;<\/p>\n<table>\n<tbody>\n<tr>\n<td><span class=\"vc_icon_element-icon fa fa-desktop\"> &#8211;<\/span> <a href=\"http:\/\/www.arnaudlaffond.com\/\">http:\/\/www.arnaudlaffond.com\/<\/a><\/td>\n<td style=\"padding-left: 80px;\"><\/td>\n<\/tr>\n<tr>\n<td style=\"padding-left: 240px;\">&nbsp;<\/p>\n<p>&nbsp;<\/p>\n<p>&nbsp;<\/td>\n<\/tr>\n<tr>\n<td><span class=\"vc_icon_element-icon fa fa-at\"> &#8211;<\/span> <a href=\"mailto:arnaud.laffond@gmail.com\" target=\"_blank\" rel=\"noopener noreferrer\">arnaud.laffond@gmail.com<\/a><\/td>\n<\/tr>\n<\/tbody>\n<\/table>\n\n\t\t<\/div>\n\t<\/div>\n<\/div><\/div><\/div><div class=\"wpb_column vc_column_container vc_col-sm-7\"><div class=\"vc_column-inner vc_custom_1606850521524\"><div class=\"wpb_wrapper\">\n\t<div class=\"wpb_text_column wpb_content_element  post-formatting\" >\n\t\t<div class=\"wpb_wrapper\">\n\t\t\t<p>Sph\u00e8res est une installation interactive est sonore qui a pour sujet les \u00e9toiles et les ondes quelle \u00e9mettent.<\/p>\n<p>L&rsquo;installation est une interpr\u00e9tation graphique du livre de l&rsquo;astrophysicienne Sylvie Vauclaire et du musicien Claude Samuel Levine, intitul\u00e9 la nouvelle musique des Sph\u00e8res. Qui ont d\u00e9montr\u00e9 et interpr\u00e9t\u00e9 que chaque \u00e9toile \u00e9met des ondes sonores uniques, que l&rsquo;on peut interpr\u00e9ter en musique. De ce travail. L&rsquo;installation est compos\u00e9 d&rsquo;une projection et d&rsquo;un module qui servira d&rsquo;outil musicale pour le spectateur.<\/p>\n<p>Le module est une repr\u00e9sentation physique d&rsquo;une carte des \u00e9toiles, que l&rsquo;utilisateur pourra manipuler et ainsi r\u00e9v\u00e9ler sur la projection le rendu graphique et sonore des \u00e9toiles. Leur beaut\u00e9 et harmonie est une ode aux \u00e9toiles pour sensibiliser les spectateurs sur la pollution lumineuse qui emp\u00eache de plus en plus la visualisation de ces \u00e9toiles mais aussi implique d&rsquo;autres probl\u00e8mes.<\/p>\n<p>Arnaud Laffond est un vid\u00e9aste, atelier de digitalisation plastique bas\u00e9 \u00e0 Lyon. Son travail se caract\u00e9rise par la cr\u00e9ation d&rsquo;environnements virtuels et de mat\u00e9riaux g\u00e9n\u00e9r\u00e9s par ordinateur. La couleur, en tant que mati\u00e8re brute, est num\u00e9riquement sculpt\u00e9e, trait\u00e9e et modifi\u00e9e pour rena\u00eetre dans une architecture vibrante et lumineuse. Ses \u0153uvres se situent \u00e0 la limite de la science-fiction, \u00e0 mi-chemin entre l&rsquo;abstraction et le repr\u00e9sentationalisme, l&rsquo;utopie et la dystopie, l&rsquo;architecture et le paysage.<\/p>\n\n\t\t<\/div>\n\t<\/div>\n<\/div><\/div><\/div><\/div><\/div><\/div><div class=\"vc_tta-panel\" id=\"1606852504909-15478479-0cb7\" data-vc-content=\".vc_tta-panel-body\"><div class=\"vc_tta-panel-heading\"><h4 class=\"vc_tta-panel-title vc_tta-controls-icon-position-left\"><a href=\"#1606852504909-15478479-0cb7\" data-vc-accordion data-vc-container=\".vc_tta-container\"><span class=\"vc_tta-title-text\">MOSAICO d'Audrey Gaussiran<\/span><i class=\"vc_tta-controls-icon vc_tta-controls-icon-plus\"><\/i><\/a><\/h4><\/div><div class=\"vc_tta-panel-body\"><div class=\"vc_row wpb_row vc_inner vc_row-fluid vc_custom_1606848785269\"><div class=\"wpb_column vc_column_container vc_col-sm-7\"><div class=\"vc_column-inner vc_custom_1606851121507\"><div class=\"wpb_wrapper\">\n\t<div class=\"wpb_text_column wpb_content_element  post-formatting\" >\n\t\t<div class=\"wpb_wrapper\">\n\t\t\t<p>Mosaico est un projet en d\u00e9veloppement alliant danse et num\u00e9rique. Explorant la multiplicit\u00e9 dans la construction identitaire, l\u2019individu (ici le danseur) avec ses diverses appartenances culturelles vient apporter toute sa richesse au groupe pour former une mosa\u00efque haute en couleur et en texture.<\/p>\n<p>Aupr\u00e8s de collaborateurs de la SAT, du Th\u00e9\u00e2tre du Vieux Noranda et de l\u2019UQAT, la premi\u00e8re phase de recherche est pr\u00e9vue \u00e0 Rouyn Noranda en mars 2021 afin d\u2019explorer l\u2019interactivit\u00e9 du corps avec le num\u00e9rique. L\u2019id\u00e9e est que le mouvement affecte une projection en trame de fond : apparatition\/d\u00e9composition\/transformation d\u2019une mosa\u00efque de mots, de textures v\u00e9g\u00e9tales ou de motifs, au gr\u00e9 des gestes du danseur.<\/p>\n<p>Dans les phases subs\u00e9quentes de cr\u00e9ation, plusieurs aspects viendront \u00e0 nouveau jongler avec le num\u00e9rique: musique influenc\u00e9e digitalement par les mouvements des danseurs et r\u00e9colte de donn\u00e9es directement du public pour personnaliser l\u2019exp\u00e9rience num\u00e9rique \u00e0 chaque repr\u00e9sentation.<\/p>\n\n\t\t<\/div>\n\t<\/div>\n<\/div><\/div><\/div><div class=\"wpb_column vc_column_container vc_col-sm-5\"><div class=\"vc_column-inner vc_custom_1606849716589\"><div class=\"wpb_wrapper\">\n\t<div  class=\"wpb_single_image wpb_content_element vc_align_left  vc_custom_1606852646262\">\n\t\t\n\t\t<figure class=\"wpb_wrapper vc_figure\">\n\t\t\t<div class=\"vc_single_image-wrapper   vc_box_border_grey\"><img width=\"729\" height=\"411\" src=\"https:\/\/compositemtl.ca\/wp-content\/uploads\/2020\/11\/Mosaico-Audrey-Gaussiran-2.png\" class=\"vc_single_image-img attachment-full\" alt=\"\" loading=\"lazy\" title=\"Mosaico - Audrey Gaussiran 2\" srcset=\"https:\/\/compositemtl.ca\/wp-content\/uploads\/2020\/11\/Mosaico-Audrey-Gaussiran-2.png 729w, https:\/\/compositemtl.ca\/wp-content\/uploads\/2020\/11\/Mosaico-Audrey-Gaussiran-2-300x169.png 300w, https:\/\/compositemtl.ca\/wp-content\/uploads\/2020\/11\/Mosaico-Audrey-Gaussiran-2-16x9.png 16w, https:\/\/compositemtl.ca\/wp-content\/uploads\/2020\/11\/Mosaico-Audrey-Gaussiran-2-558x315.png 558w, https:\/\/compositemtl.ca\/wp-content\/uploads\/2020\/11\/Mosaico-Audrey-Gaussiran-2-655x369.png 655w\" sizes=\"(max-width: 729px) 100vw, 729px\" \/><\/div>\n\t\t<\/figure>\n\t<\/div>\n\n\t<div class=\"wpb_text_column wpb_content_element  post-formatting\" >\n\t\t<div class=\"wpb_wrapper\">\n\t\t\t<table>\n<tbody>\n<tr>\n<td><span class=\"vc_icon_element-icon fa fa-desktop\"> &#8211;<\/span> <a href=\"https:\/\/www.audreygaussiran.com\">https:\/\/www.audreygaussiran.com<\/a><\/td>\n<td style=\"padding-left: 80px;\"><\/td>\n<\/tr>\n<tr>\n<td style=\"padding-left: 240px;\"><\/td>\n<\/tr>\n<tr>\n<td><span class=\"vc_icon_element-icon fa fa-at\"> &#8211;<\/span> <a href=\"mailto:audrey_ga@hotmail.com\" target=\"_blank\" rel=\"noopener noreferrer\">audrey_ga@hotmail.com<\/a><\/td>\n<\/tr>\n<\/tbody>\n<\/table>\n\n\t\t<\/div>\n\t<\/div>\n<\/div><\/div><\/div><\/div><\/div><\/div><\/div><\/div><\/div><\/div><\/div><\/div><\/div><\/div><\/div><\/section><\/div>","protected":false},"excerpt":{"rendered":"MAPP_MTL est un organisme \u00e0 but non lucratif dont la mission est de d\u00e9velopper et promouvoir le potentiel du vid\u00e9o mapping. Actif tout au cours de l\u2019ann\u00e9e avec des collaborations \u00e0 Montr\u00e9al et \u00e0 l\u2019international, MAPP_MTL tient un grand \u00e9v\u00e9nement annuel au mois d\u2019octobre aux abords du Mile End et du Mile Ex, et depuis&hellip;","protected":false},"author":3,"featured_media":1875,"comment_status":"open","ping_status":"closed","template":"","meta":[],"portfolio_category":[16],"portfolio_tag":[],"acf":[],"_links":{"self":[{"href":"https:\/\/compositemtl.ca\/en\/wp-json\/wp\/v2\/portfolio\/1787"}],"collection":[{"href":"https:\/\/compositemtl.ca\/en\/wp-json\/wp\/v2\/portfolio"}],"about":[{"href":"https:\/\/compositemtl.ca\/en\/wp-json\/wp\/v2\/types\/portfolio"}],"author":[{"embeddable":true,"href":"https:\/\/compositemtl.ca\/en\/wp-json\/wp\/v2\/users\/3"}],"replies":[{"embeddable":true,"href":"https:\/\/compositemtl.ca\/en\/wp-json\/wp\/v2\/comments?post=1787"}],"version-history":[{"count":9,"href":"https:\/\/compositemtl.ca\/en\/wp-json\/wp\/v2\/portfolio\/1787\/revisions"}],"predecessor-version":[{"id":2461,"href":"https:\/\/compositemtl.ca\/en\/wp-json\/wp\/v2\/portfolio\/1787\/revisions\/2461"}],"wp:featuredmedia":[{"embeddable":true,"href":"https:\/\/compositemtl.ca\/en\/wp-json\/wp\/v2\/media\/1875"}],"wp:attachment":[{"href":"https:\/\/compositemtl.ca\/en\/wp-json\/wp\/v2\/media?parent=1787"}],"wp:term":[{"taxonomy":"portfolio_category","embeddable":true,"href":"https:\/\/compositemtl.ca\/en\/wp-json\/wp\/v2\/portfolio_category?post=1787"},{"taxonomy":"portfolio_tag","embeddable":true,"href":"https:\/\/compositemtl.ca\/en\/wp-json\/wp\/v2\/portfolio_tag?post=1787"}],"curies":[{"name":"wp","href":"https:\/\/api.w.org\/{rel}","templated":true}]}}