{"id":1516,"date":"2019-05-28T15:53:17","date_gmt":"2019-05-28T19:53:17","guid":{"rendered":"http:\/\/compositemtl.ca\/?post_type=portfolio&#038;p=1516"},"modified":"2021-01-13T23:59:17","modified_gmt":"2021-01-14T04:59:17","slug":"composite-19","status":"publish","type":"portfolio","link":"https:\/\/compositemtl.ca\/en\/portfolio\/composite-19\/","title":{"rendered":"COMPOSITE #19"},"content":{"rendered":"<div class=\"vc-row-container container\"><div class=\"vc_row wpb_row vc_row-fluid\"><div class=\"wpb_column vc_column_container vc_col-sm-12\"><div class=\"vc_column-inner\"><div class=\"wpb_wrapper\"><div class=\"vc_row wpb_row vc_inner vc_row-fluid\"><div class=\"wpb_column vc_column_container vc_col-sm-2\"><div class=\"vc_column-inner\"><div class=\"wpb_wrapper\">\n\t<div  class=\"wpb_single_image wpb_content_element vc_align_left\">\n\t\t\n\t\t<figure class=\"wpb_wrapper vc_figure\">\n\t\t\t<a href=\"http:\/\/www.chromatic.ca\/\" target=\"_blank\" class=\"vc_single_image-wrapper   vc_box_border_grey\"><img width=\"75\" height=\"75\" src=\"https:\/\/compositemtl.ca\/wp-content\/uploads\/2017\/12\/logo_chromatic-1.png\" class=\"vc_single_image-img attachment-full\" alt=\"\" loading=\"lazy\" title=\"Chromatic\" \/><\/a>\n\t\t<\/figure>\n\t<\/div>\n<\/div><\/div><\/div><div class=\"wpb_column vc_column_container vc_col-sm-10\"><div class=\"vc_column-inner\"><div class=\"wpb_wrapper\">\n\t<div class=\"wpb_text_column wpb_content_element  post-formatting\" >\n\t\t<div class=\"wpb_wrapper\">\n\t\t\t<p><a href=\"http:\/\/www.chromatic.ca\">Chromatic<\/a> d\u00e9livre \u00e0 un large public des cl\u00e9s de compr\u00e9hension pour entrer dans l\u2019univers de l\u2019art et de la cr\u00e9ation contemporaine par le biais d\u2019expositions, de conf\u00e9rences, de projections, de concerts, de performances et d\u2019activit\u00e9s p\u00e9dagogiques vari\u00e9es. La 10\u00e8me \u00e9dition du festival aura lieu du 10 au 17 mai 2019 \u00e0 l&rsquo;Usine C.<\/p>\n\n\t\t<\/div>\n\t<\/div>\n<\/div><\/div><\/div><\/div><div class=\"vc_row wpb_row vc_inner vc_row-fluid\"><div class=\"wpb_column vc_column_container vc_col-sm-2\"><div class=\"vc_column-inner\"><div class=\"wpb_wrapper\">\n\t<div  class=\"wpb_single_image wpb_content_element vc_align_left\">\n\t\t\n\t\t<figure class=\"wpb_wrapper vc_figure\">\n\t\t\t<a href=\"https:\/\/www.jesta.com\/\" target=\"_blank\" class=\"vc_single_image-wrapper   vc_box_border_grey\"><img width=\"151\" height=\"78\" src=\"https:\/\/compositemtl.ca\/wp-content\/uploads\/2019\/05\/logo-jestagroup-grey.png\" class=\"vc_single_image-img attachment-full\" alt=\"\" loading=\"lazy\" title=\"logo-jestagroup-grey\" srcset=\"https:\/\/compositemtl.ca\/wp-content\/uploads\/2019\/05\/logo-jestagroup-grey.png 151w, https:\/\/compositemtl.ca\/wp-content\/uploads\/2019\/05\/logo-jestagroup-grey-16x8.png 16w\" sizes=\"(max-width: 151px) 100vw, 151px\" \/><\/a>\n\t\t<\/figure>\n\t<\/div>\n<\/div><\/div><\/div><div class=\"wpb_column vc_column_container vc_col-sm-10\"><div class=\"vc_column-inner\"><div class=\"wpb_wrapper\">\n\t<div class=\"wpb_text_column wpb_content_element  post-formatting\" >\n\t\t<div class=\"wpb_wrapper\">\n\t\t\t<p>Co-pr\u00e9sentateur : le Groupe Jesta, une entreprise familiale montr\u00e9alaise qui g\u00e8re un portefeuille d\u2019actifs immobiliers de premier ordre dans les secteurs de d\u00e9tail, r\u00e9sidentiel, commercial et de l\u2019h\u00f4tellerie en Am\u00e9rique du Nord et en Europe.<\/p>\n<p><em>\u00ab La communaut\u00e9 artistique de Montr\u00e9al est ce qui donne \u00e0 la ville tout son cachet. C\u2019est cet \u00e9cosyst\u00e8me particulier qui permet \u00e0 notre ville de se d\u00e9marquer des autres grandes villes d\u2019Am\u00e9rique du Nord en permettant aux individus cr\u00e9atifs de s\u2019accomplir. Il est important de pr\u00e9server cet environnement fertile alors que notre m\u00e9tropole se transforme.\u00bb<\/em><br \/>\n&#8211; Anthony O\u2019Brien, Directeur g\u00e9n\u00e9ral principal<\/p>\n\n\t\t<\/div>\n\t<\/div>\n<\/div><\/div><\/div><\/div><div class=\"vc_row wpb_row vc_inner vc_row-fluid\"><div class=\"wpb_column vc_column_container vc_col-sm-2\"><div class=\"vc_column-inner\"><div class=\"wpb_wrapper\">\n\t<div  class=\"wpb_single_image wpb_content_element vc_align_left\">\n\t\t\n\t\t<figure class=\"wpb_wrapper vc_figure\">\n\t\t\t<a href=\"http:\/\/usine-c.com\/\" target=\"_blank\" class=\"vc_single_image-wrapper   vc_box_border_grey\"><img width=\"300\" height=\"107\" src=\"https:\/\/compositemtl.ca\/wp-content\/uploads\/2019\/05\/logo-usinec.png\" class=\"vc_single_image-img attachment-full\" alt=\"\" loading=\"lazy\" title=\"logo-usinec\" srcset=\"https:\/\/compositemtl.ca\/wp-content\/uploads\/2019\/05\/logo-usinec.png 300w, https:\/\/compositemtl.ca\/wp-content\/uploads\/2019\/05\/logo-usinec-16x6.png 16w\" sizes=\"(max-width: 300px) 100vw, 300px\" \/><\/a>\n\t\t<\/figure>\n\t<\/div>\n<\/div><\/div><\/div><div class=\"wpb_column vc_column_container vc_col-sm-10\"><div class=\"vc_column-inner\"><div class=\"wpb_wrapper\">\n\t<div class=\"wpb_text_column wpb_content_element  post-formatting\" >\n\t\t<div class=\"wpb_wrapper\">\n\t\t\t<p>L\u2019<a href=\"http:\/\/usine-c.com\/a-propos\/\">Usine C<\/a> est depuis 1995 un Centre de cr\u00e9ation et de diffusion national et international dynamique du quartier Centre-Sud de Montr\u00e9al.<\/p>\n\n\t\t<\/div>\n\t<\/div>\n<\/div><\/div><\/div><\/div><div class=\"vc_tta-container\" data-vc-action=\"collapse\"><div class=\"vc_general vc_tta vc_tta-accordion vc_tta-color-grey vc_tta-style-theme-styled vc_tta-shape-rounded vc_tta-o-shape-group vc_tta-controls-align-left\"><div class=\"vc_tta-panels-container\"><div class=\"vc_tta-panels\"><div class=\"vc_tta-panel vc_active\" id=\"1513623887590-f973b333-8eff\" data-vc-content=\".vc_tta-panel-body\"><div class=\"vc_tta-panel-heading\"><h4 class=\"vc_tta-panel-title vc_tta-controls-icon-position-left\"><a href=\"#1513623887590-f973b333-8eff\" data-vc-accordion data-vc-container=\".vc_tta-container\"><span class=\"vc_tta-title-text\">ANTEISM BOOKS - Anteism Books (Harley Smart)<\/span><i class=\"vc_tta-controls-icon vc_tta-controls-icon-plus\"><\/i><\/a><\/h4><\/div><div class=\"vc_tta-panel-body\">\n\t<div class=\"wpb_text_column wpb_content_element  post-formatting\" >\n\t\t<div class=\"wpb_wrapper\">\n\t\t\t<div class=\"page\" title=\"Page 33\">\n<div class=\"layoutArea\">\n<div class=\"column\">\n<div class=\"layoutArea\">\n<div class=\"column\">\n<p>Pour Composite #19, Anteism est fier de pr\u00e9senter une s\u00e9lection d&rsquo;\u00e9ditions imprim\u00e9es et de livres d&rsquo;art d&rsquo;artistes ayant une intelligence artificielle. Avec des \u0153uvres et des essais de Casey Reas, Mike Tyka, Adam Basanta et Anna Ridler, cet espace de projet c\u00e9l\u00e8bre un domaine artistique \u00e9mergent de collaborations artiste-ing\u00e9nieur contemporain et explore ce que l&rsquo;on ressent en collaborant avec des syst\u00e8mes intelligents.<\/p>\n<\/div>\n<\/div>\n<\/div>\n<\/div>\n<\/div>\n\n\t\t<\/div>\n\t<\/div>\n<div class=\"vc_row wpb_row vc_inner vc_row-fluid\"><div class=\"wpb_column vc_column_container vc_col-sm-4\"><div class=\"vc_column-inner\"><div class=\"wpb_wrapper\">\n\t<div class=\"wpb_text_column wpb_content_element  post-formatting\" >\n\t\t<div class=\"wpb_wrapper\">\n\t\t\t<p><span class=\"vc_icon_element-icon fa fa-desktop\"> &#8211;<\/span> <a href=\"https:\/\/www.anteism.com\">www.anteism.com<\/a><\/p>\n\n\t\t<\/div>\n\t<\/div>\n<\/div><\/div><\/div><div class=\"wpb_column vc_column_container vc_col-sm-4\"><div class=\"vc_column-inner\"><div class=\"wpb_wrapper\">\n\t<div class=\"wpb_text_column wpb_content_element  post-formatting\" >\n\t\t<div class=\"wpb_wrapper\">\n\t\t\t<p><span class=\"vc_icon_element-icon fa fa-at\"> &#8211;<\/span>\u00a0<a href=\"mailto:harley@anteism.com\">harley@anteism.com<\/a><\/p>\n\n\t\t<\/div>\n\t<\/div>\n<\/div><\/div><\/div><\/div><\/div><\/div><div class=\"vc_tta-panel\" id=\"1513623887614-32a56e16-aabd\" data-vc-content=\".vc_tta-panel-body\"><div class=\"vc_tta-panel-heading\"><h4 class=\"vc_tta-panel-title vc_tta-controls-icon-position-left\"><a href=\"#1513623887614-32a56e16-aabd\" data-vc-accordion data-vc-container=\".vc_tta-container\"><span class=\"vc_tta-title-text\">PIANOCKTAIL - Philippe Dubost<\/span><i class=\"vc_tta-controls-icon vc_tta-controls-icon-plus\"><\/i><\/a><\/h4><\/div><div class=\"vc_tta-panel-body\">\n\t<div class=\"wpb_text_column wpb_content_element  post-formatting\" >\n\t\t<div class=\"wpb_wrapper\">\n\t\t\t<div class=\"page\" title=\"Page 2\">\n<div class=\"layoutArea\">\n<div class=\"column\">\n<p>Inspir\u00e9 de l&rsquo;\u00c9cume des jours de Boris Vian, le Pianocktail est une pi\u00e8ce vivante et ouverte qui transporte la musique et les notes dans le monde visible. C&rsquo;est la rencontre entre les ondes sonores et les photons en mouvement.<\/p>\n<\/div>\n<\/div>\n<\/div>\n\n\t\t<\/div>\n\t<\/div>\n<div class=\"vc_row wpb_row vc_inner vc_row-fluid\"><div class=\"wpb_column vc_column_container vc_col-sm-4\"><div class=\"vc_column-inner\"><div class=\"wpb_wrapper\">\n\t<div class=\"wpb_text_column wpb_content_element  post-formatting\" >\n\t\t<div class=\"wpb_wrapper\">\n\t\t\t<p><span class=\"vc_icon_element-icon fa fa-desktop\"> &#8211;<\/span> <a href=\"http:\/\/philou.cc\/pianocktail\/\">www.philou.cc<\/a><\/p>\n\n\t\t<\/div>\n\t<\/div>\n<\/div><\/div><\/div><div class=\"wpb_column vc_column_container vc_col-sm-4\"><div class=\"vc_column-inner\"><div class=\"wpb_wrapper\">\n\t<div class=\"wpb_text_column wpb_content_element  post-formatting\" >\n\t\t<div class=\"wpb_wrapper\">\n\t\t\t<p><span class=\"vc_icon_element-icon fa fa-at\"> &#8211;<\/span> <a href=\"mailto:hi@philou.cc\">hi@philou.cc<\/a><\/p>\n\n\t\t<\/div>\n\t<\/div>\n<\/div><\/div><\/div><\/div><\/div><\/div><div class=\"vc_tta-panel\" id=\"1513623972814-f6f62667-289a\" data-vc-content=\".vc_tta-panel-body\"><div class=\"vc_tta-panel-heading\"><h4 class=\"vc_tta-panel-title vc_tta-controls-icon-position-left\"><a href=\"#1513623972814-f6f62667-289a\" data-vc-accordion data-vc-container=\".vc_tta-container\"><span class=\"vc_tta-title-text\">THE LCC FAB LAB, LOGO, AND CREATIVE SPIRIT - Lower Canada College (Alex Mathewson)<\/span><i class=\"vc_tta-controls-icon vc_tta-controls-icon-plus\"><\/i><\/a><\/h4><\/div><div class=\"vc_tta-panel-body\">\n\t<div class=\"wpb_text_column wpb_content_element  post-formatting\" >\n\t\t<div class=\"wpb_wrapper\">\n\t\t\t<div class=\"page\" title=\"Page 27\">\n<div class=\"layoutArea\">\n<div class=\"column\">\n<p>Le LCC Fab Lab donne acc\u00e8s aux moyens modernes d&rsquo;invention tout en offrant diverses perspectives et inspirations aux \u00e9tudiants et aux personnes de tous \u00e2ges afin qu\u2019ils puissent chercher \u00e0 r\u00e9soudre des probl\u00e8mes, voir de grands r\u00eaves et sortir des sentiers battus.<\/p>\n<\/div>\n<\/div>\n<\/div>\n\n\t\t<\/div>\n\t<\/div>\n<div class=\"vc_row wpb_row vc_inner vc_row-fluid\"><div class=\"wpb_column vc_column_container vc_col-sm-4\"><div class=\"vc_column-inner\"><div class=\"wpb_wrapper\">\n\t<div class=\"wpb_text_column wpb_content_element  post-formatting\" >\n\t\t<div class=\"wpb_wrapper\">\n\t\t\t<p><span class=\"vc_icon_element-icon fa fa-desktop\"> &#8211;<\/span> <a href=\"https:\/\/www.instagram.com\/fablablcc\/\">www.instagram.com\/fablablcc\/<\/a><\/p>\n\n\t\t<\/div>\n\t<\/div>\n<\/div><\/div><\/div><div class=\"wpb_column vc_column_container vc_col-sm-4\"><div class=\"vc_column-inner\"><div class=\"wpb_wrapper\">\n\t<div class=\"wpb_text_column wpb_content_element  post-formatting\" >\n\t\t<div class=\"wpb_wrapper\">\n\t\t\t<p><span class=\"vc_icon_element-icon fa fa-at\"> &#8211;<\/span> <a href=\"mailto:alec.mathewson@gmail.com\">alec.mathewson@gmail.com<\/a><\/p>\n\n\t\t<\/div>\n\t<\/div>\n<\/div><\/div><\/div><\/div><\/div><\/div><div class=\"vc_tta-panel\" id=\"1513623981539-48eb07fe-f251\" data-vc-content=\".vc_tta-panel-body\"><div class=\"vc_tta-panel-heading\"><h4 class=\"vc_tta-panel-title vc_tta-controls-icon-position-left\"><a href=\"#1513623981539-48eb07fe-f251\" data-vc-accordion data-vc-container=\".vc_tta-container\"><span class=\"vc_tta-title-text\">MOONBUS - Alberic Maillet et Daniel Connolly<\/span><i class=\"vc_tta-controls-icon vc_tta-controls-icon-plus\"><\/i><\/a><\/h4><\/div><div class=\"vc_tta-panel-body\">\n\t<div class=\"wpb_text_column wpb_content_element  post-formatting\" >\n\t\t<div class=\"wpb_wrapper\">\n\t\t\t<p>Moonbus est un organisme \u00e0 but non lucratif visant \u00e0 rassembler les cr\u00e9ateurs &#8211; et curieux &#8211; int\u00e9ress\u00e9s d\u2019explorer l\u2019impact de l\u2019IA sur la culture et la cr\u00e9ativit\u00e9, pour s\u2019\u00e9duquer de mani\u00e8re collaborative, discuter des enjeux potentiels et faciliter l\u2019\u00e9mergence de nouvelles initiatives dans ce domaine.<\/p>\n\n\t\t<\/div>\n\t<\/div>\n<div class=\"vc_row wpb_row vc_inner vc_row-fluid\"><div class=\"wpb_column vc_column_container vc_col-sm-4\"><div class=\"vc_column-inner\"><div class=\"wpb_wrapper\">\n\t<div class=\"wpb_text_column wpb_content_element  post-formatting\" >\n\t\t<div class=\"wpb_wrapper\">\n\t\t\t<p><span class=\"vc_icon_element-icon fa fa-desktop\"> &#8211;<\/span> <a href=\"https:\/\/moonbus.ai\">moonbus.ai<\/a><\/p>\n\n\t\t<\/div>\n\t<\/div>\n<\/div><\/div><\/div><div class=\"wpb_column vc_column_container vc_col-sm-4\"><div class=\"vc_column-inner\"><div class=\"wpb_wrapper\">\n\t<div class=\"wpb_text_column wpb_content_element  post-formatting\" >\n\t\t<div class=\"wpb_wrapper\">\n\t\t\t<p><span class=\"vc_icon_element-icon fa fa-at\"> &#8211;<\/span> <a href=\"mailto:moonbus.ai@gmail.com\">moonbus.ai@gmail.com<\/a><\/p>\n\n\t\t<\/div>\n\t<\/div>\n<\/div><\/div><\/div><\/div><\/div><\/div><div class=\"vc_tta-panel\" id=\"1513623991937-815df08d-4980\" data-vc-content=\".vc_tta-panel-body\"><div class=\"vc_tta-panel-heading\"><h4 class=\"vc_tta-panel-title vc_tta-controls-icon-position-left\"><a href=\"#1513623991937-815df08d-4980\" data-vc-accordion data-vc-container=\".vc_tta-container\"><span class=\"vc_tta-title-text\">FOLDING SPACE FRACTALS - Connor Bell<\/span><i class=\"vc_tta-controls-icon vc_tta-controls-icon-plus\"><\/i><\/a><\/h4><\/div><div class=\"vc_tta-panel-body\">\n\t<div class=\"wpb_text_column wpb_content_element  post-formatting\" >\n\t\t<div class=\"wpb_wrapper\">\n\t\t\t<div class=\"page\" title=\"Page 21\">\n<div class=\"layoutArea\">\n<div class=\"column\">\n<p>Connor Bell est un programmeur graphique, artiste, et designer bas\u00e9 \u00e0 Montr\u00e9al. Il utilise du code pour cr\u00e9er des visuels interactifs et organique, inspir\u00e9s par la nature et la math\u00e9matique.<\/p>\n<\/div>\n<\/div>\n<\/div>\n\n\t\t<\/div>\n\t<\/div>\n<div class=\"vc_row wpb_row vc_inner vc_row-fluid\"><div class=\"wpb_column vc_column_container vc_col-sm-4\"><div class=\"vc_column-inner\"><div class=\"wpb_wrapper\">\n\t<div class=\"wpb_text_column wpb_content_element  post-formatting\" >\n\t\t<div class=\"wpb_wrapper\">\n\t\t\t<p><span class=\"vc_icon_element-icon fa fa-desktop\"> &#8211;<\/span> <a href=\"http:\/\/connorbell.ca\">connorbell.ca<\/a><\/p>\n\n\t\t<\/div>\n\t<\/div>\n<\/div><\/div><\/div><div class=\"wpb_column vc_column_container vc_col-sm-4\"><div class=\"vc_column-inner\"><div class=\"wpb_wrapper\">\n\t<div class=\"wpb_text_column wpb_content_element  post-formatting\" >\n\t\t<div class=\"wpb_wrapper\">\n\t\t\t<p><span class=\"vc_icon_element-icon fa fa-at\"> &#8211;<\/span> <a href=\"mailto:connor.n.bell@gmail.com\">connor.n.bell@gmail.com<\/a><\/p>\n\n\t\t<\/div>\n\t<\/div>\n<\/div><\/div><\/div><\/div><\/div><\/div><\/div><\/div><\/div><\/div>\n\t<div class=\"wpb_text_column wpb_content_element  post-formatting\" >\n\t\t<div class=\"wpb_wrapper\">\n\t\t\t<p style=\"text-align: left;\"><em>Cr\u00e9dits photos : Gerardo Alcaine<br \/>\n<\/em><\/p>\n\n\t\t<\/div>\n\t<\/div>\n<\/div><\/div><\/div><\/div><\/div>","protected":false},"excerpt":{"rendered":"Chromatic d\u00e9livre \u00e0 un large public des cl\u00e9s de compr\u00e9hension pour entrer dans l\u2019univers de l\u2019art et de la cr\u00e9ation contemporaine par le biais d\u2019expositions, de conf\u00e9rences, de projections, de concerts, de performances et d\u2019activit\u00e9s p\u00e9dagogiques vari\u00e9es. La 10\u00e8me \u00e9dition du festival aura lieu du 10 au 17 mai 2019 \u00e0 l'Usine C. Co-pr\u00e9sentateur :&hellip;","protected":false},"author":3,"featured_media":1554,"comment_status":"closed","ping_status":"closed","template":"","meta":[],"portfolio_category":[12],"portfolio_tag":[],"acf":[],"_links":{"self":[{"href":"https:\/\/compositemtl.ca\/en\/wp-json\/wp\/v2\/portfolio\/1516"}],"collection":[{"href":"https:\/\/compositemtl.ca\/en\/wp-json\/wp\/v2\/portfolio"}],"about":[{"href":"https:\/\/compositemtl.ca\/en\/wp-json\/wp\/v2\/types\/portfolio"}],"author":[{"embeddable":true,"href":"https:\/\/compositemtl.ca\/en\/wp-json\/wp\/v2\/users\/3"}],"replies":[{"embeddable":true,"href":"https:\/\/compositemtl.ca\/en\/wp-json\/wp\/v2\/comments?post=1516"}],"version-history":[{"count":15,"href":"https:\/\/compositemtl.ca\/en\/wp-json\/wp\/v2\/portfolio\/1516\/revisions"}],"predecessor-version":[{"id":2232,"href":"https:\/\/compositemtl.ca\/en\/wp-json\/wp\/v2\/portfolio\/1516\/revisions\/2232"}],"wp:featuredmedia":[{"embeddable":true,"href":"https:\/\/compositemtl.ca\/en\/wp-json\/wp\/v2\/media\/1554"}],"wp:attachment":[{"href":"https:\/\/compositemtl.ca\/en\/wp-json\/wp\/v2\/media?parent=1516"}],"wp:term":[{"taxonomy":"portfolio_category","embeddable":true,"href":"https:\/\/compositemtl.ca\/en\/wp-json\/wp\/v2\/portfolio_category?post=1516"},{"taxonomy":"portfolio_tag","embeddable":true,"href":"https:\/\/compositemtl.ca\/en\/wp-json\/wp\/v2\/portfolio_tag?post=1516"}],"curies":[{"name":"wp","href":"https:\/\/api.w.org\/{rel}","templated":true}]}}