{"id":1328,"date":"2018-07-04T12:34:21","date_gmt":"2018-07-04T16:34:21","guid":{"rendered":"http:\/\/compositemtl.ca\/?post_type=portfolio&#038;p=1328"},"modified":"2021-01-13T23:58:12","modified_gmt":"2021-01-14T04:58:12","slug":"composite-15","status":"publish","type":"portfolio","link":"https:\/\/compositemtl.ca\/en\/portfolio\/composite-15\/","title":{"rendered":"COMPOSITE #15"},"content":{"rendered":"<div class=\"vc-row-container container\"><div class=\"vc_row wpb_row vc_row-fluid\"><div class=\"wpb_column vc_column_container vc_col-sm-12\"><div class=\"vc_column-inner\"><div class=\"wpb_wrapper\"><div class=\"vc_row wpb_row vc_inner vc_row-fluid\"><div class=\"wpb_column vc_column_container vc_col-sm-2\"><div class=\"vc_column-inner\"><div class=\"wpb_wrapper\">\n\t<div  class=\"wpb_single_image wpb_content_element vc_align_left\">\n\t\t\n\t\t<figure class=\"wpb_wrapper vc_figure\">\n\t\t\t<div class=\"vc_single_image-wrapper   vc_box_border_grey\"><img class=\"vc_single_image-img\" src=\"https:\/\/compositemtl.ca\/wp-content\/uploads\/2018\/07\/LOGO_ELEKTRA_02_2013_NOIR-150x50.png\" width=\"150\" height=\"50\" alt=\"LOGO_ELEKTRA_02_2013_NOIR\" title=\"LOGO_ELEKTRA_02_2013_NOIR\" \/><\/div>\n\t\t<\/figure>\n\t<\/div>\n<\/div><\/div><\/div><div class=\"wpb_column vc_column_container vc_col-sm-10\"><div class=\"vc_column-inner\"><div class=\"wpb_wrapper\">\n\t<div class=\"wpb_text_column wpb_content_element  post-formatting\" >\n\t\t<div class=\"wpb_wrapper\">\n\t\t\t<p><strong>\u00c0 propos de l&rsquo;organisme organisateur :\u00a0<\/strong><a href=\"https:\/\/www.elektrafestival.ca\/\"><b>ELEKTRA <\/b><\/a>est un festival international d&rsquo;art num\u00e9rique qui pr\u00e9sente des \u0153uvres et des artistes alliant art et nouvelles technologies. Le festival <strong>ELEKTRA<\/strong> est ainsi, pour le public montr\u00e9alais, une vitrine de la cr\u00e9ation locale, nationale et mondiale.<b> \u200b<\/b><\/p>\n\n\t\t<\/div>\n\t<\/div>\n<\/div><\/div><\/div><\/div><div class=\"vc_row wpb_row vc_inner vc_row-fluid\"><div class=\"wpb_column vc_column_container vc_col-sm-2\"><div class=\"vc_column-inner\"><div class=\"wpb_wrapper\">\n\t<div  class=\"wpb_single_image wpb_content_element vc_align_left\">\n\t\t\n\t\t<figure class=\"wpb_wrapper vc_figure\">\n\t\t\t<div class=\"vc_single_image-wrapper   vc_box_border_grey\"><img class=\"vc_single_image-img\" src=\"https:\/\/compositemtl.ca\/wp-content\/uploads\/2018\/07\/MT-LAB-Renverse-sur-fond-vert-sans-texte-JPG-150px_po-100x100.jpg\" width=\"100\" height=\"100\" alt=\"MT LAB Renverse sur fond vert sans texte JPG 150px_po\" title=\"MT LAB Renverse sur fond vert sans texte JPG 150px_po\" \/><\/div>\n\t\t<\/figure>\n\t<\/div>\n<\/div><\/div><\/div><div class=\"wpb_column vc_column_container vc_col-sm-10\"><div class=\"vc_column-inner\"><div class=\"wpb_wrapper\">\n\t<div class=\"wpb_text_column wpb_content_element  post-formatting\" >\n\t\t<div class=\"wpb_wrapper\">\n\t\t\t<p><strong>\u00c0 propos de l&rsquo;organisme h\u00f4te :\u00a0<\/strong><a href=\"https:\/\/mtlab.ca\/fr\/a-propos\/\"><strong>MT LAB<\/strong><\/a>\u00a0est un hub d\u2019innovation, d\u00e9di\u00e9 \u00e0 propulser l\u2019entrepreneuriat et l\u2019innovation dans les domaines du tourisme, de la culture et du divertissement.<\/p>\n\n\t\t<\/div>\n\t<\/div>\n<\/div><\/div><\/div><\/div><div class=\"vc_tta-container\" data-vc-action=\"collapse\"><div class=\"vc_general vc_tta vc_tta-accordion vc_tta-color-grey vc_tta-style-theme-styled vc_tta-shape-rounded vc_tta-o-shape-group vc_tta-controls-align-left\"><div class=\"vc_tta-panels-container\"><div class=\"vc_tta-panels\"><div class=\"vc_tta-panel vc_active\" id=\"1513623887590-f973b333-8eff\" data-vc-content=\".vc_tta-panel-body\"><div class=\"vc_tta-panel-heading\"><h4 class=\"vc_tta-panel-title vc_tta-controls-icon-position-left\"><a href=\"#1513623887590-f973b333-8eff\" data-vc-accordion data-vc-container=\".vc_tta-container\"><span class=\"vc_tta-title-text\">PR\u00c9SENCE - Andr\u00e9 Girard (Compagnie G\u00e9n\u00e9rale des Andr\u00e9 Girard Inc.)<\/span><i class=\"vc_tta-controls-icon vc_tta-controls-icon-plus\"><\/i><\/a><\/h4><\/div><div class=\"vc_tta-panel-body\">\n\t<div class=\"wpb_text_column wpb_content_element  post-formatting\" >\n\t\t<div class=\"wpb_wrapper\">\n\t\t\t<div class=\"page\" title=\"Page 33\">\n<div class=\"layoutArea\">\n<div class=\"column\"><\/div>\n<div class=\"page\" title=\"Page 33\">\n<div class=\"layoutArea\">\n<div class=\"column\">\n<p>&nbsp;<\/p>\n<p>Le projet Pr\u00e9sence de la Compagnie g\u00e9n\u00e9rale des Andr\u00e9 Girard Inc. propose au public une exp\u00e9rience ludique et immersive. En leur donnant acc\u00e8s, par le biais de robots guid\u00e9s \u00e0 distance, \u00e0 des visites d\u2019expositions ou \u00e0 des \u00e9v\u00e9nements culturels, il rend possible une participation r\u00e9elle malgr\u00e9 l\u2019\u00e9loignement ou l\u2019emp\u00eachement d\u2019\u00eatre pr\u00e9sent physiquement.<\/p>\n<\/div>\n<\/div>\n<\/div>\n<p>&nbsp;<\/p>\n<\/div>\n<\/div>\n\n\t\t<\/div>\n\t<\/div>\n<div class=\"vc_row wpb_row vc_inner vc_row-fluid\"><div class=\"wpb_column vc_column_container vc_col-sm-4\"><div class=\"vc_column-inner\"><div class=\"wpb_wrapper\">\n\t<div class=\"wpb_text_column wpb_content_element  post-formatting\" >\n\t\t<div class=\"wpb_wrapper\">\n\t\t\t<p><span class=\"vc_icon_element-icon fa fa-desktop\"> &#8211;<\/span>\u00a0<a href=\"https:\/\/cgaginc.com\">www.cgaginc.com<\/a><\/p>\n\n\t\t<\/div>\n\t<\/div>\n<\/div><\/div><\/div><div class=\"wpb_column vc_column_container vc_col-sm-4\"><div class=\"vc_column-inner\"><div class=\"wpb_wrapper\">\n\t<div class=\"wpb_text_column wpb_content_element  post-formatting\" >\n\t\t<div class=\"wpb_wrapper\">\n\t\t\t<p><span class=\"vc_icon_element-icon fa fa-at\"> &#8211;\u00a0<\/span><a href=\"mailto:a@cgaginc.com\">a@cgaginc.com<\/a><\/p>\n\n\t\t<\/div>\n\t<\/div>\n<\/div><\/div><\/div><\/div><\/div><\/div><div class=\"vc_tta-panel\" id=\"1513623887614-32a56e16-aabd\" data-vc-content=\".vc_tta-panel-body\"><div class=\"vc_tta-panel-heading\"><h4 class=\"vc_tta-panel-title vc_tta-controls-icon-position-left\"><a href=\"#1513623887614-32a56e16-aabd\" data-vc-accordion data-vc-container=\".vc_tta-container\"><span class=\"vc_tta-title-text\">SCAPE OF MODERN INTERNET - Katsuki Nogami<\/span><i class=\"vc_tta-controls-icon vc_tta-controls-icon-plus\"><\/i><\/a><\/h4><\/div><div class=\"vc_tta-panel-body\">\n\t<div class=\"wpb_text_column wpb_content_element  post-formatting\" >\n\t\t<div class=\"wpb_wrapper\">\n\t\t\t<div class=\"page\" title=\"Page 2\">\n<div class=\"layoutArea\">\n<div class=\"column\">\n<p>Sans exp\u00e9rience r\u00e9elle, des commentaires et photos vus sur internet nous font sentir comme si nous les avions v\u00e9cu. Cela change notre exp\u00e9rience. Katsuki Nogami explore ces paysages contemporains qui, selon lui, devraient \u00eatre repr\u00e9sent\u00e9s comme les peintures de paysages de Monet. Il souhaite cr\u00e9er une nouvelle valeur \u00e0 travers ses \u00e9tudes, en tant qu\u2019artiste vivant dans l\u2019\u00e8re num\u00e9rique.<\/p>\n<\/div>\n<\/div>\n<\/div>\n\n\t\t<\/div>\n\t<\/div>\n<div class=\"vc_row wpb_row vc_inner vc_row-fluid\"><div class=\"wpb_column vc_column_container vc_col-sm-4\"><div class=\"vc_column-inner\"><div class=\"wpb_wrapper\">\n\t<div class=\"wpb_text_column wpb_content_element  post-formatting\" >\n\t\t<div class=\"wpb_wrapper\">\n\t\t\t<p><span class=\"vc_icon_element-icon fa fa-desktop\"> &#8211;<\/span> <a href=\"http:\/\/katsukinogami.co\">katsukinogami.co<\/a><\/p>\n\n\t\t<\/div>\n\t<\/div>\n<\/div><\/div><\/div><div class=\"wpb_column vc_column_container vc_col-sm-4\"><div class=\"vc_column-inner\"><div class=\"wpb_wrapper\">\n\t<div class=\"wpb_text_column wpb_content_element  post-formatting\" >\n\t\t<div class=\"wpb_wrapper\">\n\t\t\t<p><span class=\"vc_icon_element-icon fa fa-facebook-square\"> &#8211;<\/span> <a href=\"https:\/\/www.facebook.com\/katsuki.nogami\">katsuki.nogami<\/a><\/p>\n\n\t\t<\/div>\n\t<\/div>\n<\/div><\/div><\/div><div class=\"wpb_column vc_column_container vc_col-sm-4\"><div class=\"vc_column-inner\"><div class=\"wpb_wrapper\">\n\t<div class=\"wpb_text_column wpb_content_element  post-formatting\" >\n\t\t<div class=\"wpb_wrapper\">\n\t\t\t<p><span class=\"vc_icon_element-icon fa fa-at\"> &#8211;\u00a0<\/span><a href=\"mailto:nogamikatsuki@gmail.com\">nogamikatsuki@gmail.com<\/a><\/p>\n\n\t\t<\/div>\n\t<\/div>\n<\/div><\/div><\/div><\/div><\/div><\/div><div class=\"vc_tta-panel\" id=\"1513623972814-f6f62667-289a\" data-vc-content=\".vc_tta-panel-body\"><div class=\"vc_tta-panel-heading\"><h4 class=\"vc_tta-panel-title vc_tta-controls-icon-position-left\"><a href=\"#1513623972814-f6f62667-289a\" data-vc-accordion data-vc-container=\".vc_tta-container\"><span class=\"vc_tta-title-text\">LE TEMPS DES LILAS - Audrey Villiard<\/span><i class=\"vc_tta-controls-icon vc_tta-controls-icon-plus\"><\/i><\/a><\/h4><\/div><div class=\"vc_tta-panel-body\">\n\t<div class=\"wpb_text_column wpb_content_element  post-formatting\" >\n\t\t<div class=\"wpb_wrapper\">\n\t\t\t<div class=\"page\" title=\"Page 27\">\n<div class=\"layoutArea\">\n<div class=\"column\">\n<p>Quel impact le changement philosophique apport\u00e9 par le num\u00e9rique a-t-il sur la fa\u00e7on d\u2019\u00e9crire les histoires au cin\u00e9ma et sur la fa\u00e7on de les appr\u00e9hender comme spectateur? Mon projet de cr\u00e9ation propose une piste de solution afin de raviver l\u2019int\u00e9r\u00eat \u00e0 se d\u00e9placer en salle pour voir un \u00abfilm\u00bb. \u00abLe temps des lilas\u00bb n\u2019est pas un film pr\u00e9-d\u00e9termin\u00e9 fix\u00e9 sur un support. Au contraire, le film est jou\u00e9 \u00ablive\u00bb, \u00e0 l\u2019aide de manettes de jeux vid\u00e9o fabriqu\u00e9es sur mesure et d\u2019une application Ipad.<\/p>\n<\/div>\n<\/div>\n<\/div>\n\n\t\t<\/div>\n\t<\/div>\n<div class=\"vc_row wpb_row vc_inner vc_row-fluid\"><div class=\"wpb_column vc_column_container vc_col-sm-4\"><div class=\"vc_column-inner\"><div class=\"wpb_wrapper\">\n\t<div class=\"wpb_text_column wpb_content_element  post-formatting\" >\n\t\t<div class=\"wpb_wrapper\">\n\t\t\t<p><span class=\"vc_icon_element-icon fa fa-vimeo-square\"> &#8211;\u00a0 <\/span><a href=\"https:\/\/vimeo.com\/190439064\">vimeo.com\/190439064<\/a><\/p>\n\n\t\t<\/div>\n\t<\/div>\n<\/div><\/div><\/div><div class=\"wpb_column vc_column_container vc_col-sm-4\"><div class=\"vc_column-inner\"><div class=\"wpb_wrapper\">\n\t<div class=\"wpb_text_column wpb_content_element  post-formatting\" >\n\t\t<div class=\"wpb_wrapper\">\n\t\t\t<p><span class=\"vc_icon_element-icon fa fa-at\"> &#8211;<\/span> <a href=\"mailto:villiard.a@gmail.com\">villiard.a@gmail.com<\/a><\/p>\n\n\t\t<\/div>\n\t<\/div>\n<\/div><\/div><\/div><\/div><\/div><\/div><div class=\"vc_tta-panel\" id=\"1513623981539-48eb07fe-f251\" data-vc-content=\".vc_tta-panel-body\"><div class=\"vc_tta-panel-heading\"><h4 class=\"vc_tta-panel-title vc_tta-controls-icon-position-left\"><a href=\"#1513623981539-48eb07fe-f251\" data-vc-accordion data-vc-container=\".vc_tta-container\"><span class=\"vc_tta-title-text\">FALAISES - Guillaume C\u00f4t\u00e9, Alexis Langevin-T\u00e9trault, Dave Gagnon<\/span><i class=\"vc_tta-controls-icon vc_tta-controls-icon-plus\"><\/i><\/a><\/h4><\/div><div class=\"vc_tta-panel-body\">\n\t<div class=\"wpb_text_column wpb_content_element  post-formatting\" >\n\t\t<div class=\"wpb_wrapper\">\n\t\t\t<p>Utilisant les outils \u00e9lectroacoustiques de fa\u00e7on directe afin de d\u00e9velopper un langage unique, les artistes sonores Alexis Langevin-T\u00e9trault et Guillaume C\u00f4t\u00e9 basent leur discours autour de la dichotomie entre le bruit\u00e9 et le tonique dans une forme musicale structur\u00e9e, mais vivante, aux limites de la musique bruitiste et ambiante. L\u2019ex\u00e9cution est \u00e0 la fois d\u00e9finie par l\u2019utilisation de sons fix\u00e9s et improvis\u00e9e par l\u2019ajout de synth\u00e9tiseurs modulaires modifi\u00e9s en temps r\u00e9els.<\/p>\n\n\t\t<\/div>\n\t<\/div>\n<div class=\"vc_row wpb_row vc_inner vc_row-fluid\"><div class=\"wpb_column vc_column_container vc_col-sm-4\"><div class=\"vc_column-inner\"><div class=\"wpb_wrapper\">\n\t<div class=\"wpb_text_column wpb_content_element  post-formatting\" >\n\t\t<div class=\"wpb_wrapper\">\n\t\t\t<p><span class=\"vc_icon_element-icon fa fa-desktop\"> &#8211;<\/span> <a href=\"https:\/\/alexislt.com\/falaises\/\">alexislt.com\/falaises\/<\/a><\/p>\n\n\t\t<\/div>\n\t<\/div>\n<\/div><\/div><\/div><div class=\"wpb_column vc_column_container vc_col-sm-4\"><div class=\"vc_column-inner\"><div class=\"wpb_wrapper\">\n\t<div class=\"wpb_text_column wpb_content_element  post-formatting\" >\n\t\t<div class=\"wpb_wrapper\">\n\t\t\t<p><span class=\"vc_icon_element-icon fa fa-facebook-square\"> &#8211; <\/span><a href=\"https:\/\/www.facebook.com\/falaises.av\/\">falaises.av<\/a><\/p>\n\n\t\t<\/div>\n\t<\/div>\n<\/div><\/div><\/div><div class=\"wpb_column vc_column_container vc_col-sm-4\"><div class=\"vc_column-inner\"><div class=\"wpb_wrapper\">\n\t<div class=\"wpb_text_column wpb_content_element  post-formatting\" >\n\t\t<div class=\"wpb_wrapper\">\n\t\t\t<p><span class=\"vc_icon_element-icon fa fa-at\"> &#8211;\u00a0<\/span><a href=\"mailto:alexis.langevin.tetrault@outlook.com\">alexis.langevin.tetrault@outlook.com<\/a><\/p>\n\n\t\t<\/div>\n\t<\/div>\n<\/div><\/div><\/div><\/div><\/div><\/div><div class=\"vc_tta-panel\" id=\"1513623991937-815df08d-4980\" data-vc-content=\".vc_tta-panel-body\"><div class=\"vc_tta-panel-heading\"><h4 class=\"vc_tta-panel-title vc_tta-controls-icon-position-left\"><a href=\"#1513623991937-815df08d-4980\" data-vc-accordion data-vc-container=\".vc_tta-container\"><span class=\"vc_tta-title-text\">SIGNIFICANT OTHERNESS \/\/ CONCERT FOR PIANIST AND NON-HUMAN NETWORK - Anoush Moazzeni &amp; Navid Navab<\/span><i class=\"vc_tta-controls-icon vc_tta-controls-icon-plus\"><\/i><\/a><\/h4><\/div><div class=\"vc_tta-panel-body\">\n\t<div class=\"wpb_text_column wpb_content_element  post-formatting\" >\n\t\t<div class=\"wpb_wrapper\">\n\t\t\t<div class=\"page\" title=\"Page 21\">\n<div class=\"layoutArea\">\n<div class=\"column\">\n<p>Le centre de ce projet est l\u2019interaction entre actants humains et non humains au sein d\u2019un r\u00e9seau pour ajouter au discours de l\u2019\u00e9galit\u00e9 techno-humaine dans nos soci\u00e9t\u00e9s. Dans cette performance, une nouvelle esp\u00e8ce robotique va g\u00e9n\u00e9rer des mouvements, des comportements, du son et de la lumi\u00e8re; nous, en tant qu\u2019interpr\u00e8te-compositeurs (et l\u2019un des actants de ce r\u00e9seau), avons le r\u00f4le d\u2019adopter musicalement l\u2019improvisation du syst\u00e8me.<\/p>\n<\/div>\n<\/div>\n<\/div>\n\n\t\t<\/div>\n\t<\/div>\n<div class=\"vc_row wpb_row vc_inner vc_row-fluid\"><div class=\"wpb_column vc_column_container vc_col-sm-4\"><div class=\"vc_column-inner\"><div class=\"wpb_wrapper\">\n\t<div class=\"wpb_text_column wpb_content_element  post-formatting\" >\n\t\t<div class=\"wpb_wrapper\">\n\t\t\t<p><span class=\"vc_icon_element-icon fa fa-desktop\"> &#8211;<\/span> <a href=\"http:\/\/www.anoushmoazzeni.com\/\">www.anoushmoazzeni.com<\/a><\/p>\n\n\t\t<\/div>\n\t<\/div>\n\n\t<div class=\"wpb_text_column wpb_content_element  post-formatting\" >\n\t\t<div class=\"wpb_wrapper\">\n\t\t\t<p><span class=\"vc_icon_element-icon fa fa-desktop\"> &#8211;<\/span> <a href=\"http:\/\/www.navidnavab.net\/\">www.navidnavab.net<\/a><\/p>\n\n\t\t<\/div>\n\t<\/div>\n<\/div><\/div><\/div><div class=\"wpb_column vc_column_container vc_col-sm-4\"><div class=\"vc_column-inner\"><div class=\"wpb_wrapper\">\n\t<div class=\"wpb_text_column wpb_content_element  post-formatting\" >\n\t\t<div class=\"wpb_wrapper\">\n\t\t\t<p><span class=\"vc_icon_element-icon fa fa-at\"> &#8211;<\/span> <a href=\"mailto:anoush_moazzeni@yahoo.com\">anoush_moazzeni@yahoo.com<\/a><\/p>\n\n\t\t<\/div>\n\t<\/div>\n<\/div><\/div><\/div><\/div><\/div><\/div><div class=\"vc_tta-panel\" id=\"1513624000454-1d1cc98a-6c3a\" data-vc-content=\".vc_tta-panel-body\"><div class=\"vc_tta-panel-heading\"><h4 class=\"vc_tta-panel-title vc_tta-controls-icon-position-left\"><a href=\"#1513624000454-1d1cc98a-6c3a\" data-vc-accordion data-vc-container=\".vc_tta-container\"><span class=\"vc_tta-title-text\">THE WASTE LAND - Jessica Bebenek<\/span><i class=\"vc_tta-controls-icon vc_tta-controls-icon-plus\"><\/i><\/a><\/h4><\/div><div class=\"vc_tta-panel-body\">\n\t<div class=\"wpb_text_column wpb_content_element  post-formatting\" >\n\t\t<div class=\"wpb_wrapper\">\n\t\t\t<div class=\"page\" title=\"Page 31\">\n<div class=\"layoutArea\">\n<div class=\"column\">\n<div class=\"page\" title=\"Page 31\">\n<div class=\"layoutArea\">\n<div class=\"column\">\n<p>La base de ce projet est un motif de tricot de plus de 900 lignes identifiant les syllabes accentu\u00e9es et non accentu\u00e9es dans le po\u00e8me \u00e9ponyme d&rsquo;T.S. Eliot. Lorsque Jessica Bebenek a pr\u00e9sent\u00e9 ce projet \u00e0 l&rsquo;un de ses amis programmeur, il lui a fait remarquer qu&rsquo;elle avait cr\u00e9\u00e9 un code binaire. Des \u00abdonn\u00e9es brutes\u00bb qu&rsquo;elle veut maintenant partager avec d\u2019autres pour en faire une nouvelle cr\u00e9ation.<\/p>\n<\/div>\n<\/div>\n<\/div>\n<p>&nbsp;<\/p>\n<\/div>\n<\/div>\n<\/div>\n\n\t\t<\/div>\n\t<\/div>\n<div class=\"vc_row wpb_row vc_inner vc_row-fluid\"><div class=\"wpb_column vc_column_container vc_col-sm-4\"><div class=\"vc_column-inner\"><div class=\"wpb_wrapper\">\n\t<div class=\"wpb_text_column wpb_content_element  post-formatting\" >\n\t\t<div class=\"wpb_wrapper\">\n\t\t\t<p><span class=\"vc_icon_element-icon fa fa-desktop\"> &#8211;<\/span> <a href=\"http:\/\/www.jessicabebenek.art\/\">www.jessicabebenek.art<\/a><\/p>\n\n\t\t<\/div>\n\t<\/div>\n<\/div><\/div><\/div><div class=\"wpb_column vc_column_container vc_col-sm-4\"><div class=\"vc_column-inner\"><div class=\"wpb_wrapper\">\n\t<div class=\"wpb_text_column wpb_content_element  post-formatting\" >\n\t\t<div class=\"wpb_wrapper\">\n\t\t\t<p><span class=\"vc_icon_element-icon fa fa-at\"> &#8211;<\/span> <a href=\"mailto:jessica_bebenek@yahoo.ca\">jessica_bebenek@yahoo.ca<\/a><\/p>\n\n\t\t<\/div>\n\t<\/div>\n<\/div><\/div><\/div><\/div><\/div><\/div><div class=\"vc_tta-panel\" id=\"1513799369427-f2ab43d1-4f8e\" data-vc-content=\".vc_tta-panel-body\"><div class=\"vc_tta-panel-heading\"><h4 class=\"vc_tta-panel-title vc_tta-controls-icon-position-left\"><a href=\"#1513799369427-f2ab43d1-4f8e\" data-vc-accordion data-vc-container=\".vc_tta-container\"><span class=\"vc_tta-title-text\">24\/7 - Samuel S\u00e9randour (INVIVO)<\/span><i class=\"vc_tta-controls-icon vc_tta-controls-icon-plus\"><\/i><\/a><\/h4><\/div><div class=\"vc_tta-panel-body\">\n\t<div class=\"wpb_text_column wpb_content_element  post-formatting\" >\n\t\t<div class=\"wpb_wrapper\">\n\t\t\t<p>24\/7 est un nouveau genre de pi\u00e8ce de th\u00e9\u00e2tre. Le spectacle d\u00e9bute sur un prologue commun, puis 2 groupes de spectateurs d\u00e9couvrent deux visions diff\u00e9rentes de la pi\u00e8ce. \u00c0 mi-parcours, ils \u00e9changent de place et d\u2019\u00e9quipement, et d\u00e9couvrent un nouveau point de vue. Les deux groupes assistent ensuite \u00e0 une fin commune, en sym\u00e9trie du prologue. L\u2019utilisation de la VR au th\u00e9\u00e2tre et l\u2019alternance film\/direct, multiplient nos possibilit\u00e9s. Nous emmenons nos spectateurs dans des distorsions de la r\u00e9alit\u00e9, aux fronti\u00e8res du r\u00eave, en les faisant voyager dans le sommeil de demain.<\/p>\n\n\t\t<\/div>\n\t<\/div>\n<div class=\"vc_row wpb_row vc_inner vc_row-fluid\"><div class=\"wpb_column vc_column_container vc_col-sm-4\"><div class=\"vc_column-inner\"><div class=\"wpb_wrapper\">\n\t<div class=\"wpb_text_column wpb_content_element  post-formatting\" >\n\t\t<div class=\"wpb_wrapper\">\n\t\t\t<p><span class=\"vc_icon_element-icon fa fa-desktop\"> &#8211;<\/span> <a href=\"http:\/\/www.collectifinvivo.com\/\">www.collectifinvivo.com<\/a><\/p>\n\n\t\t<\/div>\n\t<\/div>\n<\/div><\/div><\/div><div class=\"wpb_column vc_column_container vc_col-sm-4\"><div class=\"vc_column-inner\"><div class=\"wpb_wrapper\">\n\t<div class=\"wpb_text_column wpb_content_element  post-formatting\" >\n\t\t<div class=\"wpb_wrapper\">\n\t\t\t<p><span class=\"vc_icon_element-icon fa fa-facebook-square\"> &#8211;<\/span> <a href=\"https:\/\/www.facebook.com\/collectifINVIVOofficiel\">CollectifINVIVOofficiel<\/a><\/p>\n\n\t\t<\/div>\n\t<\/div>\n<\/div><\/div><\/div><div class=\"wpb_column vc_column_container vc_col-sm-4\"><div class=\"vc_column-inner\"><div class=\"wpb_wrapper\">\n\t<div class=\"wpb_text_column wpb_content_element  post-formatting\" >\n\t\t<div class=\"wpb_wrapper\">\n\t\t\t<p><span class=\"vc_icon_element-icon fa fa-at\"> &#8211;<\/span>\u00a0<a href=\"mailto:sam.serandour@gmail.com\">sam.serandour@gmail.com<\/a><\/p>\n\n\t\t<\/div>\n\t<\/div>\n<\/div><\/div><\/div><\/div><\/div><\/div><div class=\"vc_tta-panel\" id=\"1523907149795-9ff4d574-6b5f\" data-vc-content=\".vc_tta-panel-body\"><div class=\"vc_tta-panel-heading\"><h4 class=\"vc_tta-panel-title vc_tta-controls-icon-position-left\"><a href=\"#1523907149795-9ff4d574-6b5f\" data-vc-accordion data-vc-container=\".vc_tta-container\"><span class=\"vc_tta-title-text\">PROTEUS - Jeremy Michael Segal, Michel Didier, Roxanne Sirois, Joseph Browne<\/span><i class=\"vc_tta-controls-icon vc_tta-controls-icon-plus\"><\/i><\/a><\/h4><\/div><div class=\"vc_tta-panel-body\">\n\t<div class=\"wpb_text_column wpb_content_element  post-formatting\" >\n\t\t<div class=\"wpb_wrapper\">\n\t\t\t<p>Proteus est une oeuvre d\u2019art public interactif qui cr\u00e9e un sentiment d\u2019\u00e9merveillement et d\u2019immersion gr\u00e2ce \u00e0 des interactions avec un syst\u00e8me de particules myst\u00e9rieux et dynamique. Un \u00e9cran tactile de 30 pieds devient l\u2019interface entre deux mondes, o\u00f9 le public peut se retrouver face \u00e0 cette cr\u00e9ature ancienne. Proteus est impr\u00e9gn\u00e9 d\u2019un sentiment de \u00abvitalit\u00e9\u00bb avec de mouvement fluide et impulsif qui r\u00e9agit aux touches et aux mouvements du public.<\/p>\n\n\t\t<\/div>\n\t<\/div>\n<div class=\"vc_row wpb_row vc_inner vc_row-fluid\"><div class=\"wpb_column vc_column_container vc_col-sm-6\"><div class=\"vc_column-inner\"><div class=\"wpb_wrapper\">\n\t<div class=\"wpb_text_column wpb_content_element  post-formatting\" >\n\t\t<div class=\"wpb_wrapper\">\n\t\t\t<p><span class=\"vc_icon_element-icon fa fa-desktop\"> &#8211;<\/span>\u00a0\u00a0<a href=\"http:\/\/www.jeremymichaelsegal.com\/\">www.jeremymichaelsegal.com<\/a><\/p>\n\n\t\t<\/div>\n\t<\/div>\n\n\t<div class=\"wpb_text_column wpb_content_element  post-formatting\" >\n\t\t<div class=\"wpb_wrapper\">\n\t\t\t<p><span class=\"vc_icon_element-icon fa fa-desktop\"> &#8211;<\/span>\u00a0\u00a0<a href=\"http:\/\/www.roxannesirois.com\/\">www.roxannesirois.com<\/a><\/p>\n\n\t\t<\/div>\n\t<\/div>\n<\/div><\/div><\/div><div class=\"wpb_column vc_column_container vc_col-sm-6\"><div class=\"vc_column-inner\"><div class=\"wpb_wrapper\">\n\t<div class=\"wpb_text_column wpb_content_element  post-formatting\" >\n\t\t<div class=\"wpb_wrapper\">\n\t\t\t<p><span class=\"vc_icon_element-icon fa fa-at\"> &#8211;<\/span>\u00a0<a href=\"mailto:jeremymichaelsegal@gmail.com\">jeremymichaelsegal@gmail.com<\/a><\/p>\n\n\t\t<\/div>\n\t<\/div>\n<\/div><\/div><\/div><\/div><\/div><\/div><\/div><\/div><\/div><\/div>\n\t<div class=\"wpb_text_column wpb_content_element  post-formatting\" >\n\t\t<div class=\"wpb_wrapper\">\n\t\t\t<p style=\"text-align: left;\"><em>Cr\u00e9dits photos : Cl\u00e9mence Sgarbi<br \/>\n<\/em><\/p>\n\n\t\t<\/div>\n\t<\/div>\n<\/div><\/div><\/div><\/div><\/div>","protected":false},"excerpt":{"rendered":"\u00c0 propos de l'organisme organisateur :\u00a0ELEKTRA est un festival international d'art num\u00e9rique qui pr\u00e9sente des \u0153uvres et des artistes alliant art et nouvelles technologies. Le festival ELEKTRA est ainsi, pour le public montr\u00e9alais, une vitrine de la cr\u00e9ation locale, nationale et mondiale. \u200b \u00c0 propos de l'organisme h\u00f4te :\u00a0MT LAB\u00a0est un hub d\u2019innovation, d\u00e9di\u00e9 \u00e0&hellip;","protected":false},"author":2,"featured_media":1358,"comment_status":"closed","ping_status":"closed","template":"","meta":[],"portfolio_category":[9],"portfolio_tag":[],"acf":[],"_links":{"self":[{"href":"https:\/\/compositemtl.ca\/en\/wp-json\/wp\/v2\/portfolio\/1328"}],"collection":[{"href":"https:\/\/compositemtl.ca\/en\/wp-json\/wp\/v2\/portfolio"}],"about":[{"href":"https:\/\/compositemtl.ca\/en\/wp-json\/wp\/v2\/types\/portfolio"}],"author":[{"embeddable":true,"href":"https:\/\/compositemtl.ca\/en\/wp-json\/wp\/v2\/users\/2"}],"replies":[{"embeddable":true,"href":"https:\/\/compositemtl.ca\/en\/wp-json\/wp\/v2\/comments?post=1328"}],"version-history":[{"count":20,"href":"https:\/\/compositemtl.ca\/en\/wp-json\/wp\/v2\/portfolio\/1328\/revisions"}],"predecessor-version":[{"id":2229,"href":"https:\/\/compositemtl.ca\/en\/wp-json\/wp\/v2\/portfolio\/1328\/revisions\/2229"}],"wp:featuredmedia":[{"embeddable":true,"href":"https:\/\/compositemtl.ca\/en\/wp-json\/wp\/v2\/media\/1358"}],"wp:attachment":[{"href":"https:\/\/compositemtl.ca\/en\/wp-json\/wp\/v2\/media?parent=1328"}],"wp:term":[{"taxonomy":"portfolio_category","embeddable":true,"href":"https:\/\/compositemtl.ca\/en\/wp-json\/wp\/v2\/portfolio_category?post=1328"},{"taxonomy":"portfolio_tag","embeddable":true,"href":"https:\/\/compositemtl.ca\/en\/wp-json\/wp\/v2\/portfolio_tag?post=1328"}],"curies":[{"name":"wp","href":"https:\/\/api.w.org\/{rel}","templated":true}]}}